{"id":9627,"date":"2021-10-30T16:01:45","date_gmt":"2021-10-30T17:01:45","guid":{"rendered":"https:\/\/guidetotheazores.pt\/prenota-qui\/"},"modified":"2023-01-05T07:12:11","modified_gmt":"2023-01-05T08:12:11","slug":"prenota-qui","status":"publish","type":"page","link":"https:\/\/guidetotheazores.pt\/it\/prenota-qui\/","title":{"rendered":"Prenota qui"},"content":{"rendered":"\t\t<div data-elementor-type=\"wp-page\" data-elementor-id=\"9627\" class=\"elementor elementor-9627 elementor-6643\" data-elementor-post-type=\"page\">\n\t\t\t\t\t\t<section class=\"wd-negative-gap elementor-section elementor-top-section elementor-element elementor-element-5934c2d4 elementor-section-boxed elementor-section-height-default elementor-section-height-default\" data-id=\"5934c2d4\" data-element_type=\"section\" data-e-type=\"section\">\n\t\t\t\t\t\t<div class=\"elementor-container elementor-column-gap-default\">\n\t\t\t\t\t<div class=\"elementor-column elementor-col-100 elementor-top-column elementor-element elementor-element-395be6ca\" data-id=\"395be6ca\" data-element_type=\"column\" data-e-type=\"column\">\n\t\t\t<div class=\"elementor-widget-wrap elementor-element-populated\">\n\t\t\t\t\t\t<div class=\"elementor-element elementor-element-204dad4b color-scheme-inherit text-left elementor-widget elementor-widget-text-editor\" data-id=\"204dad4b\" data-element_type=\"widget\" data-e-type=\"widget\" data-widget_type=\"text-editor.default\">\n\t\t\t\t<div class=\"elementor-widget-container\">\n\t\t\t\t\t\t\t\t\t<h3 style=\"text-align: center;\">I migliori alloggi locali (Alojamento Local)<\/h3>\n<h5 style=\"text-align: center;\">Godetevi l&#8217;ospitalit\u00e0 locale<\/h5>\n<p><div class=\"woocommerce columns-4 \"><div class=\"wd-products-element\">\t\t\t<div class=\"wd-sticky-loader wd-content-loader\"><span class=\"wd-loader\"><\/span><\/div>\n\t\t\n<div class=\"products wd-products wd-grid-g grid-columns-4 elements-grid pagination-infinit title-line-two\" data-source=\"main_loop\" data-min_price=\"\" data-max_price=\"\" data-columns=\"4\" style=\"--wd-col-lg:4;--wd-col-md:4;--wd-col-sm:2;--wd-gap-lg:20px;--wd-gap-sm:10px;\">\n<div class=\"wd-product wd-hover-base wd-hover-with-fade wd-col product-grid-item product product-no-swatches type-product post-13585 status-publish instock product_cat-alloggiamento-locale product_cat-faial-it product_cat-sistemazione product_cat-tutte-le-isole product_tag-isoladifaial has-post-thumbnail virtual sold-individually taxable purchasable product-type-phive_booking\" data-loop=\"1\" data-id=\"13585\">\n\t\n\t\n<div class=\"product-wrapper\">\n\t<div class=\"content-product-imagin\"><\/div>\n\t<div class=\"product-element-top wd-quick-shop\">\n\t\t<a href=\"https:\/\/guidetotheazores.pt\/it\/prodotto\/camera-doppia-con-bagno-in-comune-2\/\" class=\"product-image-link\" tabindex=\"-1\" aria-label=\"Camera doppia &#8211; bagno condiviso\">\n\t\t\t<img decoding=\"async\" width=\"300\" height=\"225\" src=\"https:\/\/guidetotheazores.pt\/wp-content\/uploads\/2024\/02\/42f86d08-ca82-4473-b2c7-7e9f553ae4e2-300x225.jpg\" class=\"attachment-woocommerce_thumbnail size-woocommerce_thumbnail\" alt=\"\" srcset=\"https:\/\/guidetotheazores.pt\/wp-content\/uploads\/2024\/02\/42f86d08-ca82-4473-b2c7-7e9f553ae4e2-300x225.jpg 300w, https:\/\/guidetotheazores.pt\/wp-content\/uploads\/2024\/02\/42f86d08-ca82-4473-b2c7-7e9f553ae4e2-600x450.jpg 600w\" sizes=\"(max-width: 300px) 100vw, 300px\">\t\t<\/a>\n\n\t\t\t\t\t<div class=\"hover-img\">\n\t\t\t\t<img decoding=\"async\" width=\"300\" height=\"225\" src=\"https:\/\/guidetotheazores.pt\/wp-content\/uploads\/2024\/02\/674d741b-3fbe-4615-9c5b-b8fbe4ea76ec-300x225.jpg\" class=\"attachment-woocommerce_thumbnail size-woocommerce_thumbnail\" alt=\"\" srcset=\"https:\/\/guidetotheazores.pt\/wp-content\/uploads\/2024\/02\/674d741b-3fbe-4615-9c5b-b8fbe4ea76ec-300x225.jpg 300w, https:\/\/guidetotheazores.pt\/wp-content\/uploads\/2024\/02\/674d741b-3fbe-4615-9c5b-b8fbe4ea76ec-600x450.jpg 600w\" sizes=\"(max-width: 300px) 100vw, 300px\">\t\t\t<\/div>\n\t\t\t\n\t\t<div class=\"wrapp-swatches\"><\/div>\n\t<\/div>\n\n\t<div class=\"product-element-bottom product-information\">\n\t\t<h3 class=\"wd-entities-title\"><a href=\"https:\/\/guidetotheazores.pt\/it\/prodotto\/camera-doppia-con-bagno-in-comune-2\/\">Camera doppia &#8211; bagno condiviso<\/a><\/h3>\t\t\t\t<div class=\"product-rating-price\">\n\t\t\t<div class=\"wrapp-product-price\">\n\t\t\t\t\n\t<span class=\"price\"><span class=\"woocommerce-Price-amount amount\"><bdi><span class=\"woocommerce-Price-currencySymbol\">&euro;<\/span>60.00<\/bdi><\/span><\/span>\n        <\/a>\n                            <span class=\"details\">\n                        <a href=\"https:\/\/guidetotheazores.pt\/it\/partner\/mar-rosa\/\">Mar Rosa<\/a>                    <\/span>\n            \t\t\t\t\t\t\t<\/div>\n\t\t<\/div>\n\t\t\t\t<div class=\"fade-in-block wd-scroll\">\n\t\t\t<div class=\"hover-content wd-more-desc\">\n\t\t\t\t<div class=\"hover-content-inner wd-more-desc-inner\">\n\t\t\t\t\tCamera doppia con TV, bagno con doccia italiana e cucina condivisa da due stanze\t\t\t\t<\/div>\n\t\t\t\t<a href=\"#\" rel=\"nofollow\" class=\"wd-more-desc-btn\" aria-label=\"Read more description\"><\/a>\n\t\t\t<\/div>\n\t\t\t<div class=\" wd-bottom-actions\">\n\t\t\t\t<div class=\"wrap-wishlist-button\"><\/div>\n\t\t\t\t<div class=\"wd-add-btn wd-add-btn-replace\">\n\t\t\t\t\t<a href=\"https:\/\/guidetotheazores.pt\/it\/prodotto\/camera-doppia-con-bagno-in-comune-2\/\" aria-describedby=\"woocommerce_loop_add_to_cart_link_describedby_13585\" data-quantity=\"1\" class=\"button product_type_phive_booking add_to_cart_button add-to-cart-loop\" data-product_id=\"13585\" data-product_sku=\"\" aria-label=\"Leggi di pi\u00f9 su &quot;Camera doppia - bagno condiviso&quot;\" rel=\"nofollow\"><span>Prenota Ora<\/span><\/a>\t<span id=\"woocommerce_loop_add_to_cart_link_describedby_13585\" class=\"screen-reader-text\">\n\t\t\t<\/span>\n\t\t\t\t\t\t\t\t\t\t\t\t\t\t\t\t\t\t\t\t<\/div>\n\t\t\t\t<div class=\"wrap-quickview-button\">\t\t<div class=\"quick-view wd-action-btn wd-style-icon wd-quick-view-icon\">\n\t\t\t<a\n\t\t\t\thref=\"https:\/\/guidetotheazores.pt\/it\/prodotto\/camera-doppia-con-bagno-in-comune-2\/\"\n\t\t\t\tclass=\"open-quick-view quick-view-button\"\n\t\t\t\trel=\"nofollow\"\n\t\t\t\tdata-id=\"13585\"\n\t\t\t\t>Quick view<\/a>\n\t\t<\/div>\n\t\t<\/div>\n\t\t\t<\/div>\n\n\t\t\t\t\t\t\n\t\t\t\t\t<\/div>\n\t<\/div>\n<\/div>\n<\/div>\n<div class=\"wd-product wd-hover-base wd-hover-with-fade wd-col product-grid-item product product-no-swatches type-product post-13584 status-publish instock product_cat-alloggiamento-locale product_cat-faial-it product_cat-sistemazione product_cat-tutte-le-isole product_tag-isoladifaial has-post-thumbnail virtual sold-individually taxable purchasable product-type-phive_booking\" data-loop=\"2\" data-id=\"13584\">\n\t\n\t\n<div class=\"product-wrapper\">\n\t<div class=\"content-product-imagin\"><\/div>\n\t<div class=\"product-element-top wd-quick-shop\">\n\t\t<a href=\"https:\/\/guidetotheazores.pt\/it\/prodotto\/camera-doppia-con-bagno-in-comune\/\" class=\"product-image-link\" tabindex=\"-1\" aria-label=\"Camera doppia con bagno condiviso\">\n\t\t\t<img decoding=\"async\" width=\"300\" height=\"225\" src=\"https:\/\/guidetotheazores.pt\/wp-content\/uploads\/2024\/02\/Mar-Rosa-Guide-to-the-Azores-VI-300x225.jpg\" class=\"attachment-woocommerce_thumbnail size-woocommerce_thumbnail\" alt=\"Mar Rosa - Guida alle Azzorre\" srcset=\"https:\/\/guidetotheazores.pt\/wp-content\/uploads\/2024\/02\/Mar-Rosa-Guide-to-the-Azores-VI-300x225.jpg 300w, https:\/\/guidetotheazores.pt\/wp-content\/uploads\/2024\/02\/Mar-Rosa-Guide-to-the-Azores-VI-600x450.jpg 600w\" sizes=\"(max-width: 300px) 100vw, 300px\" \/>\t\t<\/a>\n\n\t\t\t\t\t<div class=\"hover-img\">\n\t\t\t\t<img decoding=\"async\" width=\"300\" height=\"225\" src=\"https:\/\/guidetotheazores.pt\/wp-content\/uploads\/2024\/02\/Mar-Rosa-Guide-to-the-Azores-X-300x225.jpg\" class=\"attachment-woocommerce_thumbnail size-woocommerce_thumbnail\" alt=\"Mar Rosa - Guida alle Azzorre\" srcset=\"https:\/\/guidetotheazores.pt\/wp-content\/uploads\/2024\/02\/Mar-Rosa-Guide-to-the-Azores-X-300x225.jpg 300w, https:\/\/guidetotheazores.pt\/wp-content\/uploads\/2024\/02\/Mar-Rosa-Guide-to-the-Azores-X-600x450.jpg 600w\" sizes=\"(max-width: 300px) 100vw, 300px\" \/>\t\t\t<\/div>\n\t\t\t\n\t\t<div class=\"wrapp-swatches\"><\/div>\n\t<\/div>\n\n\t<div class=\"product-element-bottom product-information\">\n\t\t<h3 class=\"wd-entities-title\"><a href=\"https:\/\/guidetotheazores.pt\/it\/prodotto\/camera-doppia-con-bagno-in-comune\/\">Camera doppia con bagno condiviso<\/a><\/h3>\t\t\t\t<div class=\"product-rating-price\">\n\t\t\t<div class=\"wrapp-product-price\">\n\t\t\t\t\n\t<span class=\"price\"><span class=\"woocommerce-Price-amount amount\"><bdi><span class=\"woocommerce-Price-currencySymbol\">&euro;<\/span>60.00<\/bdi><\/span><\/span>\n        <\/a>\n                            <span class=\"details\">\n                        <a href=\"https:\/\/guidetotheazores.pt\/it\/partner\/mar-rosa\/\">Mar Rosa<\/a>                    <\/span>\n            \t\t\t\t\t\t\t<\/div>\n\t\t<\/div>\n\t\t\t\t<div class=\"fade-in-block wd-scroll\">\n\t\t\t<div class=\"hover-content wd-more-desc\">\n\t\t\t\t<div class=\"hover-content-inner wd-more-desc-inner\">\n\t\t\t\t\tCamera doppia con TV, bagno con doccia italiana e cucina condivisa da due stanze\t\t\t\t<\/div>\n\t\t\t\t<a href=\"#\" rel=\"nofollow\" class=\"wd-more-desc-btn\" aria-label=\"Read more description\"><\/a>\n\t\t\t<\/div>\n\t\t\t<div class=\" wd-bottom-actions\">\n\t\t\t\t<div class=\"wrap-wishlist-button\"><\/div>\n\t\t\t\t<div class=\"wd-add-btn wd-add-btn-replace\">\n\t\t\t\t\t<a href=\"https:\/\/guidetotheazores.pt\/it\/prodotto\/camera-doppia-con-bagno-in-comune\/\" aria-describedby=\"woocommerce_loop_add_to_cart_link_describedby_13584\" data-quantity=\"1\" class=\"button product_type_phive_booking add_to_cart_button add-to-cart-loop\" data-product_id=\"13584\" data-product_sku=\"\" aria-label=\"Leggi di pi\u00f9 su &quot;Camera doppia con bagno condiviso&quot;\" rel=\"nofollow\"><span>Prenota Ora<\/span><\/a>\t<span id=\"woocommerce_loop_add_to_cart_link_describedby_13584\" class=\"screen-reader-text\">\n\t\t\t<\/span>\n\t\t\t\t\t\t\t\t\t\t\t\t\t\t\t\t\t\t\t\t<\/div>\n\t\t\t\t<div class=\"wrap-quickview-button\">\t\t<div class=\"quick-view wd-action-btn wd-style-icon wd-quick-view-icon\">\n\t\t\t<a\n\t\t\t\thref=\"https:\/\/guidetotheazores.pt\/it\/prodotto\/camera-doppia-con-bagno-in-comune\/\"\n\t\t\t\tclass=\"open-quick-view quick-view-button\"\n\t\t\t\trel=\"nofollow\"\n\t\t\t\tdata-id=\"13584\"\n\t\t\t\t>Quick view<\/a>\n\t\t<\/div>\n\t\t<\/div>\n\t\t\t<\/div>\n\n\t\t\t\t\t\t\n\t\t\t\t\t<\/div>\n\t<\/div>\n<\/div>\n<\/div>\n<div class=\"wd-product wd-hover-base wd-hover-with-fade wd-col product-grid-item product product-no-swatches type-product post-13587 status-publish last instock product_cat-alloggiamento-locale product_cat-faial-it product_cat-sistemazione product_cat-tutte-le-isole product_tag-isoladifaial has-post-thumbnail virtual sold-individually taxable purchasable product-type-phive_booking\" data-loop=\"3\" data-id=\"13587\">\n\t\n\t\n<div class=\"product-wrapper\">\n\t<div class=\"content-product-imagin\"><\/div>\n\t<div class=\"product-element-top wd-quick-shop\">\n\t\t<a href=\"https:\/\/guidetotheazores.pt\/it\/prodotto\/camera-tripla-con-bagno-privato-e-cucina\/\" class=\"product-image-link\" tabindex=\"-1\" aria-label=\"Camera tripla con bagno privato e cucina\">\n\t\t\t<img decoding=\"async\" width=\"300\" height=\"225\" src=\"https:\/\/guidetotheazores.pt\/wp-content\/uploads\/2024\/02\/Mar-Rosa-Guide-to-the-Azores-IX-300x225.jpg\" class=\"attachment-woocommerce_thumbnail size-woocommerce_thumbnail\" alt=\"Mar Rosa - Guida alle Azzorre\" srcset=\"https:\/\/guidetotheazores.pt\/wp-content\/uploads\/2024\/02\/Mar-Rosa-Guide-to-the-Azores-IX-300x225.jpg 300w, https:\/\/guidetotheazores.pt\/wp-content\/uploads\/2024\/02\/Mar-Rosa-Guide-to-the-Azores-IX-600x450.jpg 600w\" sizes=\"(max-width: 300px) 100vw, 300px\" \/>\t\t<\/a>\n\n\t\t\t\t\t<div class=\"hover-img\">\n\t\t\t\t<img decoding=\"async\" width=\"300\" height=\"225\" src=\"https:\/\/guidetotheazores.pt\/wp-content\/uploads\/2024\/02\/dff61645-49b1-4f4a-bded-e53d6317b67d-300x225.jpg\" class=\"attachment-woocommerce_thumbnail size-woocommerce_thumbnail\" alt=\"\" srcset=\"https:\/\/guidetotheazores.pt\/wp-content\/uploads\/2024\/02\/dff61645-49b1-4f4a-bded-e53d6317b67d-300x225.jpg 300w, https:\/\/guidetotheazores.pt\/wp-content\/uploads\/2024\/02\/dff61645-49b1-4f4a-bded-e53d6317b67d-600x450.jpg 600w\" sizes=\"(max-width: 300px) 100vw, 300px\">\t\t\t<\/div>\n\t\t\t\n\t\t<div class=\"wrapp-swatches\"><\/div>\n\t<\/div>\n\n\t<div class=\"product-element-bottom product-information\">\n\t\t<h3 class=\"wd-entities-title\"><a href=\"https:\/\/guidetotheazores.pt\/it\/prodotto\/camera-tripla-con-bagno-privato-e-cucina\/\">Camera tripla con bagno privato e cucina<\/a><\/h3>\t\t\t\t<div class=\"product-rating-price\">\n\t\t\t<div class=\"wrapp-product-price\">\n\t\t\t\t\n\t<span class=\"price\"><span class=\"woocommerce-Price-amount amount\"><bdi><span class=\"woocommerce-Price-currencySymbol\">&euro;<\/span>72.00<\/bdi><\/span><\/span>\n        <\/a>\n                            <span class=\"details\">\n                        <a href=\"https:\/\/guidetotheazores.pt\/it\/partner\/mar-rosa\/\">Mar Rosa<\/a>                    <\/span>\n            \t\t\t\t\t\t\t<\/div>\n\t\t<\/div>\n\t\t\t\t<div class=\"fade-in-block wd-scroll\">\n\t\t\t<div class=\"hover-content wd-more-desc\">\n\t\t\t\t<div class=\"hover-content-inner wd-more-desc-inner\">\n\t\t\t\t\tCamera tripla con un letto matrimoniale e un letto singolo nella stanza adiacente. Questa camera dispone anche di un bagno privato con doccia italiana e di una cucina nel cortile di fronte alla camera.\t\t\t\t<\/div>\n\t\t\t\t<a href=\"#\" rel=\"nofollow\" class=\"wd-more-desc-btn\" aria-label=\"Read more description\"><\/a>\n\t\t\t<\/div>\n\t\t\t<div class=\" wd-bottom-actions\">\n\t\t\t\t<div class=\"wrap-wishlist-button\"><\/div>\n\t\t\t\t<div class=\"wd-add-btn wd-add-btn-replace\">\n\t\t\t\t\t<a href=\"https:\/\/guidetotheazores.pt\/it\/prodotto\/camera-tripla-con-bagno-privato-e-cucina\/\" aria-describedby=\"woocommerce_loop_add_to_cart_link_describedby_13587\" data-quantity=\"1\" class=\"button product_type_phive_booking add_to_cart_button add-to-cart-loop\" data-product_id=\"13587\" data-product_sku=\"\" aria-label=\"Leggi di pi\u00f9 su &quot;Camera tripla con bagno privato e cucina&quot;\" rel=\"nofollow\"><span>Prenota Ora<\/span><\/a>\t<span id=\"woocommerce_loop_add_to_cart_link_describedby_13587\" class=\"screen-reader-text\">\n\t\t\t<\/span>\n\t\t\t\t\t\t\t\t\t\t\t\t\t\t\t\t\t\t\t\t<\/div>\n\t\t\t\t<div class=\"wrap-quickview-button\">\t\t<div class=\"quick-view wd-action-btn wd-style-icon wd-quick-view-icon\">\n\t\t\t<a\n\t\t\t\thref=\"https:\/\/guidetotheazores.pt\/it\/prodotto\/camera-tripla-con-bagno-privato-e-cucina\/\"\n\t\t\t\tclass=\"open-quick-view quick-view-button\"\n\t\t\t\trel=\"nofollow\"\n\t\t\t\tdata-id=\"13587\"\n\t\t\t\t>Quick view<\/a>\n\t\t<\/div>\n\t\t<\/div>\n\t\t\t<\/div>\n\n\t\t\t\t\t\t\n\t\t\t\t\t<\/div>\n\t<\/div>\n<\/div>\n<\/div>\n<div class=\"wd-product wd-hover-base wd-hover-with-fade wd-col product-grid-item product product-no-swatches type-product post-15853 status-publish first instock product_cat-alloggiamento-locale product_cat-sao-miguel-it product_cat-sistemazione product_cat-tutte-le-isole product_tag-isoladisanmiguel has-post-thumbnail virtual sold-individually taxable purchasable product-type-phive_booking\" data-loop=\"4\" data-id=\"15853\">\n\t\n\t\n<div class=\"product-wrapper\">\n\t<div class=\"content-product-imagin\"><\/div>\n\t<div class=\"product-element-top wd-quick-shop\">\n\t\t<a href=\"https:\/\/guidetotheazores.pt\/it\/prodotto\/casa-bali-furnas\/\" class=\"product-image-link\" tabindex=\"-1\" aria-label=\"Casa Bali a Furnas\">\n\t\t\t<img decoding=\"async\" width=\"300\" height=\"225\" src=\"https:\/\/guidetotheazores.pt\/wp-content\/uploads\/2024\/02\/Pe-na-Areia-Guide-to-the-Azores-Furnas-Sao-Miguel-III-300x225.jpg\" class=\"attachment-woocommerce_thumbnail size-woocommerce_thumbnail\" alt=\"P\u00e9 na Areia - Guida alle Azzorre - Furnas S\u00e3o Miguel\" srcset=\"https:\/\/guidetotheazores.pt\/wp-content\/uploads\/2024\/02\/Pe-na-Areia-Guide-to-the-Azores-Furnas-Sao-Miguel-III-300x225.jpg 300w, https:\/\/guidetotheazores.pt\/wp-content\/uploads\/2024\/02\/Pe-na-Areia-Guide-to-the-Azores-Furnas-Sao-Miguel-III-600x450.jpg 600w\" sizes=\"(max-width: 300px) 100vw, 300px\" \/>\t\t<\/a>\n\n\t\t\t\t\t<div class=\"hover-img\">\n\t\t\t\t<img decoding=\"async\" width=\"300\" height=\"225\" src=\"https:\/\/guidetotheazores.pt\/wp-content\/uploads\/2024\/02\/Pe-na-Areia-Guide-to-the-Azores-Furnas-Sao-Miguel-VI-300x225.jpg\" class=\"attachment-woocommerce_thumbnail size-woocommerce_thumbnail\" alt=\"P\u00e9 na Areia - Guida alle Azzorre - Furnas S\u00e3o Miguel\" srcset=\"https:\/\/guidetotheazores.pt\/wp-content\/uploads\/2024\/02\/Pe-na-Areia-Guide-to-the-Azores-Furnas-Sao-Miguel-VI-300x225.jpg 300w, https:\/\/guidetotheazores.pt\/wp-content\/uploads\/2024\/02\/Pe-na-Areia-Guide-to-the-Azores-Furnas-Sao-Miguel-VI-600x450.jpg 600w\" sizes=\"(max-width: 300px) 100vw, 300px\" \/>\t\t\t<\/div>\n\t\t\t\n\t\t<div class=\"wrapp-swatches\"><\/div>\n\t<\/div>\n\n\t<div class=\"product-element-bottom product-information\">\n\t\t<h3 class=\"wd-entities-title\"><a href=\"https:\/\/guidetotheazores.pt\/it\/prodotto\/casa-bali-furnas\/\">Casa Bali a Furnas<\/a><\/h3>\t\t\t\t<div class=\"product-rating-price\">\n\t\t\t<div class=\"wrapp-product-price\">\n\t\t\t\t\n\t<span class=\"price\"><span class=\"woocommerce-Price-amount amount\"><bdi><span class=\"woocommerce-Price-currencySymbol\">&euro;<\/span>95.00<\/bdi><\/span>&nbsp;<span class = \"ph-bookings-display-cost-suffix\">From<\/span><\/span>\n        <\/a>\n                            <span class=\"details\">\n                        <a href=\"https:\/\/guidetotheazores.pt\/it\/partner\/alojamentos-pe-na-areia\/\">Alojamentos P\u00e9 na Areia<\/a>                    <\/span>\n            \t\t\t\t\t\t\t<\/div>\n\t\t<\/div>\n\t\t\t\t<div class=\"fade-in-block wd-scroll\">\n\t\t\t<div class=\"hover-content wd-more-desc\">\n\t\t\t\t<div class=\"hover-content-inner wd-more-desc-inner\">\n\t\t\t\t\t<span style=\"color: #000000;font-family: 'Helvetica Neue', Helvetica, Roboto, Arial, sans-serif\">Situata a 2,3 km dalla Lagoa das Furnas, a 6,3 km dal Pico do Ferro e a 15 km dalla Lagoa do Congro, la House Bali Furnas offre una sistemazione a Furnas. Questo appartamento si trova a 27 km da Fire Lagoon e a 90 metri da Parque Terra Nostra.  <\/span>\n\n<span style=\"color: #000000;font-family: 'Helvetica Neue', Helvetica, Roboto, Arial, sans-serif\">Il WiFi gratuito \u00e8 disponibile in tutta la struttura e Fumarolas si trova a 1 km di distanza.<\/span>\n\n<em>Ospita fino a 2 persone<\/em>\t\t\t\t<\/div>\n\t\t\t\t<a href=\"#\" rel=\"nofollow\" class=\"wd-more-desc-btn\" aria-label=\"Read more description\"><\/a>\n\t\t\t<\/div>\n\t\t\t<div class=\" wd-bottom-actions\">\n\t\t\t\t<div class=\"wrap-wishlist-button\"><\/div>\n\t\t\t\t<div class=\"wd-add-btn wd-add-btn-replace\">\n\t\t\t\t\t<a href=\"https:\/\/guidetotheazores.pt\/it\/prodotto\/casa-bali-furnas\/\" aria-describedby=\"woocommerce_loop_add_to_cart_link_describedby_15853\" data-quantity=\"1\" class=\"button product_type_phive_booking add_to_cart_button add-to-cart-loop\" data-product_id=\"15853\" data-product_sku=\"\" aria-label=\"Leggi di pi\u00f9 su &quot;Casa Bali a Furnas&quot;\" rel=\"nofollow\"><span>Prenota Ora<\/span><\/a>\t<span id=\"woocommerce_loop_add_to_cart_link_describedby_15853\" class=\"screen-reader-text\">\n\t\t\t<\/span>\n\t\t\t\t\t\t\t\t\t\t\t\t\t\t\t\t\t\t\t\t<\/div>\n\t\t\t\t<div class=\"wrap-quickview-button\">\t\t<div class=\"quick-view wd-action-btn wd-style-icon wd-quick-view-icon\">\n\t\t\t<a\n\t\t\t\thref=\"https:\/\/guidetotheazores.pt\/it\/prodotto\/casa-bali-furnas\/\"\n\t\t\t\tclass=\"open-quick-view quick-view-button\"\n\t\t\t\trel=\"nofollow\"\n\t\t\t\tdata-id=\"15853\"\n\t\t\t\t>Quick view<\/a>\n\t\t<\/div>\n\t\t<\/div>\n\t\t\t<\/div>\n\n\t\t\t\t\t\t\n\t\t\t\t\t<\/div>\n\t<\/div>\n<\/div>\n<\/div>\n<div class=\"wd-product wd-hover-base wd-hover-with-fade wd-col product-grid-item product product-no-swatches type-product post-14913 status-publish instock product_cat-alloggiamento-locale product_cat-faial-it product_cat-sistemazione product_cat-tutte-le-isole product_tag-isoladifaial has-post-thumbnail virtual sold-individually taxable purchasable product-type-phive_booking\" data-loop=\"5\" data-id=\"14913\">\n\t\n\t\n<div class=\"product-wrapper\">\n\t<div class=\"content-product-imagin\"><\/div>\n\t<div class=\"product-element-top wd-quick-shop\">\n\t\t<a href=\"https:\/\/guidetotheazores.pt\/it\/prodotto\/casa-da-boa-vista\/\" class=\"product-image-link\" tabindex=\"-1\" aria-label=\"Casa da Boa Vista &#8211; Isola di Faial\">\n\t\t\t<img decoding=\"async\" width=\"300\" height=\"225\" src=\"https:\/\/guidetotheazores.pt\/wp-content\/uploads\/2024\/02\/Casas-da-Boavista-Guide-to-the-Azores-Faial-I-300x225.jpg\" class=\"attachment-woocommerce_thumbnail size-woocommerce_thumbnail\" alt=\"Casas da Boavista - Guida alle Azzorre - Faial\" srcset=\"https:\/\/guidetotheazores.pt\/wp-content\/uploads\/2024\/02\/Casas-da-Boavista-Guide-to-the-Azores-Faial-I-300x225.jpg 300w, https:\/\/guidetotheazores.pt\/wp-content\/uploads\/2024\/02\/Casas-da-Boavista-Guide-to-the-Azores-Faial-I-600x450.jpg 600w\" sizes=\"(max-width: 300px) 100vw, 300px\" \/>\t\t<\/a>\n\n\t\t\t\t\t<div class=\"hover-img\">\n\t\t\t\t<img decoding=\"async\" width=\"300\" height=\"225\" src=\"https:\/\/guidetotheazores.pt\/wp-content\/uploads\/2024\/02\/Casas-da-Boavista-Guide-to-the-Azores-Faial-IX-300x225.jpg\" class=\"attachment-woocommerce_thumbnail size-woocommerce_thumbnail\" alt=\"Casas da Boavista - Guida alle Azzorre - Faial\" srcset=\"https:\/\/guidetotheazores.pt\/wp-content\/uploads\/2024\/02\/Casas-da-Boavista-Guide-to-the-Azores-Faial-IX-300x225.jpg 300w, https:\/\/guidetotheazores.pt\/wp-content\/uploads\/2024\/02\/Casas-da-Boavista-Guide-to-the-Azores-Faial-IX-600x450.jpg 600w\" sizes=\"(max-width: 300px) 100vw, 300px\" \/>\t\t\t<\/div>\n\t\t\t\n\t\t<div class=\"wrapp-swatches\"><\/div>\n\t<\/div>\n\n\t<div class=\"product-element-bottom product-information\">\n\t\t<h3 class=\"wd-entities-title\"><a href=\"https:\/\/guidetotheazores.pt\/it\/prodotto\/casa-da-boa-vista\/\">Casa da Boa Vista &#8211; Isola di Faial<\/a><\/h3>\t\t\t\t<div class=\"product-rating-price\">\n\t\t\t<div class=\"wrapp-product-price\">\n\t\t\t\t\n\t<span class=\"price\"><span class=\"woocommerce-Price-amount amount\"><bdi><span class=\"woocommerce-Price-currencySymbol\">&euro;<\/span>50.00<\/bdi><\/span>&nbsp;<span class = \"ph-bookings-display-cost-suffix\">From<\/span><\/span>\n        <\/a>\n                            <span class=\"details\">\n                        <a href=\"https:\/\/guidetotheazores.pt\/it\/partner\/casas-da-boa-vista\/\">Casas da Boa Vista<\/a>                    <\/span>\n            \t\t\t\t\t\t\t<\/div>\n\t\t<\/div>\n\t\t\t\t<div class=\"fade-in-block wd-scroll\">\n\t\t\t<div class=\"hover-content wd-more-desc\">\n\t\t\t\t<div class=\"hover-content-inner wd-more-desc-inner\">\n\t\t\t\t\t<span style=\"color: #1a1a1a; font-family: 'system-ui', -apple-system, 'Segoe UI', Roboto, Helvetica, Arial, sans-serif; font-size: 14px;\">Casas da Boa Vista si trova a Horta, a 12 km da Caldeira e a 24 km da Capelinhos. La connessione WiFi \u00e8 gratuita in tutta la struttura. L&#8217;alloggio \u00e8 dotato di un&#8217;area salotto. Alcune unit\u00e0 includono una terrazza e\/o un balcone con vista sul mare o sulle montagne. C&#8217;\u00e8 anche una cucina, dotata di forno, microonde e tostapane. Sono presenti anche un frigorifero, un piano cottura, una macchina per il caff\u00e8 e un bollitore. Ogni unit\u00e0 dispone di un bagno privato con vasca. La casa vacanze dispone di un parcheggio privato gratuito. L&#8217;area \u00e8 famosa per le immersioni. Gli ospiti possono praticare diverse attivit\u00e0 nei dintorni, tra cui ciclismo, pesca ed escursionismo. L&#8217;aeroporto pi\u00f9 vicino \u00e8 quello di Horta, a 15,5 km da Casas da Boa Vista.<\/span>\t\t\t\t<\/div>\n\t\t\t\t<a href=\"#\" rel=\"nofollow\" class=\"wd-more-desc-btn\" aria-label=\"Read more description\"><\/a>\n\t\t\t<\/div>\n\t\t\t<div class=\" wd-bottom-actions\">\n\t\t\t\t<div class=\"wrap-wishlist-button\"><\/div>\n\t\t\t\t<div class=\"wd-add-btn wd-add-btn-replace\">\n\t\t\t\t\t<a href=\"https:\/\/guidetotheazores.pt\/it\/prodotto\/casa-da-boa-vista\/\" aria-describedby=\"woocommerce_loop_add_to_cart_link_describedby_14913\" data-quantity=\"1\" class=\"button product_type_phive_booking add_to_cart_button add-to-cart-loop\" data-product_id=\"14913\" data-product_sku=\"\" aria-label=\"Leggi di pi\u00f9 su &quot;Casa da Boa Vista - Isola di Faial&quot;\" rel=\"nofollow\"><span>Prenota Ora<\/span><\/a>\t<span id=\"woocommerce_loop_add_to_cart_link_describedby_14913\" class=\"screen-reader-text\">\n\t\t\t<\/span>\n\t\t\t\t\t\t\t\t\t\t\t\t\t\t\t\t\t\t\t\t<\/div>\n\t\t\t\t<div class=\"wrap-quickview-button\">\t\t<div class=\"quick-view wd-action-btn wd-style-icon wd-quick-view-icon\">\n\t\t\t<a\n\t\t\t\thref=\"https:\/\/guidetotheazores.pt\/it\/prodotto\/casa-da-boa-vista\/\"\n\t\t\t\tclass=\"open-quick-view quick-view-button\"\n\t\t\t\trel=\"nofollow\"\n\t\t\t\tdata-id=\"14913\"\n\t\t\t\t>Quick view<\/a>\n\t\t<\/div>\n\t\t<\/div>\n\t\t\t<\/div>\n\n\t\t\t\t\t\t\n\t\t\t\t\t<\/div>\n\t<\/div>\n<\/div>\n<\/div>\n<div class=\"wd-product wd-hover-base wd-hover-with-fade wd-col product-grid-item product product-no-swatches type-product post-18237 status-publish instock product_cat-alloggiamento-locale product_cat-flores-it product_cat-sistemazione product_cat-tutte-le-isole product_tag-isoladiflores has-post-thumbnail sold-individually taxable shipping-taxable purchasable product-type-phive_booking\" data-loop=\"6\" data-id=\"18237\">\n\t\n\t\n<div class=\"product-wrapper\">\n\t<div class=\"content-product-imagin\"><\/div>\n\t<div class=\"product-element-top wd-quick-shop\">\n\t\t<a href=\"https:\/\/guidetotheazores.pt\/it\/prodotto\/casa-da-lua\/\" class=\"product-image-link\" tabindex=\"-1\" aria-label=\"Casa da Lua &#8211; Casa della Luna\">\n\t\t\t<img decoding=\"async\" width=\"300\" height=\"225\" src=\"https:\/\/guidetotheazores.pt\/wp-content\/uploads\/2024\/03\/Casa-da-Lua-Guide-to-the-Azores-Casa-Atlantida-Flores-Cover-300x225.jpg\" class=\"attachment-woocommerce_thumbnail size-woocommerce_thumbnail\" alt=\"Casa da Lua - Guida alle Azzorre - Casa Atlantida - Flores - Copertina\" srcset=\"https:\/\/guidetotheazores.pt\/wp-content\/uploads\/2024\/03\/Casa-da-Lua-Guide-to-the-Azores-Casa-Atlantida-Flores-Cover-300x225.jpg 300w, https:\/\/guidetotheazores.pt\/wp-content\/uploads\/2024\/03\/Casa-da-Lua-Guide-to-the-Azores-Casa-Atlantida-Flores-Cover-600x450.jpg 600w\" sizes=\"(max-width: 300px) 100vw, 300px\" \/>\t\t<\/a>\n\n\t\t\t\t\t<div class=\"hover-img\">\n\t\t\t\t<img decoding=\"async\" width=\"300\" height=\"225\" src=\"https:\/\/guidetotheazores.pt\/wp-content\/uploads\/2024\/03\/Casa-da-Lua-Guide-to-the-Azores-Casa-Atlantida-Flores-VIII-300x225.jpg\" class=\"attachment-woocommerce_thumbnail size-woocommerce_thumbnail\" alt=\"Casa da Lua - Guida alle Azzorre - Casa Atlantida - Flores\" srcset=\"https:\/\/guidetotheazores.pt\/wp-content\/uploads\/2024\/03\/Casa-da-Lua-Guide-to-the-Azores-Casa-Atlantida-Flores-VIII-300x225.jpg 300w, https:\/\/guidetotheazores.pt\/wp-content\/uploads\/2024\/03\/Casa-da-Lua-Guide-to-the-Azores-Casa-Atlantida-Flores-VIII-600x450.jpg 600w\" sizes=\"(max-width: 300px) 100vw, 300px\" \/>\t\t\t<\/div>\n\t\t\t\n\t\t<div class=\"wrapp-swatches\"><\/div>\n\t<\/div>\n\n\t<div class=\"product-element-bottom product-information\">\n\t\t<h3 class=\"wd-entities-title\"><a href=\"https:\/\/guidetotheazores.pt\/it\/prodotto\/casa-da-lua\/\">Casa da Lua &#8211; Casa della Luna<\/a><\/h3>\t\t\t\t<div class=\"product-rating-price\">\n\t\t\t<div class=\"wrapp-product-price\">\n\t\t\t\t\n\t<span class=\"price\"><span class=\"woocommerce-Price-amount amount\"><bdi><span class=\"woocommerce-Price-currencySymbol\">&euro;<\/span>165.00<\/bdi><\/span>&nbsp;<span class = \"ph-bookings-display-cost-suffix\">From<\/span><\/span>\n        <\/a>\n                            <span class=\"details\">\n                        <a href=\"https:\/\/guidetotheazores.pt\/it\/partner\/casa-atlantida\/\">Casa Atlantida<\/a>                    <\/span>\n            \t\t\t\t\t\t\t<\/div>\n\t\t<\/div>\n\t\t\t\t<div class=\"fade-in-block wd-scroll\">\n\t\t\t<div class=\"hover-content wd-more-desc\">\n\t\t\t\t<div class=\"hover-content-inner wd-more-desc-inner\">\n\t\t\t\t\tLa &#8220;Casa della Luna&#8221; \u00e8 una casa in pietra con accesso diretto al mare con vista a ovest sull&#8217;oceano e sul tramonto e a nord sulle montagne. \t\t\t\t<\/div>\n\t\t\t\t<a href=\"#\" rel=\"nofollow\" class=\"wd-more-desc-btn\" aria-label=\"Read more description\"><\/a>\n\t\t\t<\/div>\n\t\t\t<div class=\" wd-bottom-actions\">\n\t\t\t\t<div class=\"wrap-wishlist-button\"><\/div>\n\t\t\t\t<div class=\"wd-add-btn wd-add-btn-replace\">\n\t\t\t\t\t<a href=\"https:\/\/guidetotheazores.pt\/it\/prodotto\/casa-da-lua\/\" aria-describedby=\"woocommerce_loop_add_to_cart_link_describedby_18237\" data-quantity=\"1\" class=\"button product_type_phive_booking add_to_cart_button add-to-cart-loop\" data-product_id=\"18237\" data-product_sku=\"\" aria-label=\"Leggi di pi\u00f9 su &quot;Casa da Lua - Casa della Luna&quot;\" rel=\"nofollow\"><span>Prenota Ora<\/span><\/a>\t<span id=\"woocommerce_loop_add_to_cart_link_describedby_18237\" class=\"screen-reader-text\">\n\t\t\t<\/span>\n\t\t\t\t\t\t\t\t\t\t\t\t\t\t\t\t\t\t\t\t<\/div>\n\t\t\t\t<div class=\"wrap-quickview-button\">\t\t<div class=\"quick-view wd-action-btn wd-style-icon wd-quick-view-icon\">\n\t\t\t<a\n\t\t\t\thref=\"https:\/\/guidetotheazores.pt\/it\/prodotto\/casa-da-lua\/\"\n\t\t\t\tclass=\"open-quick-view quick-view-button\"\n\t\t\t\trel=\"nofollow\"\n\t\t\t\tdata-id=\"18237\"\n\t\t\t\t>Quick view<\/a>\n\t\t<\/div>\n\t\t<\/div>\n\t\t\t<\/div>\n\n\t\t\t\t\t\t\n\t\t\t\t\t<\/div>\n\t<\/div>\n<\/div>\n<\/div>\n<div class=\"wd-product wd-hover-base wd-hover-with-fade wd-col product-grid-item product product-no-swatches type-product post-14219 status-publish last instock product_cat-alloggiamento-locale product_cat-flores-it product_cat-sistemazione product_cat-tutte-le-isole product_tag-isoladiflores has-post-thumbnail virtual sold-individually taxable purchasable product-type-phive_booking\" data-loop=\"7\" data-id=\"14219\">\n\t\n\t\n<div class=\"product-wrapper\">\n\t<div class=\"content-product-imagin\"><\/div>\n\t<div class=\"product-element-top wd-quick-shop\">\n\t\t<a href=\"https:\/\/guidetotheazores.pt\/it\/prodotto\/casa-atlantida-t1mar\/\" class=\"product-image-link\" tabindex=\"-1\" aria-label=\"Casa del Mare &#8211; Isola di Flores\">\n\t\t\t<img decoding=\"async\" width=\"300\" height=\"225\" src=\"https:\/\/guidetotheazores.pt\/wp-content\/uploads\/2024\/02\/3-2-300x225.jpg\" class=\"attachment-woocommerce_thumbnail size-woocommerce_thumbnail\" alt=\"\" srcset=\"https:\/\/guidetotheazores.pt\/wp-content\/uploads\/2024\/02\/3-2-300x225.jpg 300w, https:\/\/guidetotheazores.pt\/wp-content\/uploads\/2024\/02\/3-2-600x450.jpg 600w\" sizes=\"(max-width: 300px) 100vw, 300px\">\t\t<\/a>\n\n\t\t\t\t\t<div class=\"hover-img\">\n\t\t\t\t<img decoding=\"async\" width=\"300\" height=\"225\" src=\"https:\/\/guidetotheazores.pt\/wp-content\/uploads\/2024\/02\/2-300x225.jpg\" class=\"attachment-woocommerce_thumbnail size-woocommerce_thumbnail\" alt=\"Casa Atlantida - Guida alle Azzorre - Flores\" srcset=\"https:\/\/guidetotheazores.pt\/wp-content\/uploads\/2024\/02\/2-300x225.jpg 300w, https:\/\/guidetotheazores.pt\/wp-content\/uploads\/2024\/02\/2-600x450.jpg 600w\" sizes=\"(max-width: 300px) 100vw, 300px\" \/>\t\t\t<\/div>\n\t\t\t\n\t\t<div class=\"wrapp-swatches\"><\/div>\n\t<\/div>\n\n\t<div class=\"product-element-bottom product-information\">\n\t\t<h3 class=\"wd-entities-title\"><a href=\"https:\/\/guidetotheazores.pt\/it\/prodotto\/casa-atlantida-t1mar\/\">Casa del Mare &#8211; Isola di Flores<\/a><\/h3>\t\t\t\t<div class=\"product-rating-price\">\n\t\t\t<div class=\"wrapp-product-price\">\n\t\t\t\t\n\t<span class=\"price\"><span class=\"woocommerce-Price-amount amount\"><bdi><span class=\"woocommerce-Price-currencySymbol\">&euro;<\/span>130.00<\/bdi><\/span>&nbsp;<span class = \"ph-bookings-display-cost-suffix\">From<\/span><\/span>\n        <\/a>\n                            <span class=\"details\">\n                        <a href=\"https:\/\/guidetotheazores.pt\/it\/partner\/casa-atlantida\/\">Casa Atlantida<\/a>                    <\/span>\n            \t\t\t\t\t\t\t<\/div>\n\t\t<\/div>\n\t\t\t\t<div class=\"fade-in-block wd-scroll\">\n\t\t\t<div class=\"hover-content wd-more-desc\">\n\t\t\t\t<div class=\"hover-content-inner wd-more-desc-inner\">\n\t\t\t\t\tLa &#8220;Casa do Mar&#8221; \u00e8 una casa in pietra con vista panoramica sull&#8217;oceano e sul tramonto, con accesso diretto al mare.\n\nDispone di una camera da letto con vista sul mare, un soggiorno con letto singolo e televisione, un bagno e una cucina attrezzata (lavastoviglie e utensili per la casa). La biancheria da letto e gli asciugamani sono forniti.\n\nTi chiediamo di pagare 25 euro a persona al momento del check-in per le tasse e le spese non incluse.\n\nLa casa \u00e8 nuova e arredata in modo accogliente\t\t\t\t<\/div>\n\t\t\t\t<a href=\"#\" rel=\"nofollow\" class=\"wd-more-desc-btn\" aria-label=\"Read more description\"><\/a>\n\t\t\t<\/div>\n\t\t\t<div class=\" wd-bottom-actions\">\n\t\t\t\t<div class=\"wrap-wishlist-button\"><\/div>\n\t\t\t\t<div class=\"wd-add-btn wd-add-btn-replace\">\n\t\t\t\t\t<a href=\"https:\/\/guidetotheazores.pt\/it\/prodotto\/casa-atlantida-t1mar\/\" aria-describedby=\"woocommerce_loop_add_to_cart_link_describedby_14219\" data-quantity=\"1\" class=\"button product_type_phive_booking add_to_cart_button add-to-cart-loop\" data-product_id=\"14219\" data-product_sku=\"\" aria-label=\"Leggi di pi\u00f9 su &quot;Casa del Mare - Isola di Flores&quot;\" rel=\"nofollow\"><span>Prenota Ora<\/span><\/a>\t<span id=\"woocommerce_loop_add_to_cart_link_describedby_14219\" class=\"screen-reader-text\">\n\t\t\t<\/span>\n\t\t\t\t\t\t\t\t\t\t\t\t\t\t\t\t\t\t\t\t<\/div>\n\t\t\t\t<div class=\"wrap-quickview-button\">\t\t<div class=\"quick-view wd-action-btn wd-style-icon wd-quick-view-icon\">\n\t\t\t<a\n\t\t\t\thref=\"https:\/\/guidetotheazores.pt\/it\/prodotto\/casa-atlantida-t1mar\/\"\n\t\t\t\tclass=\"open-quick-view quick-view-button\"\n\t\t\t\trel=\"nofollow\"\n\t\t\t\tdata-id=\"14219\"\n\t\t\t\t>Quick view<\/a>\n\t\t<\/div>\n\t\t<\/div>\n\t\t\t<\/div>\n\n\t\t\t\t\t\t\n\t\t\t\t\t<\/div>\n\t<\/div>\n<\/div>\n<\/div>\n<div class=\"wd-product wd-hover-base wd-hover-with-fade wd-col product-grid-item product product-no-swatches type-product post-18228 status-publish first instock product_cat-alloggiamento-locale product_cat-flores-it product_cat-sistemazione product_cat-tutte-le-isole product_tag-isoladiflores has-post-thumbnail virtual sold-individually taxable purchasable product-type-phive_booking\" data-loop=\"8\" data-id=\"18228\">\n\t\n\t\n<div class=\"product-wrapper\">\n\t<div class=\"content-product-imagin\"><\/div>\n\t<div class=\"product-element-top wd-quick-shop\">\n\t\t<a href=\"https:\/\/guidetotheazores.pt\/it\/prodotto\/casa-do-sol\/\" class=\"product-image-link\" tabindex=\"-1\" aria-label=\"Casa do Sol &#8211; La casa del Sole\">\n\t\t\t<img decoding=\"async\" width=\"300\" height=\"225\" src=\"https:\/\/guidetotheazores.pt\/wp-content\/uploads\/2024\/03\/Casa-do-Sol-Guide-to-the-Azores-Casa-Atlantida-Flores-Cover-300x225.jpg\" class=\"attachment-woocommerce_thumbnail size-woocommerce_thumbnail\" alt=\"Casa do Sol - Guida alle Azzorre - Casa Atlantida - Copertina Flores\" srcset=\"https:\/\/guidetotheazores.pt\/wp-content\/uploads\/2024\/03\/Casa-do-Sol-Guide-to-the-Azores-Casa-Atlantida-Flores-Cover-300x225.jpg 300w, https:\/\/guidetotheazores.pt\/wp-content\/uploads\/2024\/03\/Casa-do-Sol-Guide-to-the-Azores-Casa-Atlantida-Flores-Cover-600x450.jpg 600w\" sizes=\"(max-width: 300px) 100vw, 300px\" \/>\t\t<\/a>\n\n\t\t\t\t\t<div class=\"hover-img\">\n\t\t\t\t<img decoding=\"async\" width=\"300\" height=\"225\" src=\"https:\/\/guidetotheazores.pt\/wp-content\/uploads\/2024\/03\/WhatsApp-Image-2024-03-04-at-15.41.42-300x225.jpeg\" class=\"attachment-woocommerce_thumbnail size-woocommerce_thumbnail\" alt=\"\" srcset=\"https:\/\/guidetotheazores.pt\/wp-content\/uploads\/2024\/03\/WhatsApp-Image-2024-03-04-at-15.41.42-300x225.jpeg 300w, https:\/\/guidetotheazores.pt\/wp-content\/uploads\/2024\/03\/WhatsApp-Image-2024-03-04-at-15.41.42-600x450.jpeg 600w\" sizes=\"(max-width: 300px) 100vw, 300px\">\t\t\t<\/div>\n\t\t\t\n\t\t<div class=\"wrapp-swatches\"><\/div>\n\t<\/div>\n\n\t<div class=\"product-element-bottom product-information\">\n\t\t<h3 class=\"wd-entities-title\"><a href=\"https:\/\/guidetotheazores.pt\/it\/prodotto\/casa-do-sol\/\">Casa do Sol &#8211; La casa del Sole<\/a><\/h3>\t\t\t\t<div class=\"product-rating-price\">\n\t\t\t<div class=\"wrapp-product-price\">\n\t\t\t\t\n\t<span class=\"price\"><span class=\"woocommerce-Price-amount amount\"><bdi><span class=\"woocommerce-Price-currencySymbol\">&euro;<\/span>140.00<\/bdi><\/span>&nbsp;<span class = \"ph-bookings-display-cost-suffix\">From<\/span><\/span>\n        <\/a>\n                            <span class=\"details\">\n                        <a href=\"https:\/\/guidetotheazores.pt\/it\/partner\/casa-atlantida\/\">Casa Atlantida<\/a>                    <\/span>\n            \t\t\t\t\t\t\t<\/div>\n\t\t<\/div>\n\t\t\t\t<div class=\"fade-in-block wd-scroll\">\n\t\t\t<div class=\"hover-content wd-more-desc\">\n\t\t\t\t<div class=\"hover-content-inner wd-more-desc-inner\">\n\t\t\t\t\tCasa do Sol&#8221; \u00e8 una grande casa in pietra con accesso diretto al mare. Ha una una bellissima vista sul mare, sul tramonto ed a sud, sulle montagne e sull&#8217;oceano.\t\t\t\t<\/div>\n\t\t\t\t<a href=\"#\" rel=\"nofollow\" class=\"wd-more-desc-btn\" aria-label=\"Read more description\"><\/a>\n\t\t\t<\/div>\n\t\t\t<div class=\" wd-bottom-actions\">\n\t\t\t\t<div class=\"wrap-wishlist-button\"><\/div>\n\t\t\t\t<div class=\"wd-add-btn wd-add-btn-replace\">\n\t\t\t\t\t<a href=\"https:\/\/guidetotheazores.pt\/it\/prodotto\/casa-do-sol\/\" aria-describedby=\"woocommerce_loop_add_to_cart_link_describedby_18228\" data-quantity=\"1\" class=\"button product_type_phive_booking add_to_cart_button add-to-cart-loop\" data-product_id=\"18228\" data-product_sku=\"\" aria-label=\"Leggi di pi\u00f9 su &quot;Casa do Sol - La casa del Sole&quot;\" rel=\"nofollow\"><span>Prenota Ora<\/span><\/a>\t<span id=\"woocommerce_loop_add_to_cart_link_describedby_18228\" class=\"screen-reader-text\">\n\t\t\t<\/span>\n\t\t\t\t\t\t\t\t\t\t\t\t\t\t\t\t\t\t\t\t<\/div>\n\t\t\t\t<div class=\"wrap-quickview-button\">\t\t<div class=\"quick-view wd-action-btn wd-style-icon wd-quick-view-icon\">\n\t\t\t<a\n\t\t\t\thref=\"https:\/\/guidetotheazores.pt\/it\/prodotto\/casa-do-sol\/\"\n\t\t\t\tclass=\"open-quick-view quick-view-button\"\n\t\t\t\trel=\"nofollow\"\n\t\t\t\tdata-id=\"18228\"\n\t\t\t\t>Quick view<\/a>\n\t\t<\/div>\n\t\t<\/div>\n\t\t\t<\/div>\n\n\t\t\t\t\t\t\n\t\t\t\t\t<\/div>\n\t<\/div>\n<\/div>\n<\/div>\n<div class=\"wd-product wd-hover-base wd-hover-with-fade wd-col product-grid-item product product-no-swatches type-product post-14563 status-publish instock product_cat-alloggiamento-locale product_cat-faial-it product_cat-sistemazione product_cat-tutte-le-isole product_tag-isoladifaial has-post-thumbnail virtual sold-individually taxable purchasable product-type-phive_booking\" data-loop=\"9\" data-id=\"14563\">\n\t\n\t\n<div class=\"product-wrapper\">\n\t<div class=\"content-product-imagin\"><\/div>\n\t<div class=\"product-element-top wd-quick-shop\">\n\t\t<a href=\"https:\/\/guidetotheazores.pt\/it\/prodotto\/casa-rosa\/\" class=\"product-image-link\" tabindex=\"-1\" aria-label=\"La Casa Rosa &#8211; Horta\">\n\t\t\t<img decoding=\"async\" width=\"300\" height=\"225\" src=\"https:\/\/guidetotheazores.pt\/wp-content\/uploads\/2024\/02\/Casa-Rosa-Guide-to-the-Azores-Faial-Cover-300x225.jpg\" class=\"attachment-woocommerce_thumbnail size-woocommerce_thumbnail\" alt=\"Casa Rosa - Guida alle Azzorre - Faial\" srcset=\"https:\/\/guidetotheazores.pt\/wp-content\/uploads\/2024\/02\/Casa-Rosa-Guide-to-the-Azores-Faial-Cover-300x225.jpg 300w, https:\/\/guidetotheazores.pt\/wp-content\/uploads\/2024\/02\/Casa-Rosa-Guide-to-the-Azores-Faial-Cover-600x450.jpg 600w\" sizes=\"(max-width: 300px) 100vw, 300px\" \/>\t\t<\/a>\n\n\t\t\t\t\t<div class=\"hover-img\">\n\t\t\t\t<img decoding=\"async\" width=\"300\" height=\"225\" src=\"https:\/\/guidetotheazores.pt\/wp-content\/uploads\/2024\/02\/Casa-Rosa-Guide-to-the-Azores-Faial-VII-300x225.jpg\" class=\"attachment-woocommerce_thumbnail size-woocommerce_thumbnail\" alt=\"Casa Rosa - Guida alle Azzorre - Faial\" srcset=\"https:\/\/guidetotheazores.pt\/wp-content\/uploads\/2024\/02\/Casa-Rosa-Guide-to-the-Azores-Faial-VII-300x225.jpg 300w, https:\/\/guidetotheazores.pt\/wp-content\/uploads\/2024\/02\/Casa-Rosa-Guide-to-the-Azores-Faial-VII-1024x768.jpg 1024w, https:\/\/guidetotheazores.pt\/wp-content\/uploads\/2024\/02\/Casa-Rosa-Guide-to-the-Azores-Faial-VII-768x576.jpg 768w, https:\/\/guidetotheazores.pt\/wp-content\/uploads\/2024\/02\/Casa-Rosa-Guide-to-the-Azores-Faial-VII-600x450.jpg 600w, https:\/\/guidetotheazores.pt\/wp-content\/uploads\/2024\/02\/Casa-Rosa-Guide-to-the-Azores-Faial-VII-150x113.jpg 150w, https:\/\/guidetotheazores.pt\/wp-content\/uploads\/2024\/02\/Casa-Rosa-Guide-to-the-Azores-Faial-VII.jpg 1280w\" sizes=\"(max-width: 300px) 100vw, 300px\" \/>\t\t\t<\/div>\n\t\t\t\n\t\t<div class=\"wrapp-swatches\"><\/div>\n\t<\/div>\n\n\t<div class=\"product-element-bottom product-information\">\n\t\t<h3 class=\"wd-entities-title\"><a href=\"https:\/\/guidetotheazores.pt\/it\/prodotto\/casa-rosa\/\">La Casa Rosa &#8211; Horta<\/a><\/h3>\t\t\t\t<div class=\"product-rating-price\">\n\t\t\t<div class=\"wrapp-product-price\">\n\t\t\t\t\n\t<span class=\"price\"><span class=\"woocommerce-Price-amount amount\"><bdi><span class=\"woocommerce-Price-currencySymbol\">&euro;<\/span>100.00<\/bdi><\/span><\/span>\n        <\/a>\n                            <span class=\"details\">\n                        <a href=\"https:\/\/guidetotheazores.pt\/it\/partner\/casa-rosa\/\">Casa Rosa<\/a>                    <\/span>\n            \t\t\t\t\t\t\t<\/div>\n\t\t<\/div>\n\t\t\t\t<div class=\"fade-in-block wd-scroll\">\n\t\t\t<div class=\"hover-content wd-more-desc\">\n\t\t\t\t<div class=\"hover-content-inner wd-more-desc-inner\">\n\t\t\t\t\tCasa tranquilla e centrale con 2 camere da letto, a 1 minuto a piedi da Porto Pim, la pi\u00f9 bella baia e spiaggia dell&#8217;isola di Faial.\t\t\t\t<\/div>\n\t\t\t\t<a href=\"#\" rel=\"nofollow\" class=\"wd-more-desc-btn\" aria-label=\"Read more description\"><\/a>\n\t\t\t<\/div>\n\t\t\t<div class=\" wd-bottom-actions\">\n\t\t\t\t<div class=\"wrap-wishlist-button\"><\/div>\n\t\t\t\t<div class=\"wd-add-btn wd-add-btn-replace\">\n\t\t\t\t\t<a href=\"https:\/\/guidetotheazores.pt\/it\/prodotto\/casa-rosa\/\" aria-describedby=\"woocommerce_loop_add_to_cart_link_describedby_14563\" data-quantity=\"1\" class=\"button product_type_phive_booking add_to_cart_button add-to-cart-loop\" data-product_id=\"14563\" data-product_sku=\"\" aria-label=\"Leggi di pi\u00f9 su &quot;La Casa Rosa - Horta&quot;\" rel=\"nofollow\"><span>Prenota Ora<\/span><\/a>\t<span id=\"woocommerce_loop_add_to_cart_link_describedby_14563\" class=\"screen-reader-text\">\n\t\t\t<\/span>\n\t\t\t\t\t\t\t\t\t\t\t\t\t\t\t\t\t\t\t\t<\/div>\n\t\t\t\t<div class=\"wrap-quickview-button\">\t\t<div class=\"quick-view wd-action-btn wd-style-icon wd-quick-view-icon\">\n\t\t\t<a\n\t\t\t\thref=\"https:\/\/guidetotheazores.pt\/it\/prodotto\/casa-rosa\/\"\n\t\t\t\tclass=\"open-quick-view quick-view-button\"\n\t\t\t\trel=\"nofollow\"\n\t\t\t\tdata-id=\"14563\"\n\t\t\t\t>Quick view<\/a>\n\t\t<\/div>\n\t\t<\/div>\n\t\t\t<\/div>\n\n\t\t\t\t\t\t\n\t\t\t\t\t<\/div>\n\t<\/div>\n<\/div>\n<\/div>\n<div class=\"wd-product wd-hover-base wd-hover-with-fade wd-col product-grid-item product product-no-swatches type-product post-13212 status-publish instock product_cat-alloggiamento-locale product_cat-sistemazione product_cat-terceira-it product_cat-tutte-le-isole product_tag-isoladiterceira has-post-thumbnail virtual sold-individually taxable purchasable product-type-phive_booking\" data-loop=\"10\" data-id=\"13212\">\n\t\n\t\n<div class=\"product-wrapper\">\n\t<div class=\"content-product-imagin\"><\/div>\n\t<div class=\"product-element-top wd-quick-shop\">\n\t\t<a href=\"https:\/\/guidetotheazores.pt\/it\/prodotto\/o-refugio-patio-bbq-100-privado-espacoso-e-sereno-%e2%9b%b1\/\" class=\"product-image-link\" tabindex=\"-1\" aria-label=\"O Ref\u00fagio &#8211; Patio &amp; BBQ | 100% privato | Ampio e tranquillo \u26f1\">\n\t\t\t<img decoding=\"async\" width=\"300\" height=\"225\" src=\"https:\/\/guidetotheazores.pt\/wp-content\/uploads\/2024\/02\/O-Refugio-Guide-to-the-Azores-family-room-squared-300x225.jpg\" class=\"attachment-woocommerce_thumbnail size-woocommerce_thumbnail\" alt=\"O Refugio - Guide to the Azores - family-room-squared\" srcset=\"https:\/\/guidetotheazores.pt\/wp-content\/uploads\/2024\/02\/O-Refugio-Guide-to-the-Azores-family-room-squared-300x225.jpg 300w, https:\/\/guidetotheazores.pt\/wp-content\/uploads\/2024\/02\/O-Refugio-Guide-to-the-Azores-family-room-squared-600x450.jpg 600w\" sizes=\"(max-width: 300px) 100vw, 300px\" \/>\t\t<\/a>\n\n\t\t\t\t\t<div class=\"hover-img\">\n\t\t\t\t<img decoding=\"async\" width=\"300\" height=\"225\" src=\"https:\/\/guidetotheazores.pt\/wp-content\/uploads\/2024\/02\/O-Refugio-Guide-to-the-Azores-wood-bench-300x225.jpg\" class=\"attachment-woocommerce_thumbnail size-woocommerce_thumbnail\" alt=\"O Refugio - Guida alle Azzorre - wood-bench\" srcset=\"https:\/\/guidetotheazores.pt\/wp-content\/uploads\/2024\/02\/O-Refugio-Guide-to-the-Azores-wood-bench-300x225.jpg 300w, https:\/\/guidetotheazores.pt\/wp-content\/uploads\/2024\/02\/O-Refugio-Guide-to-the-Azores-wood-bench-600x450.jpg 600w\" sizes=\"(max-width: 300px) 100vw, 300px\" \/>\t\t\t<\/div>\n\t\t\t\n\t\t<div class=\"wrapp-swatches\"><\/div>\n\t<\/div>\n\n\t<div class=\"product-element-bottom product-information\">\n\t\t<h3 class=\"wd-entities-title\"><a href=\"https:\/\/guidetotheazores.pt\/it\/prodotto\/o-refugio-patio-bbq-100-privado-espacoso-e-sereno-%e2%9b%b1\/\">O Ref\u00fagio &#8211; Patio &amp; BBQ | 100% privato | Ampio e tranquillo \u26f1<\/a><\/h3>\t\t\t\t<div class=\"product-rating-price\">\n\t\t\t<div class=\"wrapp-product-price\">\n\t\t\t\t\n\t<span class=\"price\"><span class=\"woocommerce-Price-amount amount\"><bdi><span class=\"woocommerce-Price-currencySymbol\">&euro;<\/span>80.00<\/bdi><\/span><\/span>\n        <\/a>\n                            <span class=\"details\">\n                        <a href=\"https:\/\/guidetotheazores.pt\/it\/partner\/o-refugio\/\">O Ref\u00fagio<\/a>                    <\/span>\n            \t\t\t\t\t\t\t<\/div>\n\t\t<\/div>\n\t\t\t\t<div class=\"fade-in-block wd-scroll\">\n\t\t\t<div class=\"hover-content wd-more-desc\">\n\t\t\t\t<div class=\"hover-content-inner wd-more-desc-inner\">\n\t\t\t\t\tAl Ref\u00fagio ti sentirai come a casa tua. Amiamo gli spazi confortevoli e tranquilli circondati dalla natura e abbiamo lasciato trasparire questo aspetto nei nostri alloggi.\n\nMassimo 3 persone\t\t\t\t<\/div>\n\t\t\t\t<a href=\"#\" rel=\"nofollow\" class=\"wd-more-desc-btn\" aria-label=\"Read more description\"><\/a>\n\t\t\t<\/div>\n\t\t\t<div class=\" wd-bottom-actions\">\n\t\t\t\t<div class=\"wrap-wishlist-button\"><\/div>\n\t\t\t\t<div class=\"wd-add-btn wd-add-btn-replace\">\n\t\t\t\t\t<a href=\"https:\/\/guidetotheazores.pt\/it\/prodotto\/o-refugio-patio-bbq-100-privado-espacoso-e-sereno-%e2%9b%b1\/\" aria-describedby=\"woocommerce_loop_add_to_cart_link_describedby_13212\" data-quantity=\"1\" class=\"button product_type_phive_booking add_to_cart_button add-to-cart-loop\" data-product_id=\"13212\" data-product_sku=\"\" aria-label=\"Leggi di pi\u00f9 su &quot;O Ref\u00fagio - Patio &amp; BBQ | 100% privato | Ampio e tranquillo \u26f1&quot;\" rel=\"nofollow\"><span>Prenota Ora<\/span><\/a>\t<span id=\"woocommerce_loop_add_to_cart_link_describedby_13212\" class=\"screen-reader-text\">\n\t\t\t<\/span>\n\t\t\t\t\t\t\t\t\t\t\t\t\t\t\t\t\t\t\t\t<\/div>\n\t\t\t\t<div class=\"wrap-quickview-button\">\t\t<div class=\"quick-view wd-action-btn wd-style-icon wd-quick-view-icon\">\n\t\t\t<a\n\t\t\t\thref=\"https:\/\/guidetotheazores.pt\/it\/prodotto\/o-refugio-patio-bbq-100-privado-espacoso-e-sereno-%e2%9b%b1\/\"\n\t\t\t\tclass=\"open-quick-view quick-view-button\"\n\t\t\t\trel=\"nofollow\"\n\t\t\t\tdata-id=\"13212\"\n\t\t\t\t>Quick view<\/a>\n\t\t<\/div>\n\t\t<\/div>\n\t\t\t<\/div>\n\n\t\t\t\t\t\t\n\t\t\t\t\t<\/div>\n\t<\/div>\n<\/div>\n<\/div>\n<div class=\"wd-product wd-hover-base wd-hover-with-fade wd-col product-grid-item product product-no-swatches type-product post-15999 status-publish last instock product_cat-alloggiamento-locale product_cat-pico-it product_cat-sistemazione product_cat-tutte-le-isole product_tag-isoladipico has-post-thumbnail virtual sold-individually taxable purchasable product-type-phive_booking\" data-loop=\"11\" data-id=\"15999\">\n\t\n\t\n<div class=\"product-wrapper\">\n\t<div class=\"content-product-imagin\"><\/div>\n\t<div class=\"product-element-top wd-quick-shop\">\n\t\t<a href=\"https:\/\/guidetotheazores.pt\/it\/prodotto\/suite-atlantic\/\" class=\"product-image-link\" tabindex=\"-1\" aria-label=\"Suite Atlantic &#8211; Suite Atlantica\">\n\t\t\t<img decoding=\"async\" width=\"300\" height=\"225\" src=\"https:\/\/guidetotheazores.pt\/wp-content\/uploads\/2024\/03\/Miradouro-da-Papalva-Guide-to-the-Azores-Pico-Cover-300x225.jpg\" class=\"attachment-woocommerce_thumbnail size-woocommerce_thumbnail\" alt=\"Miradouro da Papalva - Guida alle Azzorre - Pico\" \/>\t\t<\/a>\n\n\t\t\t\t\t<div class=\"hover-img\">\n\t\t\t\t<img decoding=\"async\" width=\"300\" height=\"225\" src=\"https:\/\/guidetotheazores.pt\/wp-content\/uploads\/2024\/03\/Miradouro-da-Papalva-Guide-to-the-Azores-Pico-300x225.png\" class=\"attachment-woocommerce_thumbnail size-woocommerce_thumbnail\" alt=\"Miradouro da Papalva - Guide to the Azores - Pico\" \/>\t\t\t<\/div>\n\t\t\t\n\t\t<div class=\"wrapp-swatches\"><\/div>\n\t<\/div>\n\n\t<div class=\"product-element-bottom product-information\">\n\t\t<h3 class=\"wd-entities-title\"><a href=\"https:\/\/guidetotheazores.pt\/it\/prodotto\/suite-atlantic\/\">Suite Atlantic &#8211; Suite Atlantica<\/a><\/h3>\t\t\t\t<div class=\"product-rating-price\">\n\t\t\t<div class=\"wrapp-product-price\">\n\t\t\t\t\n\t<span class=\"price\"><span class=\"woocommerce-Price-amount amount\"><bdi><span class=\"woocommerce-Price-currencySymbol\">&euro;<\/span>183.00<\/bdi><\/span>&nbsp;<span class = \"ph-bookings-display-cost-suffix\">From<\/span><\/span>\n        <\/a>\n                            <span class=\"details\">\n                        <a href=\"https:\/\/guidetotheazores.pt\/it\/partner\/miradouro-da-papalva\/\">Miradouro da Papalva<\/a>                    <\/span>\n            \t\t\t\t\t\t\t<\/div>\n\t\t<\/div>\n\t\t\t\t<div class=\"fade-in-block wd-scroll\">\n\t\t\t<div class=\"hover-content wd-more-desc\">\n\t\t\t\t<div class=\"hover-content-inner wd-more-desc-inner\">\n\t\t\t\t\t<p style=\"color: #000000;font-family: 'Helvetica Neue', Helvetica, Roboto, Arial, sans-serif;margin: 0px 0px 20px\">Goditi la vista mozzafiato dell&#8217;Oceano Atlantico a perdita d&#8217;occhio dalla privacy dei tuoi balconi.<\/p>\n<p style=\"color: #000000;font-family: 'Helvetica Neue', Helvetica, Roboto, Arial, sans-serif;margin: 0px 0px 20px\">La Suite Atlantic offre un ampio soggiorno con un favoloso caminetto in legno e un fantastico balcone con vista sul mare, mentre la camera da letto offre il lusso di un letto king size, ampie viste sulla costa e un balcone privato con vista sull&#8217;oceano. Il bagno comprende una doccia, un bidet, un frigorifero e un set per la preparazione di t\u00e8 e caff\u00e8.<\/p>\t\t\t\t<\/div>\n\t\t\t\t<a href=\"#\" rel=\"nofollow\" class=\"wd-more-desc-btn\" aria-label=\"Read more description\"><\/a>\n\t\t\t<\/div>\n\t\t\t<div class=\" wd-bottom-actions\">\n\t\t\t\t<div class=\"wrap-wishlist-button\"><\/div>\n\t\t\t\t<div class=\"wd-add-btn wd-add-btn-replace\">\n\t\t\t\t\t<a href=\"https:\/\/guidetotheazores.pt\/it\/prodotto\/suite-atlantic\/\" aria-describedby=\"woocommerce_loop_add_to_cart_link_describedby_15999\" data-quantity=\"1\" class=\"button product_type_phive_booking add_to_cart_button add-to-cart-loop\" data-product_id=\"15999\" data-product_sku=\"\" aria-label=\"Leggi di pi\u00f9 su &quot;Suite Atlantic - Suite Atlantica&quot;\" rel=\"nofollow\"><span>Prenota Ora<\/span><\/a>\t<span id=\"woocommerce_loop_add_to_cart_link_describedby_15999\" class=\"screen-reader-text\">\n\t\t\t<\/span>\n\t\t\t\t\t\t\t\t\t\t\t\t\t\t\t\t\t\t\t\t<\/div>\n\t\t\t\t<div class=\"wrap-quickview-button\">\t\t<div class=\"quick-view wd-action-btn wd-style-icon wd-quick-view-icon\">\n\t\t\t<a\n\t\t\t\thref=\"https:\/\/guidetotheazores.pt\/it\/prodotto\/suite-atlantic\/\"\n\t\t\t\tclass=\"open-quick-view quick-view-button\"\n\t\t\t\trel=\"nofollow\"\n\t\t\t\tdata-id=\"15999\"\n\t\t\t\t>Quick view<\/a>\n\t\t<\/div>\n\t\t<\/div>\n\t\t\t<\/div>\n\n\t\t\t\t\t\t\n\t\t\t\t\t<\/div>\n\t<\/div>\n<\/div>\n<\/div>\n<div class=\"wd-product wd-hover-base wd-hover-with-fade wd-col product-grid-item product product-no-swatches type-product post-15998 status-publish first instock product_cat-alloggiamento-locale product_cat-pico-it product_cat-sistemazione product_cat-tutte-le-isole product_tag-isoladipico has-post-thumbnail virtual sold-individually taxable purchasable product-type-phive_booking\" data-loop=\"12\" data-id=\"15998\">\n\t\n\t\n<div class=\"product-wrapper\">\n\t<div class=\"content-product-imagin\"><\/div>\n\t<div class=\"product-element-top wd-quick-shop\">\n\t\t<a href=\"https:\/\/guidetotheazores.pt\/it\/prodotto\/suite-miradouro\/\" class=\"product-image-link\" tabindex=\"-1\" aria-label=\"Suite Miradouro &#8211; Matrimoniale\">\n\t\t\t<img decoding=\"async\" width=\"300\" height=\"225\" src=\"https:\/\/guidetotheazores.pt\/wp-content\/uploads\/2024\/03\/Miradouro-da-Papalva-Guide-to-the-Azores-Pico-1-300x225.jpg\" class=\"attachment-woocommerce_thumbnail size-woocommerce_thumbnail\" alt=\"Miradouro da Papalva - Guida alle Azzorre - Pico\" \/>\t\t<\/a>\n\n\t\t\t\t\t<div class=\"hover-img\">\n\t\t\t\t<img decoding=\"async\" width=\"300\" height=\"225\" src=\"https:\/\/guidetotheazores.pt\/wp-content\/uploads\/2024\/03\/Miradouro-da-Papalva-Guide-to-the-Azores-Pico-1-300x225.png\" class=\"attachment-woocommerce_thumbnail size-woocommerce_thumbnail\" alt=\"Miradouro da Papalva - Guida alle Azzorre - Pico\" \/>\t\t\t<\/div>\n\t\t\t\n\t\t<div class=\"wrapp-swatches\"><\/div>\n\t<\/div>\n\n\t<div class=\"product-element-bottom product-information\">\n\t\t<h3 class=\"wd-entities-title\"><a href=\"https:\/\/guidetotheazores.pt\/it\/prodotto\/suite-miradouro\/\">Suite Miradouro &#8211; Matrimoniale<\/a><\/h3>\t\t\t\t<div class=\"product-rating-price\">\n\t\t\t<div class=\"wrapp-product-price\">\n\t\t\t\t\n\t<span class=\"price\"><span class=\"woocommerce-Price-amount amount\"><bdi><span class=\"woocommerce-Price-currencySymbol\">&euro;<\/span>120.00<\/bdi><\/span>&nbsp;<span class = \"ph-bookings-display-cost-suffix\">From<\/span><\/span>\n        <\/a>\n                            <span class=\"details\">\n                        <a href=\"https:\/\/guidetotheazores.pt\/it\/partner\/miradouro-da-papalva\/\">Miradouro da Papalva<\/a>                    <\/span>\n            \t\t\t\t\t\t\t<\/div>\n\t\t<\/div>\n\t\t\t\t<div class=\"fade-in-block wd-scroll\">\n\t\t\t<div class=\"hover-content wd-more-desc\">\n\t\t\t\t<div class=\"hover-content-inner wd-more-desc-inner\">\n\t\t\t\t\t<p style=\"color: #000000; font-family: 'Helvetica Neue', Helvetica, Roboto, Arial, sans-serif; margin: 0px 0px 20px;\">Dalla comodit\u00e0 del tuo *letto matrimoniale o di due letti singoli, nella Suite Miradouro potrai godere di un&#8217;ampia vista sull&#8217;oceano lungo la costa fino alla citt\u00e0 di Lajes do Pico.<\/p>\n<p style=\"color: #000000; font-family: 'Helvetica Neue', Helvetica, Roboto, Arial, sans-serif; margin: 0px 0px 20px;\">Le caratteristiche includono un comodo letto king size, un frigorifero, un set per la preparazione di t\u00e8 e caff\u00e8 e una scrivania per recuperare qualche email.<\/p>\t\t\t\t<\/div>\n\t\t\t\t<a href=\"#\" rel=\"nofollow\" class=\"wd-more-desc-btn\" aria-label=\"Read more description\"><\/a>\n\t\t\t<\/div>\n\t\t\t<div class=\" wd-bottom-actions\">\n\t\t\t\t<div class=\"wrap-wishlist-button\"><\/div>\n\t\t\t\t<div class=\"wd-add-btn wd-add-btn-replace\">\n\t\t\t\t\t<a href=\"https:\/\/guidetotheazores.pt\/it\/prodotto\/suite-miradouro\/\" aria-describedby=\"woocommerce_loop_add_to_cart_link_describedby_15998\" data-quantity=\"1\" class=\"button product_type_phive_booking add_to_cart_button add-to-cart-loop\" data-product_id=\"15998\" data-product_sku=\"\" aria-label=\"Leggi di pi\u00f9 su &quot;Suite Miradouro - Matrimoniale&quot;\" rel=\"nofollow\"><span>Prenota Ora<\/span><\/a>\t<span id=\"woocommerce_loop_add_to_cart_link_describedby_15998\" class=\"screen-reader-text\">\n\t\t\t<\/span>\n\t\t\t\t\t\t\t\t\t\t\t\t\t\t\t\t\t\t\t\t<\/div>\n\t\t\t\t<div class=\"wrap-quickview-button\">\t\t<div class=\"quick-view wd-action-btn wd-style-icon wd-quick-view-icon\">\n\t\t\t<a\n\t\t\t\thref=\"https:\/\/guidetotheazores.pt\/it\/prodotto\/suite-miradouro\/\"\n\t\t\t\tclass=\"open-quick-view quick-view-button\"\n\t\t\t\trel=\"nofollow\"\n\t\t\t\tdata-id=\"15998\"\n\t\t\t\t>Quick view<\/a>\n\t\t<\/div>\n\t\t<\/div>\n\t\t\t<\/div>\n\n\t\t\t\t\t\t\n\t\t\t\t\t<\/div>\n\t<\/div>\n<\/div>\n<\/div>\n<div class=\"wd-product wd-hover-base wd-hover-with-fade wd-col product-grid-item product product-no-swatches type-product post-15995 status-publish instock product_cat-alloggiamento-locale product_cat-pico-it product_cat-sistemazione product_cat-tutte-le-isole product_tag-isoladipico has-post-thumbnail virtual sold-individually taxable purchasable product-type-phive_booking\" data-loop=\"13\" data-id=\"15995\">\n\t\n\t\n<div class=\"product-wrapper\">\n\t<div class=\"content-product-imagin\"><\/div>\n\t<div class=\"product-element-top wd-quick-shop\">\n\t\t<a href=\"https:\/\/guidetotheazores.pt\/it\/prodotto\/suite-papalva\/\" class=\"product-image-link\" tabindex=\"-1\" aria-label=\"Suite Papalva &#8211; Con Vasca Idromassaggio\">\n\t\t\t<img decoding=\"async\" width=\"300\" height=\"225\" src=\"https:\/\/guidetotheazores.pt\/wp-content\/uploads\/2024\/03\/Miradouro-da-Papalva-Guide-to-the-Azores-Pico-Cover-1-300x225.jpg\" class=\"attachment-woocommerce_thumbnail size-woocommerce_thumbnail\" alt=\"Miradouro da Papalva - Guida alle Azzorre - Pico\" \/>\t\t<\/a>\n\n\t\t\t\t\t<div class=\"hover-img\">\n\t\t\t\t<img decoding=\"async\" width=\"300\" height=\"225\" src=\"https:\/\/guidetotheazores.pt\/wp-content\/uploads\/2024\/03\/Miradouro-da-Papalva-Guide-to-the-Azores-Pico-300x225.jpg\" class=\"attachment-woocommerce_thumbnail size-woocommerce_thumbnail\" alt=\"Miradouro da Papalva - Guida alle Azzorre - Pico\" srcset=\"https:\/\/guidetotheazores.pt\/wp-content\/uploads\/2024\/03\/Miradouro-da-Papalva-Guide-to-the-Azores-Pico-300x225.jpg 300w, https:\/\/guidetotheazores.pt\/wp-content\/uploads\/2024\/03\/Miradouro-da-Papalva-Guide-to-the-Azores-Pico-600x450.jpg 600w\" sizes=\"(max-width: 300px) 100vw, 300px\" \/>\t\t\t<\/div>\n\t\t\t\n\t\t<div class=\"wrapp-swatches\"><\/div>\n\t<\/div>\n\n\t<div class=\"product-element-bottom product-information\">\n\t\t<h3 class=\"wd-entities-title\"><a href=\"https:\/\/guidetotheazores.pt\/it\/prodotto\/suite-papalva\/\">Suite Papalva &#8211; Con Vasca Idromassaggio<\/a><\/h3>\t\t\t\t<div class=\"product-rating-price\">\n\t\t\t<div class=\"wrapp-product-price\">\n\t\t\t\t\n\t<span class=\"price\"><span class=\"woocommerce-Price-amount amount\"><bdi><span class=\"woocommerce-Price-currencySymbol\">&euro;<\/span>183.00<\/bdi><\/span>&nbsp;<span class = \"ph-bookings-display-cost-suffix\">From<\/span><\/span>\n        <\/a>\n                            <span class=\"details\">\n                        <a href=\"https:\/\/guidetotheazores.pt\/it\/partner\/miradouro-da-papalva\/\">Miradouro da Papalva<\/a>                    <\/span>\n            \t\t\t\t\t\t\t<\/div>\n\t\t<\/div>\n\t\t\t\t<div class=\"fade-in-block wd-scroll\">\n\t\t\t<div class=\"hover-content wd-more-desc\">\n\t\t\t\t<div class=\"hover-content-inner wd-more-desc-inner\">\n\t\t\t\t\t<p style=\"color: #000000;font-family: 'Helvetica Neue', Helvetica, Roboto, Arial, sans-serif;margin: 0px 0px 20px\">La Premium Suite Papalva \u00e8 la nostra opzione pi\u00f9 spaziosa e include il lusso di un bagno privato con una sontuosa vasca idromassaggio ad angolo, che rappresenta il modo perfetto per rilassarsi dopo una giornata di avventura alla scoperta delle numerose attrazioni ed esperienze dell&#8217;Isola di Pico.<\/p>\n<p style=\"color: #000000;font-family: 'Helvetica Neue', Helvetica, Roboto, Arial, sans-serif;margin: 0px 0px 20px\">Un comodo letto queen size e un delizioso patio privato all&#8217;aperto per rilassarsi e ammirare la vista dell&#8217;oceano e della bellissima montagna &#8220;Pico&#8221;.<\/p>\t\t\t\t<\/div>\n\t\t\t\t<a href=\"#\" rel=\"nofollow\" class=\"wd-more-desc-btn\" aria-label=\"Read more description\"><\/a>\n\t\t\t<\/div>\n\t\t\t<div class=\" wd-bottom-actions\">\n\t\t\t\t<div class=\"wrap-wishlist-button\"><\/div>\n\t\t\t\t<div class=\"wd-add-btn wd-add-btn-replace\">\n\t\t\t\t\t<a href=\"https:\/\/guidetotheazores.pt\/it\/prodotto\/suite-papalva\/\" aria-describedby=\"woocommerce_loop_add_to_cart_link_describedby_15995\" data-quantity=\"1\" class=\"button product_type_phive_booking add_to_cart_button add-to-cart-loop\" data-product_id=\"15995\" data-product_sku=\"\" aria-label=\"Leggi di pi\u00f9 su &quot;Suite Papalva - Con Vasca Idromassaggio&quot;\" rel=\"nofollow\"><span>Prenota Ora<\/span><\/a>\t<span id=\"woocommerce_loop_add_to_cart_link_describedby_15995\" class=\"screen-reader-text\">\n\t\t\t<\/span>\n\t\t\t\t\t\t\t\t\t\t\t\t\t\t\t\t\t\t\t\t<\/div>\n\t\t\t\t<div class=\"wrap-quickview-button\">\t\t<div class=\"quick-view wd-action-btn wd-style-icon wd-quick-view-icon\">\n\t\t\t<a\n\t\t\t\thref=\"https:\/\/guidetotheazores.pt\/it\/prodotto\/suite-papalva\/\"\n\t\t\t\tclass=\"open-quick-view quick-view-button\"\n\t\t\t\trel=\"nofollow\"\n\t\t\t\tdata-id=\"15995\"\n\t\t\t\t>Quick view<\/a>\n\t\t<\/div>\n\t\t<\/div>\n\t\t\t<\/div>\n\n\t\t\t\t\t\t\n\t\t\t\t\t<\/div>\n\t<\/div>\n<\/div>\n<\/div>\n<div class=\"wd-product wd-hover-base wd-hover-with-fade wd-col product-grid-item product product-no-swatches type-product post-15994 status-publish instock product_cat-alloggiamento-locale product_cat-pico-it product_cat-sistemazione product_cat-tutte-le-isole product_tag-isoladipico has-post-thumbnail virtual sold-individually taxable purchasable product-type-phive_booking\" data-loop=\"14\" data-id=\"15994\">\n\t\n\t\n<div class=\"product-wrapper\">\n\t<div class=\"content-product-imagin\"><\/div>\n\t<div class=\"product-element-top wd-quick-shop\">\n\t\t<a href=\"https:\/\/guidetotheazores.pt\/it\/prodotto\/suite-pico\/\" class=\"product-image-link\" tabindex=\"-1\" aria-label=\"Suite Pico &#8211; Matrimoniale con vasca idromassaggio\">\n\t\t\t<img decoding=\"async\" width=\"300\" height=\"225\" src=\"https:\/\/guidetotheazores.pt\/wp-content\/uploads\/2024\/03\/Miradouro-da-Papalva-Guide-to-the-Azores-Pico-2-300x225.jpg\" class=\"attachment-woocommerce_thumbnail size-woocommerce_thumbnail\" alt=\"Miradouro da Papalva - Guida alle Azzorre - Pico\" \/>\t\t<\/a>\n\n\t\t\t\t\t<div class=\"hover-img\">\n\t\t\t\t<img decoding=\"async\" width=\"300\" height=\"225\" src=\"https:\/\/guidetotheazores.pt\/wp-content\/uploads\/2024\/03\/Miradouro-da-Papalva-Guide-to-the-Azores-Pico-2-300x225.png\" class=\"attachment-woocommerce_thumbnail size-woocommerce_thumbnail\" alt=\"Miradouro da Papalva - Guida alle Azzorre - Pico\" \/>\t\t\t<\/div>\n\t\t\t\n\t\t<div class=\"wrapp-swatches\"><\/div>\n\t<\/div>\n\n\t<div class=\"product-element-bottom product-information\">\n\t\t<h3 class=\"wd-entities-title\"><a href=\"https:\/\/guidetotheazores.pt\/it\/prodotto\/suite-pico\/\">Suite Pico &#8211; Matrimoniale con vasca idromassaggio<\/a><\/h3>\t\t\t\t<div class=\"product-rating-price\">\n\t\t\t<div class=\"wrapp-product-price\">\n\t\t\t\t\n\t<span class=\"price\"><span class=\"woocommerce-Price-amount amount\"><bdi><span class=\"woocommerce-Price-currencySymbol\">&euro;<\/span>130.00<\/bdi><\/span>&nbsp;<span class = \"ph-bookings-display-cost-suffix\">From<\/span><\/span>\n        <\/a>\n                            <span class=\"details\">\n                        <a href=\"https:\/\/guidetotheazores.pt\/it\/partner\/miradouro-da-papalva\/\">Miradouro da Papalva<\/a>                    <\/span>\n            \t\t\t\t\t\t\t<\/div>\n\t\t<\/div>\n\t\t\t\t<div class=\"fade-in-block wd-scroll\">\n\t\t\t<div class=\"hover-content wd-more-desc\">\n\t\t\t\t<div class=\"hover-content-inner wd-more-desc-inner\">\n\t\t\t\t\t<p style=\"color: #000000; font-family: 'Helvetica Neue', Helvetica, Roboto, Arial, sans-serif; margin: 0px 0px 20px;\">Con una vista sulla maestosa Montagna Pico e sull&#8217;Oceano Atlantico, la Pico Suite offre agli ospiti una favolosa prospettiva panoramica.<span class=\"Apple-converted-space\"> <\/span><\/p>\n<p style=\"color: #000000; font-family: 'Helvetica Neue', Helvetica, Roboto, Arial, sans-serif; margin: 0px 0px 20px;\">Le caratteristiche includono un comodo letto matrimoniale (o due singoli) con la comodit\u00e0 di una lussuosa vasca idromassaggio, un frigorifero, un set per la preparazione di t\u00e8 e caff\u00e8 e un tavolo in pietra lavica.<\/p>\t\t\t\t<\/div>\n\t\t\t\t<a href=\"#\" rel=\"nofollow\" class=\"wd-more-desc-btn\" aria-label=\"Read more description\"><\/a>\n\t\t\t<\/div>\n\t\t\t<div class=\" wd-bottom-actions\">\n\t\t\t\t<div class=\"wrap-wishlist-button\"><\/div>\n\t\t\t\t<div class=\"wd-add-btn wd-add-btn-replace\">\n\t\t\t\t\t<a href=\"https:\/\/guidetotheazores.pt\/it\/prodotto\/suite-pico\/\" aria-describedby=\"woocommerce_loop_add_to_cart_link_describedby_15994\" data-quantity=\"1\" class=\"button product_type_phive_booking add_to_cart_button add-to-cart-loop\" data-product_id=\"15994\" data-product_sku=\"\" aria-label=\"Leggi di pi\u00f9 su &quot;Suite Pico - Matrimoniale con vasca idromassaggio&quot;\" rel=\"nofollow\"><span>Prenota Ora<\/span><\/a>\t<span id=\"woocommerce_loop_add_to_cart_link_describedby_15994\" class=\"screen-reader-text\">\n\t\t\t<\/span>\n\t\t\t\t\t\t\t\t\t\t\t\t\t\t\t\t\t\t\t\t<\/div>\n\t\t\t\t<div class=\"wrap-quickview-button\">\t\t<div class=\"quick-view wd-action-btn wd-style-icon wd-quick-view-icon\">\n\t\t\t<a\n\t\t\t\thref=\"https:\/\/guidetotheazores.pt\/it\/prodotto\/suite-pico\/\"\n\t\t\t\tclass=\"open-quick-view quick-view-button\"\n\t\t\t\trel=\"nofollow\"\n\t\t\t\tdata-id=\"15994\"\n\t\t\t\t>Quick view<\/a>\n\t\t<\/div>\n\t\t<\/div>\n\t\t\t<\/div>\n\n\t\t\t\t\t\t\n\t\t\t\t\t<\/div>\n\t<\/div>\n<\/div>\n<\/div>\n<div class=\"wd-product wd-hover-base wd-hover-with-fade wd-col product-grid-item product has-stars product-no-swatches type-product post-9709 status-publish last instock product_cat-alloggiamento-locale product_cat-faial-it product_cat-sistemazione product_cat-tutte-le-isole product_tag-isoladifaial has-post-thumbnail virtual sold-individually taxable purchasable product-type-phive_booking\" data-loop=\"15\" data-id=\"9709\">\n\t\n\t\n<div class=\"product-wrapper\">\n\t<div class=\"content-product-imagin\"><\/div>\n\t<div class=\"product-element-top wd-quick-shop\">\n\t\t<a href=\"https:\/\/guidetotheazores.pt\/it\/prodotto\/casa-aguaplano-cottage\/\" class=\"product-image-link\" tabindex=\"-1\" aria-label=\"Casa Aguaplano Cottage accogliente\">\n\t\t\t<img decoding=\"async\" width=\"300\" height=\"225\" src=\"https:\/\/guidetotheazores.pt\/wp-content\/uploads\/2021\/11\/Casa-Aguaplano-Cottage-300x225.jpeg\" class=\"attachment-woocommerce_thumbnail size-woocommerce_thumbnail\" alt=\"Casa Aguaplano Cottage\" srcset=\"https:\/\/guidetotheazores.pt\/wp-content\/uploads\/2021\/11\/Casa-Aguaplano-Cottage-300x225.jpeg 300w, https:\/\/guidetotheazores.pt\/wp-content\/uploads\/2021\/11\/Casa-Aguaplano-Cottage-768x576.jpeg 768w, https:\/\/guidetotheazores.pt\/wp-content\/uploads\/2021\/11\/Casa-Aguaplano-Cottage-192x144.jpeg 192w, https:\/\/guidetotheazores.pt\/wp-content\/uploads\/2021\/11\/Casa-Aguaplano-Cottage-384x288.jpeg 384w, https:\/\/guidetotheazores.pt\/wp-content\/uploads\/2021\/11\/Casa-Aguaplano-Cottage-90x67.jpeg 90w, https:\/\/guidetotheazores.pt\/wp-content\/uploads\/2021\/11\/Casa-Aguaplano-Cottage-180x135.jpeg 180w, https:\/\/guidetotheazores.pt\/wp-content\/uploads\/2021\/11\/Casa-Aguaplano-Cottage-561x421.jpeg 561w, https:\/\/guidetotheazores.pt\/wp-content\/uploads\/2021\/11\/Casa-Aguaplano-Cottage-265x199.jpeg 265w, https:\/\/guidetotheazores.pt\/wp-content\/uploads\/2021\/11\/Casa-Aguaplano-Cottage-531x398.jpeg 531w, https:\/\/guidetotheazores.pt\/wp-content\/uploads\/2021\/11\/Casa-Aguaplano-Cottage-364x273.jpeg 364w, https:\/\/guidetotheazores.pt\/wp-content\/uploads\/2021\/11\/Casa-Aguaplano-Cottage-728x546.jpeg 728w, https:\/\/guidetotheazores.pt\/wp-content\/uploads\/2021\/11\/Casa-Aguaplano-Cottage-608x456.jpeg 608w, https:\/\/guidetotheazores.pt\/wp-content\/uploads\/2021\/11\/Casa-Aguaplano-Cottage-758x569.jpeg 758w, https:\/\/guidetotheazores.pt\/wp-content\/uploads\/2021\/11\/Casa-Aguaplano-Cottage-600x450.jpeg 600w, https:\/\/guidetotheazores.pt\/wp-content\/uploads\/2021\/11\/Casa-Aguaplano-Cottage.jpeg 1024w\" sizes=\"(max-width: 300px) 100vw, 300px\" \/>\t\t<\/a>\n\n\t\t\t\t\t<div class=\"hover-img\">\n\t\t\t\t<img decoding=\"async\" width=\"300\" height=\"225\" src=\"https:\/\/guidetotheazores.pt\/wp-content\/uploads\/2021\/11\/Casa-Aguaplano-Eng-300x225.jpg\" class=\"attachment-woocommerce_thumbnail size-woocommerce_thumbnail\" alt=\"Casa Aguaplano - Guida alle Azzorre - Faial\" srcset=\"https:\/\/guidetotheazores.pt\/wp-content\/uploads\/2021\/11\/Casa-Aguaplano-Eng-300x225.jpg 300w, https:\/\/guidetotheazores.pt\/wp-content\/uploads\/2021\/11\/Casa-Aguaplano-Eng-600x450.jpg 600w\" sizes=\"(max-width: 300px) 100vw, 300px\" \/>\t\t\t<\/div>\n\t\t\t\n\t\t<div class=\"wrapp-swatches\"><\/div>\n\t<\/div>\n\n\t<div class=\"product-element-bottom product-information\">\n\t\t<h3 class=\"wd-entities-title\"><a href=\"https:\/\/guidetotheazores.pt\/it\/prodotto\/casa-aguaplano-cottage\/\">Casa Aguaplano Cottage accogliente<\/a><\/h3>\t\t\t\t<div class=\"product-rating-price\">\n\t\t\t<div class=\"wrapp-product-price\">\n\t\t\t\t\n\t<span class=\"price\"><span class=\"woocommerce-Price-amount amount\"><bdi><span class=\"woocommerce-Price-currencySymbol\">&euro;<\/span>70.00<\/bdi><\/span>&nbsp;<span class = \"ph-bookings-display-cost-suffix\">Single\/Double<\/span><\/span>\n        <\/a>\n                            <span class=\"details\">\n                        <a href=\"https:\/\/guidetotheazores.pt\/it\/partner\/aguaplano\/\">Casa Aguaplano<\/a>                    <\/span>\n            \t\t\t\t\t\t\n\t\t\t\t<div class=\"star-rating\" role=\"img\" aria-label=\"Valutato 5.00 su 5\">\n\t\t\t\t\t<span style=\"width:100%\">\n\t\t\tValutato <strong class=\"rating\">5.00<\/strong> su 5\t\t<\/span>\n\t\t\t\t<\/div>\n\n\t\t\n\t\t\t\t\t\t\t<\/div>\n\t\t<\/div>\n\t\t\t\t<div class=\"fade-in-block wd-scroll\">\n\t\t\t<div class=\"hover-content wd-more-desc\">\n\t\t\t\t<div class=\"hover-content-inner wd-more-desc-inner\">\n\t\t\t\t\tAccogliente cottage in legno di 30 mq vicino al vulcano Capelinhos con vista sull&#8217;oceano, favolosi tramonti, patio con barbecue e servizi completi. A pochi minuti dalle piscine naturali e da Horta. \t\t\t\t<\/div>\n\t\t\t\t<a href=\"#\" rel=\"nofollow\" class=\"wd-more-desc-btn\" aria-label=\"Read more description\"><\/a>\n\t\t\t<\/div>\n\t\t\t<div class=\" wd-bottom-actions\">\n\t\t\t\t<div class=\"wrap-wishlist-button\"><\/div>\n\t\t\t\t<div class=\"wd-add-btn wd-add-btn-replace\">\n\t\t\t\t\t<a href=\"https:\/\/guidetotheazores.pt\/it\/prodotto\/casa-aguaplano-cottage\/\" aria-describedby=\"woocommerce_loop_add_to_cart_link_describedby_9709\" data-quantity=\"1\" class=\"button product_type_phive_booking add_to_cart_button add-to-cart-loop\" data-product_id=\"9709\" data-product_sku=\"\" aria-label=\"Leggi di pi\u00f9 su &quot;Casa Aguaplano Cottage accogliente&quot;\" rel=\"nofollow\"><span>Prenota Ora<\/span><\/a>\t<span id=\"woocommerce_loop_add_to_cart_link_describedby_9709\" class=\"screen-reader-text\">\n\t\t\t<\/span>\n\t\t\t\t\t\t\t\t\t\t\t\t\t\t\t\t\t\t\t\t<\/div>\n\t\t\t\t<div class=\"wrap-quickview-button\">\t\t<div class=\"quick-view wd-action-btn wd-style-icon wd-quick-view-icon\">\n\t\t\t<a\n\t\t\t\thref=\"https:\/\/guidetotheazores.pt\/it\/prodotto\/casa-aguaplano-cottage\/\"\n\t\t\t\tclass=\"open-quick-view quick-view-button\"\n\t\t\t\trel=\"nofollow\"\n\t\t\t\tdata-id=\"9709\"\n\t\t\t\t>Quick view<\/a>\n\t\t<\/div>\n\t\t<\/div>\n\t\t\t<\/div>\n\n\t\t\t\t\t\t\n\t\t\t\t\t<\/div>\n\t<\/div>\n<\/div>\n<\/div>\n<div class=\"wd-product wd-hover-base wd-hover-with-fade wd-col product-grid-item product product-no-swatches type-product post-11380 status-publish first instock product_cat-alloggiamento-locale product_cat-faial-it product_cat-sistemazione product_cat-tutte-le-isole product_tag-isoladifaial has-post-thumbnail virtual sold-individually taxable purchasable product-type-phive_booking\" data-loop=\"16\" data-id=\"11380\">\n\t\n\t\n<div class=\"product-wrapper\">\n\t<div class=\"content-product-imagin\"><\/div>\n\t<div class=\"product-element-top wd-quick-shop\">\n\t\t<a href=\"https:\/\/guidetotheazores.pt\/it\/prodotto\/haven-hill-villa-horta\/\" class=\"product-image-link\" tabindex=\"-1\" aria-label=\"Villa Haven Hill\">\n\t\t\t<img decoding=\"async\" width=\"300\" height=\"225\" src=\"https:\/\/guidetotheazores.pt\/wp-content\/uploads\/2023\/06\/dji_fly_20230404_103648_0_1680604608300_photo_low_quality-1-300x225.jpg\" class=\"attachment-woocommerce_thumbnail size-woocommerce_thumbnail\" alt=\"Sistemazione di lusso Haven Hill\" srcset=\"https:\/\/guidetotheazores.pt\/wp-content\/uploads\/2023\/06\/dji_fly_20230404_103648_0_1680604608300_photo_low_quality-1-300x225.jpg 300w, https:\/\/guidetotheazores.pt\/wp-content\/uploads\/2023\/06\/dji_fly_20230404_103648_0_1680604608300_photo_low_quality-1-192x144.jpg 192w, https:\/\/guidetotheazores.pt\/wp-content\/uploads\/2023\/06\/dji_fly_20230404_103648_0_1680604608300_photo_low_quality-1-384x288.jpg 384w, https:\/\/guidetotheazores.pt\/wp-content\/uploads\/2023\/06\/dji_fly_20230404_103648_0_1680604608300_photo_low_quality-1-90x67.jpg 90w, https:\/\/guidetotheazores.pt\/wp-content\/uploads\/2023\/06\/dji_fly_20230404_103648_0_1680604608300_photo_low_quality-1-180x135.jpg 180w, https:\/\/guidetotheazores.pt\/wp-content\/uploads\/2023\/06\/dji_fly_20230404_103648_0_1680604608300_photo_low_quality-1-561x421.jpg 561w\" sizes=\"(max-width: 300px) 100vw, 300px\" \/>\t\t<\/a>\n\n\t\t\t\t\t<div class=\"hover-img\">\n\t\t\t\t<img decoding=\"async\" width=\"300\" height=\"225\" src=\"https:\/\/guidetotheazores.pt\/wp-content\/uploads\/2023\/06\/dji_fly_20230404_105041_0_1680605441326_photo_low_quality-300x225.jpg\" class=\"attachment-woocommerce_thumbnail size-woocommerce_thumbnail\" alt=\"Sistemazione di lusso Haven Hill\" srcset=\"https:\/\/guidetotheazores.pt\/wp-content\/uploads\/2023\/06\/dji_fly_20230404_105041_0_1680605441326_photo_low_quality-300x225.jpg 300w, https:\/\/guidetotheazores.pt\/wp-content\/uploads\/2023\/06\/dji_fly_20230404_105041_0_1680605441326_photo_low_quality-192x144.jpg 192w, https:\/\/guidetotheazores.pt\/wp-content\/uploads\/2023\/06\/dji_fly_20230404_105041_0_1680605441326_photo_low_quality-384x288.jpg 384w, https:\/\/guidetotheazores.pt\/wp-content\/uploads\/2023\/06\/dji_fly_20230404_105041_0_1680605441326_photo_low_quality-90x67.jpg 90w, https:\/\/guidetotheazores.pt\/wp-content\/uploads\/2023\/06\/dji_fly_20230404_105041_0_1680605441326_photo_low_quality-180x135.jpg 180w, https:\/\/guidetotheazores.pt\/wp-content\/uploads\/2023\/06\/dji_fly_20230404_105041_0_1680605441326_photo_low_quality-561x421.jpg 561w\" sizes=\"(max-width: 300px) 100vw, 300px\" \/>\t\t\t<\/div>\n\t\t\t\n\t\t<div class=\"wrapp-swatches\"><\/div>\n\t<\/div>\n\n\t<div class=\"product-element-bottom product-information\">\n\t\t<h3 class=\"wd-entities-title\"><a href=\"https:\/\/guidetotheazores.pt\/it\/prodotto\/haven-hill-villa-horta\/\">Villa Haven Hill<\/a><\/h3>\t\t\t\t<div class=\"product-rating-price\">\n\t\t\t<div class=\"wrapp-product-price\">\n\t\t\t\t\n\t<span class=\"price\"><span class=\"woocommerce-Price-amount amount\"><bdi><span class=\"woocommerce-Price-currencySymbol\">&euro;<\/span>350.00<\/bdi><\/span>&nbsp;<span class = \"ph-bookings-display-cost-suffix\">Whole House<\/span><\/span>\n        <\/a>\n                            <span class=\"details\">\n                        <a href=\"https:\/\/guidetotheazores.pt\/it\/partner\/haven-hill\/\">Haven Hill<\/a>                    <\/span>\n            \t\t\t\t\t\t\t<\/div>\n\t\t<\/div>\n\t\t\t\t<div class=\"fade-in-block wd-scroll\">\n\t\t\t<div class=\"hover-content wd-more-desc\">\n\t\t\t\t<div class=\"hover-content-inner wd-more-desc-inner\">\n\t\t\t\t\tHaven Hill \u00e8 una villa modernamente ristrutturata da Azores Properties. Situato a Horta, in una tenuta privata di 23.000 m2. Ha diverse camere da letto, una piscina, aria condizionata, privacy e due terrazze con una vista unica sulla baia di Horta e verso l&#8217;isola di Pico e S\u00e3o Jorge.\n\nOspita fino a 7 persone\t\t\t\t<\/div>\n\t\t\t\t<a href=\"#\" rel=\"nofollow\" class=\"wd-more-desc-btn\" aria-label=\"Read more description\"><\/a>\n\t\t\t<\/div>\n\t\t\t<div class=\" wd-bottom-actions\">\n\t\t\t\t<div class=\"wrap-wishlist-button\"><\/div>\n\t\t\t\t<div class=\"wd-add-btn wd-add-btn-replace\">\n\t\t\t\t\t<a href=\"https:\/\/guidetotheazores.pt\/it\/prodotto\/haven-hill-villa-horta\/\" aria-describedby=\"woocommerce_loop_add_to_cart_link_describedby_11380\" data-quantity=\"1\" class=\"button product_type_phive_booking add_to_cart_button add-to-cart-loop\" data-product_id=\"11380\" data-product_sku=\"\" aria-label=\"Leggi di pi\u00f9 su &quot;Villa Haven Hill&quot;\" rel=\"nofollow\"><span>Prenota Ora<\/span><\/a>\t<span id=\"woocommerce_loop_add_to_cart_link_describedby_11380\" class=\"screen-reader-text\">\n\t\t\t<\/span>\n\t\t\t\t\t\t\t\t\t\t\t\t\t\t\t\t\t\t\t\t<\/div>\n\t\t\t\t<div class=\"wrap-quickview-button\">\t\t<div class=\"quick-view wd-action-btn wd-style-icon wd-quick-view-icon\">\n\t\t\t<a\n\t\t\t\thref=\"https:\/\/guidetotheazores.pt\/it\/prodotto\/haven-hill-villa-horta\/\"\n\t\t\t\tclass=\"open-quick-view quick-view-button\"\n\t\t\t\trel=\"nofollow\"\n\t\t\t\tdata-id=\"11380\"\n\t\t\t\t>Quick view<\/a>\n\t\t<\/div>\n\t\t<\/div>\n\t\t\t<\/div>\n\n\t\t\t\t\t\t\n\t\t\t\t\t<\/div>\n\t<\/div>\n<\/div>\n<\/div>\n<div class=\"wd-product wd-hover-base wd-hover-with-fade wd-col product-grid-item product product-no-swatches type-product post-9772 status-publish instock product_cat-alloggiamento-locale product_cat-faial-it product_cat-sistemazione product_cat-tutte-le-isole product_tag-isoladifaial has-post-thumbnail virtual sold-individually taxable purchasable product-type-phive_booking\" data-loop=\"17\" data-id=\"9772\">\n\t\n\t\n<div class=\"product-wrapper\">\n\t<div class=\"content-product-imagin\"><\/div>\n\t<div class=\"product-element-top wd-quick-shop\">\n\t\t<a href=\"https:\/\/guidetotheazores.pt\/it\/prodotto\/caravela-2\/\" class=\"product-image-link\" tabindex=\"-1\" aria-label=\"CARAVELA &#8211; Camera doppia, bagno in camera\">\n\t\t\t<img decoding=\"async\" width=\"300\" height=\"225\" src=\"https:\/\/guidetotheazores.pt\/wp-content\/uploads\/2022\/01\/13-Caravela5ok-1-scaled-300x225.jpg\" class=\"attachment-woocommerce_thumbnail size-woocommerce_thumbnail\" alt=\"\" srcset=\"https:\/\/guidetotheazores.pt\/wp-content\/uploads\/2022\/01\/13-Caravela5ok-1-scaled-300x225.jpg 300w, https:\/\/guidetotheazores.pt\/wp-content\/uploads\/2022\/01\/13-Caravela5ok-1-1024x765.jpg 1024w, https:\/\/guidetotheazores.pt\/wp-content\/uploads\/2022\/01\/13-Caravela5ok-1-768x574.jpg 768w, https:\/\/guidetotheazores.pt\/wp-content\/uploads\/2022\/01\/13-Caravela5ok-1-1536x1147.jpg 1536w, https:\/\/guidetotheazores.pt\/wp-content\/uploads\/2022\/01\/13-Caravela5ok-1-2048x1530.jpg 2048w, https:\/\/guidetotheazores.pt\/wp-content\/uploads\/2022\/01\/13-Caravela5ok-1-192x144.jpg 192w, https:\/\/guidetotheazores.pt\/wp-content\/uploads\/2022\/01\/13-Caravela5ok-1-384x288.jpg 384w, https:\/\/guidetotheazores.pt\/wp-content\/uploads\/2022\/01\/13-Caravela5ok-1-90x67.jpg 90w, https:\/\/guidetotheazores.pt\/wp-content\/uploads\/2022\/01\/13-Caravela5ok-1-180x135.jpg 180w, https:\/\/guidetotheazores.pt\/wp-content\/uploads\/2022\/01\/13-Caravela5ok-1-561x419.jpg 561w, https:\/\/guidetotheazores.pt\/wp-content\/uploads\/2022\/01\/13-Caravela5ok-1-1122x838.jpg 1122w, https:\/\/guidetotheazores.pt\/wp-content\/uploads\/2022\/01\/13-Caravela5ok-1-265x198.jpg 265w, https:\/\/guidetotheazores.pt\/wp-content\/uploads\/2022\/01\/13-Caravela5ok-1-531x397.jpg 531w, https:\/\/guidetotheazores.pt\/wp-content\/uploads\/2022\/01\/13-Caravela5ok-1-364x272.jpg 364w, https:\/\/guidetotheazores.pt\/wp-content\/uploads\/2022\/01\/13-Caravela5ok-1-728x544.jpg 728w, https:\/\/guidetotheazores.pt\/wp-content\/uploads\/2022\/01\/13-Caravela5ok-1-608x454.jpg 608w, https:\/\/guidetotheazores.pt\/wp-content\/uploads\/2022\/01\/13-Caravela5ok-1-758x566.jpg 758w, https:\/\/guidetotheazores.pt\/wp-content\/uploads\/2022\/01\/13-Caravela5ok-1-1152x860.jpg 1152w, https:\/\/guidetotheazores.pt\/wp-content\/uploads\/2022\/01\/13-Caravela5ok-1-313x234.jpg 313w, https:\/\/guidetotheazores.pt\/wp-content\/uploads\/2022\/01\/13-Caravela5ok-1-600x448.jpg 600w\" sizes=\"(max-width: 300px) 100vw, 300px\">\t\t<\/a>\n\n\t\t\n\t\t<div class=\"wrapp-swatches\"><\/div>\n\t<\/div>\n\n\t<div class=\"product-element-bottom product-information\">\n\t\t<h3 class=\"wd-entities-title\"><a href=\"https:\/\/guidetotheazores.pt\/it\/prodotto\/caravela-2\/\">CARAVELA &#8211; Camera doppia, bagno in camera<\/a><\/h3>\t\t\t\t<div class=\"product-rating-price\">\n\t\t\t<div class=\"wrapp-product-price\">\n\t\t\t\t\n\t<span class=\"price\"><span class=\"woocommerce-Price-amount amount\"><bdi><span class=\"woocommerce-Price-currencySymbol\">&euro;<\/span>55.00<\/bdi><\/span>&nbsp;<span class = \"ph-bookings-display-cost-suffix\">From<\/span><\/span>\n        <\/a>\n                            <span class=\"details\">\n                        <a href=\"https:\/\/guidetotheazores.pt\/it\/partner\/casabuonvento\/\">Casa BuonVento &#8211; Alojamento Local<\/a>                    <\/span>\n            \t\t\t\t\t\t\t<\/div>\n\t\t<\/div>\n\t\t\t\t<div class=\"fade-in-block wd-scroll\">\n\t\t\t<div class=\"hover-content wd-more-desc\">\n\t\t\t\t<div class=\"hover-content-inner wd-more-desc-inner\">\n\t\t\t\t\tCARAVELA &#8211; Camera doppia \/ matrimoniale\nSecondo piano (senza ascensore)\nVista sul cortile interno\nBagno in camera\t\t\t\t<\/div>\n\t\t\t\t<a href=\"#\" rel=\"nofollow\" class=\"wd-more-desc-btn\" aria-label=\"Read more description\"><\/a>\n\t\t\t<\/div>\n\t\t\t<div class=\" wd-bottom-actions\">\n\t\t\t\t<div class=\"wrap-wishlist-button\"><\/div>\n\t\t\t\t<div class=\"wd-add-btn wd-add-btn-replace\">\n\t\t\t\t\t<a href=\"https:\/\/guidetotheazores.pt\/it\/prodotto\/caravela-2\/\" aria-describedby=\"woocommerce_loop_add_to_cart_link_describedby_9772\" data-quantity=\"1\" class=\"button product_type_phive_booking add_to_cart_button add-to-cart-loop\" data-product_id=\"9772\" data-product_sku=\"\" aria-label=\"Leggi di pi\u00f9 su &quot;CARAVELA - Camera doppia, bagno in camera&quot;\" rel=\"nofollow\"><span>Prenota Ora<\/span><\/a>\t<span id=\"woocommerce_loop_add_to_cart_link_describedby_9772\" class=\"screen-reader-text\">\n\t\t\t<\/span>\n\t\t\t\t\t\t\t\t\t\t\t\t\t\t\t\t\t\t\t\t<\/div>\n\t\t\t\t<div class=\"wrap-quickview-button\">\t\t<div class=\"quick-view wd-action-btn wd-style-icon wd-quick-view-icon\">\n\t\t\t<a\n\t\t\t\thref=\"https:\/\/guidetotheazores.pt\/it\/prodotto\/caravela-2\/\"\n\t\t\t\tclass=\"open-quick-view quick-view-button\"\n\t\t\t\trel=\"nofollow\"\n\t\t\t\tdata-id=\"9772\"\n\t\t\t\t>Quick view<\/a>\n\t\t<\/div>\n\t\t<\/div>\n\t\t\t<\/div>\n\n\t\t\t\t\t\t\n\t\t\t\t\t<\/div>\n\t<\/div>\n<\/div>\n<\/div>\n<div class=\"wd-product wd-hover-base wd-hover-with-fade wd-col product-grid-item product product-no-swatches type-product post-10735 status-publish instock product_cat-alloggiamento-locale product_cat-faial-it product_cat-sistemazione product_cat-tutte-le-isole product_tag-isoladifaial has-post-thumbnail virtual sold-individually taxable purchasable product-type-phive_booking\" data-loop=\"18\" data-id=\"10735\">\n\t\n\t\n<div class=\"product-wrapper\">\n\t<div class=\"content-product-imagin\"><\/div>\n\t<div class=\"product-element-top wd-quick-shop\">\n\t\t<a href=\"https:\/\/guidetotheazores.pt\/it\/prodotto\/casa-aguaplano-suite\/\" class=\"product-image-link\" tabindex=\"-1\" aria-label=\"Suite Casa Aguaplano (presto disponibile)\">\n\t\t\t<img decoding=\"async\" width=\"300\" height=\"225\" src=\"https:\/\/guidetotheazores.pt\/wp-content\/uploads\/2023\/10\/Casa-Aguaplano-Suite-300x225.jpeg\" class=\"attachment-woocommerce_thumbnail size-woocommerce_thumbnail\" alt=\"\" srcset=\"https:\/\/guidetotheazores.pt\/wp-content\/uploads\/2023\/10\/Casa-Aguaplano-Suite-300x225.jpeg 300w, https:\/\/guidetotheazores.pt\/wp-content\/uploads\/2023\/10\/Casa-Aguaplano-Suite-768x576.jpeg 768w, https:\/\/guidetotheazores.pt\/wp-content\/uploads\/2023\/10\/Casa-Aguaplano-Suite-192x144.jpeg 192w, https:\/\/guidetotheazores.pt\/wp-content\/uploads\/2023\/10\/Casa-Aguaplano-Suite-384x288.jpeg 384w, https:\/\/guidetotheazores.pt\/wp-content\/uploads\/2023\/10\/Casa-Aguaplano-Suite-90x67.jpeg 90w, https:\/\/guidetotheazores.pt\/wp-content\/uploads\/2023\/10\/Casa-Aguaplano-Suite-180x135.jpeg 180w, https:\/\/guidetotheazores.pt\/wp-content\/uploads\/2023\/10\/Casa-Aguaplano-Suite-561x421.jpeg 561w, https:\/\/guidetotheazores.pt\/wp-content\/uploads\/2023\/10\/Casa-Aguaplano-Suite-265x199.jpeg 265w, https:\/\/guidetotheazores.pt\/wp-content\/uploads\/2023\/10\/Casa-Aguaplano-Suite-531x398.jpeg 531w, https:\/\/guidetotheazores.pt\/wp-content\/uploads\/2023\/10\/Casa-Aguaplano-Suite-364x273.jpeg 364w, https:\/\/guidetotheazores.pt\/wp-content\/uploads\/2023\/10\/Casa-Aguaplano-Suite-728x546.jpeg 728w, https:\/\/guidetotheazores.pt\/wp-content\/uploads\/2023\/10\/Casa-Aguaplano-Suite-608x456.jpeg 608w, https:\/\/guidetotheazores.pt\/wp-content\/uploads\/2023\/10\/Casa-Aguaplano-Suite-758x569.jpeg 758w, https:\/\/guidetotheazores.pt\/wp-content\/uploads\/2023\/10\/Casa-Aguaplano-Suite-600x450.jpeg 600w, https:\/\/guidetotheazores.pt\/wp-content\/uploads\/2023\/10\/Casa-Aguaplano-Suite.jpeg 1024w\" sizes=\"(max-width: 300px) 100vw, 300px\">\t\t<\/a>\n\n\t\t\n\t\t<div class=\"wrapp-swatches\"><\/div>\n\t<\/div>\n\n\t<div class=\"product-element-bottom product-information\">\n\t\t<h3 class=\"wd-entities-title\"><a href=\"https:\/\/guidetotheazores.pt\/it\/prodotto\/casa-aguaplano-suite\/\">Suite Casa Aguaplano (presto disponibile)<\/a><\/h3>\t\t\t\t<div class=\"product-rating-price\">\n\t\t\t<div class=\"wrapp-product-price\">\n\t\t\t\t\n\t<span class=\"price\"><span class=\"woocommerce-Price-amount amount\"><bdi><span class=\"woocommerce-Price-currencySymbol\">&euro;<\/span>80.00<\/bdi><\/span>&nbsp;<span class = \"ph-bookings-display-cost-suffix\">Double<\/span><\/span>\n        <\/a>\n                            <span class=\"details\">\n                        <a href=\"https:\/\/guidetotheazores.pt\/it\/partner\/aguaplano\/\">Casa Aguaplano<\/a>                    <\/span>\n            \t\t\t\t\t\t\t<\/div>\n\t\t<\/div>\n\t\t\t\t<div class=\"fade-in-block wd-scroll\">\n\t\t\t<div class=\"hover-content wd-more-desc\">\n\t\t\t\t<div class=\"hover-content-inner wd-more-desc-inner\">\n\t\t\t\t\tDisponibile a breve!\n\nAdatta a una famiglia o a un gruppo di amici, questa suite di 90 m\u00b2 \u00e8 spaziosa e dispone di un&#8217;ampia cucina, di un accogliente soggiorno con stufa a legna e di uno studio con un divano che pu\u00f2 essere utilizzato come letto supplementare. La terrazza antistante offre la possibilit\u00e0 di godere di tramonti incomparabili.\n\nVenite a godervi la tranquilla campagna in una delle zone pi\u00f9 lussureggianti di Faial, svegliandovi con la splendida vista del cielo dell&#8217;oceano e degli innumerevoli merli che cantano.\t\t\t\t<\/div>\n\t\t\t\t<a href=\"#\" rel=\"nofollow\" class=\"wd-more-desc-btn\" aria-label=\"Read more description\"><\/a>\n\t\t\t<\/div>\n\t\t\t<div class=\" wd-bottom-actions\">\n\t\t\t\t<div class=\"wrap-wishlist-button\"><\/div>\n\t\t\t\t<div class=\"wd-add-btn wd-add-btn-replace\">\n\t\t\t\t\t<a href=\"https:\/\/guidetotheazores.pt\/it\/prodotto\/casa-aguaplano-suite\/\" aria-describedby=\"woocommerce_loop_add_to_cart_link_describedby_10735\" data-quantity=\"1\" class=\"button product_type_phive_booking add_to_cart_button add-to-cart-loop\" data-product_id=\"10735\" data-product_sku=\"\" aria-label=\"Leggi di pi\u00f9 su &quot;Suite Casa Aguaplano (presto disponibile)&quot;\" rel=\"nofollow\"><span>Prenota Ora<\/span><\/a>\t<span id=\"woocommerce_loop_add_to_cart_link_describedby_10735\" class=\"screen-reader-text\">\n\t\t\t<\/span>\n\t\t\t\t\t\t\t\t\t\t\t\t\t\t\t\t\t\t\t\t<\/div>\n\t\t\t\t<div class=\"wrap-quickview-button\">\t\t<div class=\"quick-view wd-action-btn wd-style-icon wd-quick-view-icon\">\n\t\t\t<a\n\t\t\t\thref=\"https:\/\/guidetotheazores.pt\/it\/prodotto\/casa-aguaplano-suite\/\"\n\t\t\t\tclass=\"open-quick-view quick-view-button\"\n\t\t\t\trel=\"nofollow\"\n\t\t\t\tdata-id=\"10735\"\n\t\t\t\t>Quick view<\/a>\n\t\t<\/div>\n\t\t<\/div>\n\t\t\t<\/div>\n\n\t\t\t\t\t\t\n\t\t\t\t\t<\/div>\n\t<\/div>\n<\/div>\n<\/div>\n<div class=\"wd-product wd-hover-base wd-hover-with-fade wd-col product-grid-item product product-no-swatches type-product post-9774 status-publish last instock product_cat-alloggiamento-locale product_cat-faial-it product_cat-sistemazione product_cat-tutte-le-isole product_tag-isoladifaial has-post-thumbnail virtual sold-individually taxable purchasable product-type-phive_booking\" data-loop=\"19\" data-id=\"9774\">\n\t\n\t\n<div class=\"product-wrapper\">\n\t<div class=\"content-product-imagin\"><\/div>\n\t<div class=\"product-element-top wd-quick-shop\">\n\t\t<a href=\"https:\/\/guidetotheazores.pt\/it\/prodotto\/clipper-2\/\" class=\"product-image-link\" tabindex=\"-1\" aria-label=\"CLIPPER &#8211; Camera doppia, vista mare, bagno in comune\">\n\t\t\t<img decoding=\"async\" width=\"300\" height=\"225\" src=\"https:\/\/guidetotheazores.pt\/wp-content\/uploads\/2022\/02\/clipper_02-OK-300x225.jpg\" class=\"attachment-woocommerce_thumbnail size-woocommerce_thumbnail\" alt=\"\" srcset=\"https:\/\/guidetotheazores.pt\/wp-content\/uploads\/2022\/02\/clipper_02-OK-300x225.jpg 300w, https:\/\/guidetotheazores.pt\/wp-content\/uploads\/2022\/02\/clipper_02-OK-192x144.jpg 192w, https:\/\/guidetotheazores.pt\/wp-content\/uploads\/2022\/02\/clipper_02-OK-384x288.jpg 384w, https:\/\/guidetotheazores.pt\/wp-content\/uploads\/2022\/02\/clipper_02-OK-90x67.jpg 90w, https:\/\/guidetotheazores.pt\/wp-content\/uploads\/2022\/02\/clipper_02-OK-180x135.jpg 180w, https:\/\/guidetotheazores.pt\/wp-content\/uploads\/2022\/02\/clipper_02-OK-561x421.jpg 561w\" sizes=\"(max-width: 300px) 100vw, 300px\">\t\t<\/a>\n\n\t\t\n\t\t<div class=\"wrapp-swatches\"><\/div>\n\t<\/div>\n\n\t<div class=\"product-element-bottom product-information\">\n\t\t<h3 class=\"wd-entities-title\"><a href=\"https:\/\/guidetotheazores.pt\/it\/prodotto\/clipper-2\/\">CLIPPER &#8211; Camera doppia, vista mare, bagno in comune<\/a><\/h3>\t\t\t\t<div class=\"product-rating-price\">\n\t\t\t<div class=\"wrapp-product-price\">\n\t\t\t\t\n\t<span class=\"price\"><span class=\"woocommerce-Price-amount amount\"><bdi><span class=\"woocommerce-Price-currencySymbol\">&euro;<\/span>55.00<\/bdi><\/span>&nbsp;<span class = \"ph-bookings-display-cost-suffix\">From<\/span><\/span>\n        <\/a>\n                            <span class=\"details\">\n                        <a href=\"https:\/\/guidetotheazores.pt\/it\/partner\/casabuonvento\/\">Casa BuonVento &#8211; Alojamento Local<\/a>                    <\/span>\n            \t\t\t\t\t\t\t<\/div>\n\t\t<\/div>\n\t\t\t\t<div class=\"fade-in-block wd-scroll\">\n\t\t\t<div class=\"hover-content wd-more-desc\">\n\t\t\t\t<div class=\"hover-content-inner wd-more-desc-inner\">\n\t\t\t\t\tCLIPPER &#8211; Camera doppia \/ matrimoniale\nSecondo piano (senza ascensore)\nVista su Pico e sul mare\nBagno condiviso solo con la camera singola Escuna (stesso piano)\t\t\t\t<\/div>\n\t\t\t\t<a href=\"#\" rel=\"nofollow\" class=\"wd-more-desc-btn\" aria-label=\"Read more description\"><\/a>\n\t\t\t<\/div>\n\t\t\t<div class=\" wd-bottom-actions\">\n\t\t\t\t<div class=\"wrap-wishlist-button\"><\/div>\n\t\t\t\t<div class=\"wd-add-btn wd-add-btn-replace\">\n\t\t\t\t\t<a href=\"https:\/\/guidetotheazores.pt\/it\/prodotto\/clipper-2\/\" aria-describedby=\"woocommerce_loop_add_to_cart_link_describedby_9774\" data-quantity=\"1\" class=\"button product_type_phive_booking add_to_cart_button add-to-cart-loop\" data-product_id=\"9774\" data-product_sku=\"\" aria-label=\"Leggi di pi\u00f9 su &quot;CLIPPER - Camera doppia, vista mare, bagno in comune&quot;\" rel=\"nofollow\"><span>Prenota Ora<\/span><\/a>\t<span id=\"woocommerce_loop_add_to_cart_link_describedby_9774\" class=\"screen-reader-text\">\n\t\t\t<\/span>\n\t\t\t\t\t\t\t\t\t\t\t\t\t\t\t\t\t\t\t\t<\/div>\n\t\t\t\t<div class=\"wrap-quickview-button\">\t\t<div class=\"quick-view wd-action-btn wd-style-icon wd-quick-view-icon\">\n\t\t\t<a\n\t\t\t\thref=\"https:\/\/guidetotheazores.pt\/it\/prodotto\/clipper-2\/\"\n\t\t\t\tclass=\"open-quick-view quick-view-button\"\n\t\t\t\trel=\"nofollow\"\n\t\t\t\tdata-id=\"9774\"\n\t\t\t\t>Quick view<\/a>\n\t\t<\/div>\n\t\t<\/div>\n\t\t\t<\/div>\n\n\t\t\t\t\t\t\n\t\t\t\t\t<\/div>\n\t<\/div>\n<\/div>\n<\/div>\n<div class=\"wd-product wd-hover-base wd-hover-with-fade wd-col product-grid-item product product-no-swatches type-product post-9782 status-publish first instock product_cat-alloggiamento-locale product_cat-faial-it product_cat-sistemazione product_cat-tutte-le-isole product_tag-isoladifaial has-post-thumbnail virtual sold-individually taxable purchasable product-type-phive_booking\" data-loop=\"20\" data-id=\"9782\">\n\t\n\t\n<div class=\"product-wrapper\">\n\t<div class=\"content-product-imagin\"><\/div>\n\t<div class=\"product-element-top wd-quick-shop\">\n\t\t<a href=\"https:\/\/guidetotheazores.pt\/it\/prodotto\/escuna\/\" class=\"product-image-link\" tabindex=\"-1\" aria-label=\"ESCUNA &#8211; Camera singola, bagno condiviso\">\n\t\t\t<img decoding=\"async\" width=\"300\" height=\"225\" src=\"https:\/\/guidetotheazores.pt\/wp-content\/uploads\/2022\/02\/Escuna-02-OK-copia-300x225.jpg\" class=\"attachment-woocommerce_thumbnail size-woocommerce_thumbnail\" alt=\"\" srcset=\"https:\/\/guidetotheazores.pt\/wp-content\/uploads\/2022\/02\/Escuna-02-OK-copia-300x225.jpg 300w, https:\/\/guidetotheazores.pt\/wp-content\/uploads\/2022\/02\/Escuna-02-OK-copia-192x144.jpg 192w, https:\/\/guidetotheazores.pt\/wp-content\/uploads\/2022\/02\/Escuna-02-OK-copia-384x288.jpg 384w, https:\/\/guidetotheazores.pt\/wp-content\/uploads\/2022\/02\/Escuna-02-OK-copia-90x67.jpg 90w, https:\/\/guidetotheazores.pt\/wp-content\/uploads\/2022\/02\/Escuna-02-OK-copia-180x135.jpg 180w, https:\/\/guidetotheazores.pt\/wp-content\/uploads\/2022\/02\/Escuna-02-OK-copia-561x421.jpg 561w\" sizes=\"(max-width: 300px) 100vw, 300px\">\t\t<\/a>\n\n\t\t\n\t\t<div class=\"wrapp-swatches\"><\/div>\n\t<\/div>\n\n\t<div class=\"product-element-bottom product-information\">\n\t\t<h3 class=\"wd-entities-title\"><a href=\"https:\/\/guidetotheazores.pt\/it\/prodotto\/escuna\/\">ESCUNA &#8211; Camera singola, bagno condiviso<\/a><\/h3>\t\t\t\t<div class=\"product-rating-price\">\n\t\t\t<div class=\"wrapp-product-price\">\n\t\t\t\t\n\t<span class=\"price\"><span class=\"woocommerce-Price-amount amount\"><bdi><span class=\"woocommerce-Price-currencySymbol\">&euro;<\/span>35.00<\/bdi><\/span>&nbsp;<span class = \"ph-bookings-display-cost-suffix\">From<\/span><\/span>\n        <\/a>\n                            <span class=\"details\">\n                        <a href=\"https:\/\/guidetotheazores.pt\/it\/partner\/casabuonvento\/\">Casa BuonVento &#8211; Alojamento Local<\/a>                    <\/span>\n            \t\t\t\t\t\t\t<\/div>\n\t\t<\/div>\n\t\t\t\t<div class=\"fade-in-block wd-scroll\">\n\t\t\t<div class=\"hover-content wd-more-desc\">\n\t\t\t\t<div class=\"hover-content-inner wd-more-desc-inner\">\n\t\t\t\t\tESCUNA &#8211; Camera singola\nSecondo piano (senza ascensore)\nVista sul cortile interno\nBagno condiviso solo con la camera doppia Clipper (stesso piano)\t\t\t\t<\/div>\n\t\t\t\t<a href=\"#\" rel=\"nofollow\" class=\"wd-more-desc-btn\" aria-label=\"Read more description\"><\/a>\n\t\t\t<\/div>\n\t\t\t<div class=\" wd-bottom-actions\">\n\t\t\t\t<div class=\"wrap-wishlist-button\"><\/div>\n\t\t\t\t<div class=\"wd-add-btn wd-add-btn-replace\">\n\t\t\t\t\t<a href=\"https:\/\/guidetotheazores.pt\/it\/prodotto\/escuna\/\" aria-describedby=\"woocommerce_loop_add_to_cart_link_describedby_9782\" data-quantity=\"1\" class=\"button product_type_phive_booking add_to_cart_button add-to-cart-loop\" data-product_id=\"9782\" data-product_sku=\"\" aria-label=\"Leggi di pi\u00f9 su &quot;ESCUNA - Camera singola, bagno condiviso&quot;\" rel=\"nofollow\"><span>Prenota Ora<\/span><\/a>\t<span id=\"woocommerce_loop_add_to_cart_link_describedby_9782\" class=\"screen-reader-text\">\n\t\t\t<\/span>\n\t\t\t\t\t\t\t\t\t\t\t\t\t\t\t\t\t\t\t\t<\/div>\n\t\t\t\t<div class=\"wrap-quickview-button\">\t\t<div class=\"quick-view wd-action-btn wd-style-icon wd-quick-view-icon\">\n\t\t\t<a\n\t\t\t\thref=\"https:\/\/guidetotheazores.pt\/it\/prodotto\/escuna\/\"\n\t\t\t\tclass=\"open-quick-view quick-view-button\"\n\t\t\t\trel=\"nofollow\"\n\t\t\t\tdata-id=\"9782\"\n\t\t\t\t>Quick view<\/a>\n\t\t<\/div>\n\t\t<\/div>\n\t\t\t<\/div>\n\n\t\t\t\t\t\t\n\t\t\t\t\t<\/div>\n\t<\/div>\n<\/div>\n<\/div>\n<div class=\"wd-product wd-hover-base wd-hover-with-fade wd-col product-grid-item product product-no-swatches type-product post-9713 status-publish instock product_cat-alloggiamento-locale product_cat-faial-it product_cat-sistemazione product_cat-tutte-le-isole product_tag-isoladifaial has-post-thumbnail virtual sold-individually taxable purchasable product-type-phive_booking\" data-loop=\"21\" data-id=\"9713\">\n\t\n\t\n<div class=\"product-wrapper\">\n\t<div class=\"content-product-imagin\"><\/div>\n\t<div class=\"product-element-top wd-quick-shop\">\n\t\t<a href=\"https:\/\/guidetotheazores.pt\/it\/prodotto\/galeao-2\/\" class=\"product-image-link\" tabindex=\"-1\" aria-label=\"GALE\u00c3O &#8211; Camera Doppia Superior, Vista Mare, Bagno in Camera\">\n\t\t\t<img decoding=\"async\" width=\"300\" height=\"225\" src=\"https:\/\/guidetotheazores.pt\/wp-content\/uploads\/2022\/02\/Galeao-01-OK-copia-300x225.jpg\" class=\"attachment-woocommerce_thumbnail size-woocommerce_thumbnail\" alt=\"\" srcset=\"https:\/\/guidetotheazores.pt\/wp-content\/uploads\/2022\/02\/Galeao-01-OK-copia-300x225.jpg 300w, https:\/\/guidetotheazores.pt\/wp-content\/uploads\/2022\/02\/Galeao-01-OK-copia-192x144.jpg 192w, https:\/\/guidetotheazores.pt\/wp-content\/uploads\/2022\/02\/Galeao-01-OK-copia-384x288.jpg 384w, https:\/\/guidetotheazores.pt\/wp-content\/uploads\/2022\/02\/Galeao-01-OK-copia-90x67.jpg 90w, https:\/\/guidetotheazores.pt\/wp-content\/uploads\/2022\/02\/Galeao-01-OK-copia-180x135.jpg 180w, https:\/\/guidetotheazores.pt\/wp-content\/uploads\/2022\/02\/Galeao-01-OK-copia-561x421.jpg 561w\" sizes=\"(max-width: 300px) 100vw, 300px\">\t\t<\/a>\n\n\t\t\n\t\t<div class=\"wrapp-swatches\"><\/div>\n\t<\/div>\n\n\t<div class=\"product-element-bottom product-information\">\n\t\t<h3 class=\"wd-entities-title\"><a href=\"https:\/\/guidetotheazores.pt\/it\/prodotto\/galeao-2\/\">GALE\u00c3O &#8211; Camera Doppia Superior, Vista Mare, Bagno in Camera<\/a><\/h3>\t\t\t\t<div class=\"product-rating-price\">\n\t\t\t<div class=\"wrapp-product-price\">\n\t\t\t\t\n\t<span class=\"price\"><span class=\"woocommerce-Price-amount amount\"><bdi><span class=\"woocommerce-Price-currencySymbol\">&euro;<\/span>65.00<\/bdi><\/span>&nbsp;<span class = \"ph-bookings-display-cost-suffix\">From<\/span><\/span>\n        <\/a>\n                            <span class=\"details\">\n                        <a href=\"https:\/\/guidetotheazores.pt\/it\/partner\/casabuonvento\/\">Casa BuonVento &#8211; Alojamento Local<\/a>                    <\/span>\n            \t\t\t\t\t\t\t<\/div>\n\t\t<\/div>\n\t\t\t\t<div class=\"fade-in-block wd-scroll\">\n\t\t\t<div class=\"hover-content wd-more-desc\">\n\t\t\t\t<div class=\"hover-content-inner wd-more-desc-inner\">\n\t\t\t\t\tGALE\u00c3O &#8211; Camera Superior Doppia \/ Matrimoniale\nPrimo piano (senza ascensore)\nVista su Pico e sul mare\nBagno in camera\nBollitore in camera con caff\u00e8 solubile e bustine di t\u00e8\t\t\t\t<\/div>\n\t\t\t\t<a href=\"#\" rel=\"nofollow\" class=\"wd-more-desc-btn\" aria-label=\"Read more description\"><\/a>\n\t\t\t<\/div>\n\t\t\t<div class=\" wd-bottom-actions\">\n\t\t\t\t<div class=\"wrap-wishlist-button\"><\/div>\n\t\t\t\t<div class=\"wd-add-btn wd-add-btn-replace\">\n\t\t\t\t\t<a href=\"https:\/\/guidetotheazores.pt\/it\/prodotto\/galeao-2\/\" aria-describedby=\"woocommerce_loop_add_to_cart_link_describedby_9713\" data-quantity=\"1\" class=\"button product_type_phive_booking add_to_cart_button add-to-cart-loop\" data-product_id=\"9713\" data-product_sku=\"\" aria-label=\"Leggi di pi\u00f9 su &quot;GALE\u00c3O - Camera Doppia Superior, Vista Mare, Bagno in Camera&quot;\" rel=\"nofollow\"><span>Prenota Ora<\/span><\/a>\t<span id=\"woocommerce_loop_add_to_cart_link_describedby_9713\" class=\"screen-reader-text\">\n\t\t\t<\/span>\n\t\t\t\t\t\t\t\t\t\t\t\t\t\t\t\t\t\t\t\t<\/div>\n\t\t\t\t<div class=\"wrap-quickview-button\">\t\t<div class=\"quick-view wd-action-btn wd-style-icon wd-quick-view-icon\">\n\t\t\t<a\n\t\t\t\thref=\"https:\/\/guidetotheazores.pt\/it\/prodotto\/galeao-2\/\"\n\t\t\t\tclass=\"open-quick-view quick-view-button\"\n\t\t\t\trel=\"nofollow\"\n\t\t\t\tdata-id=\"9713\"\n\t\t\t\t>Quick view<\/a>\n\t\t<\/div>\n\t\t<\/div>\n\t\t\t<\/div>\n\n\t\t\t\t\t\t\n\t\t\t\t\t<\/div>\n\t<\/div>\n<\/div>\n<\/div>\n<\/div>\n<\/div><\/div><\/p>\n<h3 style=\"text-align: center;\"> <\/h3>\n\t\t\t\t\t\t\t\t<\/div>\n\t\t\t\t<\/div>\n\t\t\t\t\t<\/div>\n\t\t<\/div>\n\t\t\t\t\t<\/div>\n\t\t<\/section>\n\t\t\t\t<section class=\"wd-negative-gap elementor-section elementor-top-section elementor-element elementor-element-a11177b elementor-section-boxed elementor-section-height-default elementor-section-height-default\" data-id=\"a11177b\" data-element_type=\"section\" data-e-type=\"section\">\n\t\t\t\t\t\t<div class=\"elementor-container elementor-column-gap-default\">\n\t\t\t\t\t<div class=\"elementor-column elementor-col-100 elementor-top-column elementor-element elementor-element-85c399e\" data-id=\"85c399e\" data-element_type=\"column\" data-e-type=\"column\">\n\t\t\t<div class=\"elementor-widget-wrap elementor-element-populated\">\n\t\t\t\t\t\t<div class=\"elementor-element elementor-element-92f86b6 color-scheme-inherit text-left elementor-widget elementor-widget-text-editor\" data-id=\"92f86b6\" data-element_type=\"widget\" data-e-type=\"widget\" data-widget_type=\"text-editor.default\">\n\t\t\t\t<div class=\"elementor-widget-container\">\n\t\t\t\t\t\t\t\t\t<h3 style=\"text-align: center;\">Le attivit\u00e0 pi\u00f9 importanti delle Azzorre<\/h3>\n<h4 style=\"text-align: center;\">Esplorate le isole con guide locali esperte<\/h4>\n<p style=\"font-size: 14px; background-color: #ffffff;\"><div class=\"woocommerce columns-4 \"><\/div><\/p>\n\t\t\t\t\t\t\t\t<\/div>\n\t\t\t\t<\/div>\n\t\t\t\t\t<\/div>\n\t\t<\/div>\n\t\t\t\t\t<\/div>\n\t\t<\/section>\n\t\t\t\t<\/div>\n\t\t","protected":false},"excerpt":{"rendered":"<p>I migliori alloggi locali (Alojamento Local) Godetevi l&#8217;ospitalit\u00e0 locale Le attivit\u00e0 pi\u00f9 importanti delle Azzorre Esplorate le isole con guide<\/p>\n","protected":false},"author":1,"featured_media":0,"parent":0,"menu_order":0,"comment_status":"closed","ping_status":"closed","template":"g1-template-page-full.php","meta":{"_acf_changed":false,"footnotes":""},"categories":[],"tags":[],"class_list":["post-9627","page","type-page","status-publish","hentry"],"acf":[],"_links":{"self":[{"href":"https:\/\/guidetotheazores.pt\/it\/wp-json\/wp\/v2\/pages\/9627","targetHints":{"allow":["GET"]}}],"collection":[{"href":"https:\/\/guidetotheazores.pt\/it\/wp-json\/wp\/v2\/pages"}],"about":[{"href":"https:\/\/guidetotheazores.pt\/it\/wp-json\/wp\/v2\/types\/page"}],"author":[{"embeddable":true,"href":"https:\/\/guidetotheazores.pt\/it\/wp-json\/wp\/v2\/users\/1"}],"replies":[{"embeddable":true,"href":"https:\/\/guidetotheazores.pt\/it\/wp-json\/wp\/v2\/comments?post=9627"}],"version-history":[{"count":0,"href":"https:\/\/guidetotheazores.pt\/it\/wp-json\/wp\/v2\/pages\/9627\/revisions"}],"wp:attachment":[{"href":"https:\/\/guidetotheazores.pt\/it\/wp-json\/wp\/v2\/media?parent=9627"}],"wp:term":[{"taxonomy":"category","embeddable":true,"href":"https:\/\/guidetotheazores.pt\/it\/wp-json\/wp\/v2\/categories?post=9627"},{"taxonomy":"post_tag","embeddable":true,"href":"https:\/\/guidetotheazores.pt\/it\/wp-json\/wp\/v2\/tags?post=9627"}],"curies":[{"name":"wp","href":"https:\/\/api.w.org\/{rel}","templated":true}]}}