{"id":8617,"date":"2021-10-30T16:01:45","date_gmt":"2021-10-30T17:01:45","guid":{"rendered":"https:\/\/guidetotheazores.pt\/reserve-aqui\/"},"modified":"2022-07-01T13:56:46","modified_gmt":"2022-07-01T14:56:46","slug":"reserve-aqui","status":"publish","type":"page","link":"https:\/\/guidetotheazores.pt\/pt-pt\/reserve-aqui\/","title":{"rendered":"Reserve aqui"},"content":{"rendered":"\t\t<div data-elementor-type=\"wp-page\" data-elementor-id=\"8617\" class=\"elementor elementor-8617 elementor-6643\" data-elementor-post-type=\"page\">\n\t\t\t\t\t\t<section class=\"wd-negative-gap elementor-section elementor-top-section elementor-element elementor-element-5934c2d4 elementor-section-boxed elementor-section-height-default elementor-section-height-default\" data-id=\"5934c2d4\" data-element_type=\"section\" data-e-type=\"section\">\n\t\t\t\t\t\t<div class=\"elementor-container elementor-column-gap-default\">\n\t\t\t\t\t<div class=\"elementor-column elementor-col-100 elementor-top-column elementor-element elementor-element-395be6ca\" data-id=\"395be6ca\" data-element_type=\"column\" data-e-type=\"column\">\n\t\t\t<div class=\"elementor-widget-wrap elementor-element-populated\">\n\t\t\t\t\t\t<div class=\"elementor-element elementor-element-204dad4b color-scheme-inherit text-left elementor-widget elementor-widget-text-editor\" data-id=\"204dad4b\" data-element_type=\"widget\" data-e-type=\"widget\" data-widget_type=\"text-editor.default\">\n\t\t\t\t<div class=\"elementor-widget-container\">\n\t\t\t\t\t\t\t\t\t<h3 style=\"text-align: center;\">Best local accomodations (Alojamento Local)<\/h3><h5 style=\"text-align: center;\">Enjoy the local hospitality<\/h5><p><div class=\"woocommerce columns-4 \"><div class=\"wd-products-element\">\t\t\t<div class=\"wd-sticky-loader wd-content-loader\"><span class=\"wd-loader\"><\/span><\/div>\n\t\t\n<div class=\"products wd-products wd-grid-g grid-columns-4 elements-grid pagination-infinit title-line-two\" data-source=\"main_loop\" data-min_price=\"\" data-max_price=\"\" data-columns=\"4\" style=\"--wd-col-lg:4;--wd-col-md:4;--wd-col-sm:2;--wd-gap-lg:20px;--wd-gap-sm:10px;\">\n<div class=\"wd-product wd-hover-base wd-hover-with-fade wd-col product-grid-item product product-no-swatches type-product post-15852 status-publish instock product_cat-alojamento product_cat-alojamento-local-pt-pt product_cat-sao-miguel-pt-pt product_cat-todas-as-ilhas product_tag-ilhasaomiguel has-post-thumbnail virtual sold-individually taxable purchasable product-type-phive_booking\" data-loop=\"1\" data-id=\"15852\">\n\t\n\t\n<div class=\"product-wrapper\">\n\t<div class=\"content-product-imagin\"><\/div>\n\t<div class=\"product-element-top wd-quick-shop\">\n\t\t<a href=\"https:\/\/guidetotheazores.pt\/pt-pt\/produto\/casa-bali-furnas\/\" class=\"product-image-link\" tabindex=\"-1\" aria-label=\"Casa Bali Furnas\">\n\t\t\t<img decoding=\"async\" width=\"300\" height=\"225\" src=\"https:\/\/guidetotheazores.pt\/wp-content\/uploads\/2024\/02\/Pe-na-Areia-Guide-to-the-Azores-Furnas-Sao-Miguel-III-300x225.jpg\" class=\"attachment-woocommerce_thumbnail size-woocommerce_thumbnail\" alt=\"P\u00e9 na Areia - Guide to the Azores - Furnas S\u00e3o Miguel\" srcset=\"https:\/\/guidetotheazores.pt\/wp-content\/uploads\/2024\/02\/Pe-na-Areia-Guide-to-the-Azores-Furnas-Sao-Miguel-III-300x225.jpg 300w, https:\/\/guidetotheazores.pt\/wp-content\/uploads\/2024\/02\/Pe-na-Areia-Guide-to-the-Azores-Furnas-Sao-Miguel-III-600x450.jpg 600w\" sizes=\"(max-width: 300px) 100vw, 300px\" \/>\t\t<\/a>\n\n\t\t\t\t\t<div class=\"hover-img\">\n\t\t\t\t<img decoding=\"async\" width=\"300\" height=\"225\" src=\"https:\/\/guidetotheazores.pt\/wp-content\/uploads\/2024\/02\/Pe-na-Areia-Guide-to-the-Azores-Furnas-Sao-Miguel-VI-300x225.jpg\" class=\"attachment-woocommerce_thumbnail size-woocommerce_thumbnail\" alt=\"P\u00e9 na Areia - Guide to the Azores - Furnas S\u00e3o Miguel\" srcset=\"https:\/\/guidetotheazores.pt\/wp-content\/uploads\/2024\/02\/Pe-na-Areia-Guide-to-the-Azores-Furnas-Sao-Miguel-VI-300x225.jpg 300w, https:\/\/guidetotheazores.pt\/wp-content\/uploads\/2024\/02\/Pe-na-Areia-Guide-to-the-Azores-Furnas-Sao-Miguel-VI-600x450.jpg 600w\" sizes=\"(max-width: 300px) 100vw, 300px\" \/>\t\t\t<\/div>\n\t\t\t\n\t\t<div class=\"wrapp-swatches\"><\/div>\n\t<\/div>\n\n\t<div class=\"product-element-bottom product-information\">\n\t\t<h3 class=\"wd-entities-title\"><a href=\"https:\/\/guidetotheazores.pt\/pt-pt\/produto\/casa-bali-furnas\/\">Casa Bali Furnas<\/a><\/h3>\t\t\t\t<div class=\"product-rating-price\">\n\t\t\t<div class=\"wrapp-product-price\">\n\t\t\t\t\n\t<span class=\"price\"><span class=\"woocommerce-Price-amount amount\"><bdi><span class=\"woocommerce-Price-currencySymbol\">&euro;<\/span>95.00<\/bdi><\/span>&nbsp;<span class = \"ph-bookings-display-cost-suffix\">From<\/span><\/span>\n        <\/a>\n                            <span class=\"details\">\n                        <a href=\"https:\/\/guidetotheazores.pt\/pt-pt\/partner\/alojamentos-pe-na-areia\/\">Alojamentos P\u00e9 na Areia<\/a>                    <\/span>\n            \t\t\t\t\t\t\t<\/div>\n\t\t<\/div>\n\t\t\t\t<div class=\"fade-in-block wd-scroll\">\n\t\t\t<div class=\"hover-content wd-more-desc\">\n\t\t\t\t<div class=\"hover-content-inner wd-more-desc-inner\">\n\t\t\t\t\t<span style=\"color: #000000;font-family: 'Helvetica Neue', Helvetica, Roboto, Arial, sans-serif\">Localizada a 2,3 km da Lagoa das Furnas, a 6,3 km do Pico do Ferro e a 15 km da Lagoa do Congro, a House Bali Furnas disponibiliza acomoda\u00e7\u00f5es nas Furnas. Este apartamento fica a 27 km da Lagoa do Fogo e a 90 metros do Parque Terra Nostra.  <\/span>\n\n<span style=\"color: #000000;font-family: 'Helvetica Neue', Helvetica, Roboto, Arial, sans-serif\">O acesso Wi-Fi gratuito est\u00e1 dispon\u00edvel em toda a propriedade e Fumarolas fica a 1 km.<\/span>\n\n<em>Acomoda at\u00e9 2 pessoas<\/em>\t\t\t\t<\/div>\n\t\t\t\t<a href=\"#\" rel=\"nofollow\" class=\"wd-more-desc-btn\" aria-label=\"Read more description\"><\/a>\n\t\t\t<\/div>\n\t\t\t<div class=\" wd-bottom-actions\">\n\t\t\t\t<div class=\"wrap-wishlist-button\"><\/div>\n\t\t\t\t<div class=\"wd-add-btn wd-add-btn-replace\">\n\t\t\t\t\t<a href=\"https:\/\/guidetotheazores.pt\/pt-pt\/produto\/casa-bali-furnas\/\" aria-describedby=\"woocommerce_loop_add_to_cart_link_describedby_15852\" data-quantity=\"1\" class=\"button product_type_phive_booking add_to_cart_button add-to-cart-loop\" data-product_id=\"15852\" data-product_sku=\"\" aria-label=\"Leia mais sobre &ldquo;Casa Bali Furnas&rdquo;\" rel=\"nofollow\"><span>Reservar Agora<\/span><\/a>\t<span id=\"woocommerce_loop_add_to_cart_link_describedby_15852\" class=\"screen-reader-text\">\n\t\t\t<\/span>\n\t\t\t\t\t\t\t\t\t\t\t\t\t\t\t\t\t\t\t\t<\/div>\n\t\t\t\t<div class=\"wrap-quickview-button\">\t\t<div class=\"quick-view wd-action-btn wd-style-icon wd-quick-view-icon\">\n\t\t\t<a\n\t\t\t\thref=\"https:\/\/guidetotheazores.pt\/pt-pt\/produto\/casa-bali-furnas\/\"\n\t\t\t\tclass=\"open-quick-view quick-view-button\"\n\t\t\t\trel=\"nofollow\"\n\t\t\t\tdata-id=\"15852\"\n\t\t\t\t>Quick view<\/a>\n\t\t<\/div>\n\t\t<\/div>\n\t\t\t<\/div>\n\n\t\t\t\t\t\t\n\t\t\t\t\t<\/div>\n\t<\/div>\n<\/div>\n<\/div>\n<div class=\"wd-product wd-hover-base wd-hover-with-fade wd-col product-grid-item product product-no-swatches type-product post-15083 status-publish instock product_cat-alojamento product_cat-alojamento-local-pt-pt product_cat-faial-pt-pt product_cat-todas-as-ilhas product_tag-ilhadofaial has-post-thumbnail virtual sold-individually taxable purchasable product-type-phive_booking\" data-loop=\"2\" data-id=\"15083\">\n\t\n\t\n<div class=\"product-wrapper\">\n\t<div class=\"content-product-imagin\"><\/div>\n\t<div class=\"product-element-top wd-quick-shop\">\n\t\t<a href=\"https:\/\/guidetotheazores.pt\/pt-pt\/produto\/casa-da-boa-vista\/\" class=\"product-image-link\" tabindex=\"-1\" aria-label=\"Casa da Boa Vista &#8211; Horta, Faial\">\n\t\t\t<img decoding=\"async\" width=\"300\" height=\"225\" src=\"https:\/\/guidetotheazores.pt\/wp-content\/uploads\/2024\/02\/Casas-da-Boavista-Guide-to-the-Azores-Faial-I-300x225.jpg\" class=\"attachment-woocommerce_thumbnail size-woocommerce_thumbnail\" alt=\"Casas da Boavista - Guide to the Azores - Faial\" srcset=\"https:\/\/guidetotheazores.pt\/wp-content\/uploads\/2024\/02\/Casas-da-Boavista-Guide-to-the-Azores-Faial-I-300x225.jpg 300w, https:\/\/guidetotheazores.pt\/wp-content\/uploads\/2024\/02\/Casas-da-Boavista-Guide-to-the-Azores-Faial-I-600x450.jpg 600w\" sizes=\"(max-width: 300px) 100vw, 300px\" \/>\t\t<\/a>\n\n\t\t\t\t\t<div class=\"hover-img\">\n\t\t\t\t<img decoding=\"async\" width=\"300\" height=\"225\" src=\"https:\/\/guidetotheazores.pt\/wp-content\/uploads\/2024\/02\/Casas-da-Boavista-Guide-to-the-Azores-Faial-IX-300x225.jpg\" class=\"attachment-woocommerce_thumbnail size-woocommerce_thumbnail\" alt=\"Casas da Boavista - Guide to the Azores - Faial\" srcset=\"https:\/\/guidetotheazores.pt\/wp-content\/uploads\/2024\/02\/Casas-da-Boavista-Guide-to-the-Azores-Faial-IX-300x225.jpg 300w, https:\/\/guidetotheazores.pt\/wp-content\/uploads\/2024\/02\/Casas-da-Boavista-Guide-to-the-Azores-Faial-IX-600x450.jpg 600w\" sizes=\"(max-width: 300px) 100vw, 300px\" \/>\t\t\t<\/div>\n\t\t\t\n\t\t<div class=\"wrapp-swatches\"><\/div>\n\t<\/div>\n\n\t<div class=\"product-element-bottom product-information\">\n\t\t<h3 class=\"wd-entities-title\"><a href=\"https:\/\/guidetotheazores.pt\/pt-pt\/produto\/casa-da-boa-vista\/\">Casa da Boa Vista &#8211; Horta, Faial<\/a><\/h3>\t\t\t\t<div class=\"product-rating-price\">\n\t\t\t<div class=\"wrapp-product-price\">\n\t\t\t\t\n\t<span class=\"price\"><span class=\"woocommerce-Price-amount amount\"><bdi><span class=\"woocommerce-Price-currencySymbol\">&euro;<\/span>50.00<\/bdi><\/span>&nbsp;<span class = \"ph-bookings-display-cost-suffix\">From<\/span><\/span>\n        <\/a>\n                            <span class=\"details\">\n                        <a href=\"https:\/\/guidetotheazores.pt\/pt-pt\/partner\/casas-da-boa-vista\/\">Casas da Boa Vista<\/a>                    <\/span>\n            \t\t\t\t\t\t\t<\/div>\n\t\t<\/div>\n\t\t\t\t<div class=\"fade-in-block wd-scroll\">\n\t\t\t<div class=\"hover-content wd-more-desc\">\n\t\t\t\t<div class=\"hover-content-inner wd-more-desc-inner\">\n\t\t\t\t\t<span style=\"color: #1a1a1a; font-family: 'system-ui', -apple-system, 'Segoe UI', Roboto, Helvetica, Arial, sans-serif; font-size: 14px;\">As Casas da Boa Vista est\u00e3o localizadas na Horta, a 12 km da Caldeira e a 24 km dos Capelinhos. O acesso Wi-Fi \u00e9 gratuito em toda a propriedade. A acomoda\u00e7\u00e3o inclui uma \u00e1rea de estar. Algumas unidades incluem um terra\u00e7o e\/ou uma varanda com vistas para o mar ou para a montanha. Existe tamb\u00e9m uma cozinha, equipada com um forno, micro-ondas e torradeira. Um frigor\u00edfico e uma placa de fog\u00e3o, bem como uma m\u00e1quina de caf\u00e9 e uma chaleira tamb\u00e9m est\u00e3o dispon\u00edveis. Cada unidade tem uma casa de banho privativa com uma banheira. A casa de f\u00e9rias disp\u00f5e de estacionamento privado gratuito. A zona \u00e9 popular para a pr\u00e1tica de mergulho. Os h\u00f3spedes podem desfrutar de v\u00e1rias actividades nos arredores, incluindo ciclismo, pesca e caminhadas. O aeroporto mais pr\u00f3ximo \u00e9 o Aeroporto da Horta, a 15,5 km das Casas da Boa Vista.<\/span>\t\t\t\t<\/div>\n\t\t\t\t<a href=\"#\" rel=\"nofollow\" class=\"wd-more-desc-btn\" aria-label=\"Read more description\"><\/a>\n\t\t\t<\/div>\n\t\t\t<div class=\" wd-bottom-actions\">\n\t\t\t\t<div class=\"wrap-wishlist-button\"><\/div>\n\t\t\t\t<div class=\"wd-add-btn wd-add-btn-replace\">\n\t\t\t\t\t<a href=\"https:\/\/guidetotheazores.pt\/pt-pt\/produto\/casa-da-boa-vista\/\" aria-describedby=\"woocommerce_loop_add_to_cart_link_describedby_15083\" data-quantity=\"1\" class=\"button product_type_phive_booking add_to_cart_button add-to-cart-loop\" data-product_id=\"15083\" data-product_sku=\"\" aria-label=\"Leia mais sobre &ldquo;Casa da Boa Vista - Horta, Faial&rdquo;\" rel=\"nofollow\"><span>Reservar Agora<\/span><\/a>\t<span id=\"woocommerce_loop_add_to_cart_link_describedby_15083\" class=\"screen-reader-text\">\n\t\t\t<\/span>\n\t\t\t\t\t\t\t\t\t\t\t\t\t\t\t\t\t\t\t\t<\/div>\n\t\t\t\t<div class=\"wrap-quickview-button\">\t\t<div class=\"quick-view wd-action-btn wd-style-icon wd-quick-view-icon\">\n\t\t\t<a\n\t\t\t\thref=\"https:\/\/guidetotheazores.pt\/pt-pt\/produto\/casa-da-boa-vista\/\"\n\t\t\t\tclass=\"open-quick-view quick-view-button\"\n\t\t\t\trel=\"nofollow\"\n\t\t\t\tdata-id=\"15083\"\n\t\t\t\t>Quick view<\/a>\n\t\t<\/div>\n\t\t<\/div>\n\t\t\t<\/div>\n\n\t\t\t\t\t\t\n\t\t\t\t\t<\/div>\n\t<\/div>\n<\/div>\n<\/div>\n<div class=\"wd-product wd-hover-base wd-hover-with-fade wd-col product-grid-item product product-no-swatches type-product post-18230 status-publish last instock product_cat-alojamento product_cat-alojamento-local-pt-pt product_cat-flores-pt-pt product_cat-todas-as-ilhas product_tag-ilhadaflores has-post-thumbnail sold-individually taxable shipping-taxable purchasable product-type-phive_booking\" data-loop=\"3\" data-id=\"18230\">\n\t\n\t\n<div class=\"product-wrapper\">\n\t<div class=\"content-product-imagin\"><\/div>\n\t<div class=\"product-element-top wd-quick-shop\">\n\t\t<a href=\"https:\/\/guidetotheazores.pt\/pt-pt\/produto\/casa-da-lua\/\" class=\"product-image-link\" tabindex=\"-1\" aria-label=\"Casa da Lua\">\n\t\t\t<img decoding=\"async\" width=\"300\" height=\"225\" src=\"https:\/\/guidetotheazores.pt\/wp-content\/uploads\/2024\/03\/Casa-da-Lua-Guide-to-the-Azores-Casa-Atlantida-Flores-Cover-300x225.jpg\" class=\"attachment-woocommerce_thumbnail size-woocommerce_thumbnail\" alt=\"Casa da Lua - Guide to the Azores - Casa Atlantida - Flores - Capa\" srcset=\"https:\/\/guidetotheazores.pt\/wp-content\/uploads\/2024\/03\/Casa-da-Lua-Guide-to-the-Azores-Casa-Atlantida-Flores-Cover-300x225.jpg 300w, https:\/\/guidetotheazores.pt\/wp-content\/uploads\/2024\/03\/Casa-da-Lua-Guide-to-the-Azores-Casa-Atlantida-Flores-Cover-600x450.jpg 600w\" sizes=\"(max-width: 300px) 100vw, 300px\" \/>\t\t<\/a>\n\n\t\t\t\t\t<div class=\"hover-img\">\n\t\t\t\t<img decoding=\"async\" width=\"300\" height=\"225\" src=\"https:\/\/guidetotheazores.pt\/wp-content\/uploads\/2024\/03\/Casa-da-Lua-Guide-to-the-Azores-Casa-Atlantida-Flores-VIII-300x225.jpg\" class=\"attachment-woocommerce_thumbnail size-woocommerce_thumbnail\" alt=\"Casa da Lua - Guide to the Azores - Casa Atlantida - Flores\" srcset=\"https:\/\/guidetotheazores.pt\/wp-content\/uploads\/2024\/03\/Casa-da-Lua-Guide-to-the-Azores-Casa-Atlantida-Flores-VIII-300x225.jpg 300w, https:\/\/guidetotheazores.pt\/wp-content\/uploads\/2024\/03\/Casa-da-Lua-Guide-to-the-Azores-Casa-Atlantida-Flores-VIII-600x450.jpg 600w\" sizes=\"(max-width: 300px) 100vw, 300px\" \/>\t\t\t<\/div>\n\t\t\t\n\t\t<div class=\"wrapp-swatches\"><\/div>\n\t<\/div>\n\n\t<div class=\"product-element-bottom product-information\">\n\t\t<h3 class=\"wd-entities-title\"><a href=\"https:\/\/guidetotheazores.pt\/pt-pt\/produto\/casa-da-lua\/\">Casa da Lua<\/a><\/h3>\t\t\t\t<div class=\"product-rating-price\">\n\t\t\t<div class=\"wrapp-product-price\">\n\t\t\t\t\n\t<span class=\"price\"><span class=\"woocommerce-Price-amount amount\"><bdi><span class=\"woocommerce-Price-currencySymbol\">&euro;<\/span>165.00<\/bdi><\/span>&nbsp;<span class = \"ph-bookings-display-cost-suffix\">From<\/span><\/span>\n        <\/a>\n                            <span class=\"details\">\n                        <a href=\"https:\/\/guidetotheazores.pt\/pt-pt\/partner\/casa-atlantida\/\">Casa Atlantida<\/a>                    <\/span>\n            \t\t\t\t\t\t\t<\/div>\n\t\t<\/div>\n\t\t\t\t<div class=\"fade-in-block wd-scroll\">\n\t\t\t<div class=\"hover-content wd-more-desc\">\n\t\t\t\t<div class=\"hover-content-inner wd-more-desc-inner\">\n\t\t\t\t\tA &#8220;Casa da Lua&#8221; \u00e9 uma casa de pedra com acesso direto ao mar, com vista a oeste para o oceano e o p\u00f4r do sol e a norte para as montanhas. Todas estas vistas podem ser apreciadas a partir do jardim ou da varanda.\n\nCasa confort\u00e1vel para 6 pessoas, tem 70m2 e 3 quartos, 2 dos quais com camas de casal e os outros 2 com camas individuais.\t\t\t\t<\/div>\n\t\t\t\t<a href=\"#\" rel=\"nofollow\" class=\"wd-more-desc-btn\" aria-label=\"Read more description\"><\/a>\n\t\t\t<\/div>\n\t\t\t<div class=\" wd-bottom-actions\">\n\t\t\t\t<div class=\"wrap-wishlist-button\"><\/div>\n\t\t\t\t<div class=\"wd-add-btn wd-add-btn-replace\">\n\t\t\t\t\t<a href=\"https:\/\/guidetotheazores.pt\/pt-pt\/produto\/casa-da-lua\/\" aria-describedby=\"woocommerce_loop_add_to_cart_link_describedby_18230\" data-quantity=\"1\" class=\"button product_type_phive_booking add_to_cart_button add-to-cart-loop\" data-product_id=\"18230\" data-product_sku=\"\" aria-label=\"Leia mais sobre &ldquo;Casa da Lua&rdquo;\" rel=\"nofollow\"><span>Reservar Agora<\/span><\/a>\t<span id=\"woocommerce_loop_add_to_cart_link_describedby_18230\" class=\"screen-reader-text\">\n\t\t\t<\/span>\n\t\t\t\t\t\t\t\t\t\t\t\t\t\t\t\t\t\t\t\t<\/div>\n\t\t\t\t<div class=\"wrap-quickview-button\">\t\t<div class=\"quick-view wd-action-btn wd-style-icon wd-quick-view-icon\">\n\t\t\t<a\n\t\t\t\thref=\"https:\/\/guidetotheazores.pt\/pt-pt\/produto\/casa-da-lua\/\"\n\t\t\t\tclass=\"open-quick-view quick-view-button\"\n\t\t\t\trel=\"nofollow\"\n\t\t\t\tdata-id=\"18230\"\n\t\t\t\t>Quick view<\/a>\n\t\t<\/div>\n\t\t<\/div>\n\t\t\t<\/div>\n\n\t\t\t\t\t\t\n\t\t\t\t\t<\/div>\n\t<\/div>\n<\/div>\n<\/div>\n<div class=\"wd-product wd-hover-base wd-hover-with-fade wd-col product-grid-item product product-no-swatches type-product post-14220 status-publish first instock product_cat-alojamento product_cat-alojamento-local-pt-pt product_cat-flores-pt-pt product_cat-todas-as-ilhas product_tag-ilhadaflores has-post-thumbnail virtual sold-individually taxable purchasable product-type-phive_booking\" data-loop=\"4\" data-id=\"14220\">\n\t\n\t\n<div class=\"product-wrapper\">\n\t<div class=\"content-product-imagin\"><\/div>\n\t<div class=\"product-element-top wd-quick-shop\">\n\t\t<a href=\"https:\/\/guidetotheazores.pt\/pt-pt\/produto\/casa-atlantida-t1mar\/\" class=\"product-image-link\" tabindex=\"-1\" aria-label=\"Casa do Mar &#8211; Flores\">\n\t\t\t<img decoding=\"async\" width=\"300\" height=\"225\" src=\"https:\/\/guidetotheazores.pt\/wp-content\/uploads\/2024\/02\/3-2-300x225.jpg\" class=\"attachment-woocommerce_thumbnail size-woocommerce_thumbnail\" alt=\"\" srcset=\"https:\/\/guidetotheazores.pt\/wp-content\/uploads\/2024\/02\/3-2-300x225.jpg 300w, https:\/\/guidetotheazores.pt\/wp-content\/uploads\/2024\/02\/3-2-600x450.jpg 600w\" sizes=\"(max-width: 300px) 100vw, 300px\">\t\t<\/a>\n\n\t\t\t\t\t<div class=\"hover-img\">\n\t\t\t\t<img decoding=\"async\" width=\"300\" height=\"225\" src=\"https:\/\/guidetotheazores.pt\/wp-content\/uploads\/2024\/02\/2-300x225.jpg\" class=\"attachment-woocommerce_thumbnail size-woocommerce_thumbnail\" alt=\"Casa Atlantida - Guide to the Azores - Flores\" srcset=\"https:\/\/guidetotheazores.pt\/wp-content\/uploads\/2024\/02\/2-300x225.jpg 300w, https:\/\/guidetotheazores.pt\/wp-content\/uploads\/2024\/02\/2-600x450.jpg 600w\" sizes=\"(max-width: 300px) 100vw, 300px\" \/>\t\t\t<\/div>\n\t\t\t\n\t\t<div class=\"wrapp-swatches\"><\/div>\n\t<\/div>\n\n\t<div class=\"product-element-bottom product-information\">\n\t\t<h3 class=\"wd-entities-title\"><a href=\"https:\/\/guidetotheazores.pt\/pt-pt\/produto\/casa-atlantida-t1mar\/\">Casa do Mar &#8211; Flores<\/a><\/h3>\t\t\t\t<div class=\"product-rating-price\">\n\t\t\t<div class=\"wrapp-product-price\">\n\t\t\t\t\n\t<span class=\"price\"><span class=\"woocommerce-Price-amount amount\"><bdi><span class=\"woocommerce-Price-currencySymbol\">&euro;<\/span>130.00<\/bdi><\/span>&nbsp;<span class = \"ph-bookings-display-cost-suffix\">From<\/span><\/span>\n        <\/a>\n                            <span class=\"details\">\n                        <a href=\"https:\/\/guidetotheazores.pt\/pt-pt\/partner\/casa-atlantida\/\">Casa Atlantida<\/a>                    <\/span>\n            \t\t\t\t\t\t\t<\/div>\n\t\t<\/div>\n\t\t\t\t<div class=\"fade-in-block wd-scroll\">\n\t\t\t<div class=\"hover-content wd-more-desc\">\n\t\t\t\t<div class=\"hover-content-inner wd-more-desc-inner\">\n\t\t\t\t\tA &#8220;Casa do Mar&#8221; \u00e9 uma casa de pedra com vista panor\u00e2mica sobre o oceano e o p\u00f4r do sol, com acesso direto ao mar.\n\nTem um quarto com vista para o mar, uma sala de estar com uma cama individual e televis\u00e3o, uma casa de banho e uma cozinha equipada (m\u00e1quina de lavar loi\u00e7a e utens\u00edlios dom\u00e9sticos). A roupa de cama e as toalhas s\u00e3o fornecidas.\n\nPedimos-te que pagues 25 euros por pessoa no momento do check-in para impostos e taxas n\u00e3o inclu\u00eddos.\n\nA casa \u00e9 nova e est\u00e1 decorada de forma acolhedora\t\t\t\t<\/div>\n\t\t\t\t<a href=\"#\" rel=\"nofollow\" class=\"wd-more-desc-btn\" aria-label=\"Read more description\"><\/a>\n\t\t\t<\/div>\n\t\t\t<div class=\" wd-bottom-actions\">\n\t\t\t\t<div class=\"wrap-wishlist-button\"><\/div>\n\t\t\t\t<div class=\"wd-add-btn wd-add-btn-replace\">\n\t\t\t\t\t<a href=\"https:\/\/guidetotheazores.pt\/pt-pt\/produto\/casa-atlantida-t1mar\/\" aria-describedby=\"woocommerce_loop_add_to_cart_link_describedby_14220\" data-quantity=\"1\" class=\"button product_type_phive_booking add_to_cart_button add-to-cart-loop\" data-product_id=\"14220\" data-product_sku=\"\" aria-label=\"Leia mais sobre &ldquo;Casa do Mar - Flores&rdquo;\" rel=\"nofollow\"><span>Reservar Agora<\/span><\/a>\t<span id=\"woocommerce_loop_add_to_cart_link_describedby_14220\" class=\"screen-reader-text\">\n\t\t\t<\/span>\n\t\t\t\t\t\t\t\t\t\t\t\t\t\t\t\t\t\t\t\t<\/div>\n\t\t\t\t<div class=\"wrap-quickview-button\">\t\t<div class=\"quick-view wd-action-btn wd-style-icon wd-quick-view-icon\">\n\t\t\t<a\n\t\t\t\thref=\"https:\/\/guidetotheazores.pt\/pt-pt\/produto\/casa-atlantida-t1mar\/\"\n\t\t\t\tclass=\"open-quick-view quick-view-button\"\n\t\t\t\trel=\"nofollow\"\n\t\t\t\tdata-id=\"14220\"\n\t\t\t\t>Quick view<\/a>\n\t\t<\/div>\n\t\t<\/div>\n\t\t\t<\/div>\n\n\t\t\t\t\t\t\n\t\t\t\t\t<\/div>\n\t<\/div>\n<\/div>\n<\/div>\n<div class=\"wd-product wd-hover-base wd-hover-with-fade wd-col product-grid-item product product-no-swatches type-product post-18229 status-publish instock product_cat-alojamento product_cat-alojamento-local-pt-pt product_cat-flores-pt-pt product_cat-todas-as-ilhas product_tag-ilhadaflores has-post-thumbnail virtual sold-individually taxable purchasable product-type-phive_booking\" data-loop=\"5\" data-id=\"18229\">\n\t\n\t\n<div class=\"product-wrapper\">\n\t<div class=\"content-product-imagin\"><\/div>\n\t<div class=\"product-element-top wd-quick-shop\">\n\t\t<a href=\"https:\/\/guidetotheazores.pt\/pt-pt\/produto\/casa-do-sol\/\" class=\"product-image-link\" tabindex=\"-1\" aria-label=\"Casa do Sol\">\n\t\t\t<img decoding=\"async\" width=\"300\" height=\"225\" src=\"https:\/\/guidetotheazores.pt\/wp-content\/uploads\/2024\/03\/Casa-do-Sol-Guide-to-the-Azores-Casa-Atlantida-Flores-Cover-300x225.jpg\" class=\"attachment-woocommerce_thumbnail size-woocommerce_thumbnail\" alt=\"Casa do Sol - Guide to the Azores - Casa Atlantida - Flores Cover\" srcset=\"https:\/\/guidetotheazores.pt\/wp-content\/uploads\/2024\/03\/Casa-do-Sol-Guide-to-the-Azores-Casa-Atlantida-Flores-Cover-300x225.jpg 300w, https:\/\/guidetotheazores.pt\/wp-content\/uploads\/2024\/03\/Casa-do-Sol-Guide-to-the-Azores-Casa-Atlantida-Flores-Cover-600x450.jpg 600w\" sizes=\"(max-width: 300px) 100vw, 300px\" \/>\t\t<\/a>\n\n\t\t\t\t\t<div class=\"hover-img\">\n\t\t\t\t<img decoding=\"async\" width=\"300\" height=\"225\" src=\"https:\/\/guidetotheazores.pt\/wp-content\/uploads\/2024\/03\/WhatsApp-Image-2024-03-04-at-15.41.42-300x225.jpeg\" class=\"attachment-woocommerce_thumbnail size-woocommerce_thumbnail\" alt=\"\" srcset=\"https:\/\/guidetotheazores.pt\/wp-content\/uploads\/2024\/03\/WhatsApp-Image-2024-03-04-at-15.41.42-300x225.jpeg 300w, https:\/\/guidetotheazores.pt\/wp-content\/uploads\/2024\/03\/WhatsApp-Image-2024-03-04-at-15.41.42-600x450.jpeg 600w\" sizes=\"(max-width: 300px) 100vw, 300px\">\t\t\t<\/div>\n\t\t\t\n\t\t<div class=\"wrapp-swatches\"><\/div>\n\t<\/div>\n\n\t<div class=\"product-element-bottom product-information\">\n\t\t<h3 class=\"wd-entities-title\"><a href=\"https:\/\/guidetotheazores.pt\/pt-pt\/produto\/casa-do-sol\/\">Casa do Sol<\/a><\/h3>\t\t\t\t<div class=\"product-rating-price\">\n\t\t\t<div class=\"wrapp-product-price\">\n\t\t\t\t\n\t<span class=\"price\"><span class=\"woocommerce-Price-amount amount\"><bdi><span class=\"woocommerce-Price-currencySymbol\">&euro;<\/span>140.00<\/bdi><\/span>&nbsp;<span class = \"ph-bookings-display-cost-suffix\">From<\/span><\/span>\n        <\/a>\n                            <span class=\"details\">\n                        <a href=\"https:\/\/guidetotheazores.pt\/pt-pt\/partner\/casa-atlantida\/\">Casa Atlantida<\/a>                    <\/span>\n            \t\t\t\t\t\t\t<\/div>\n\t\t<\/div>\n\t\t\t\t<div class=\"fade-in-block wd-scroll\">\n\t\t\t<div class=\"hover-content wd-more-desc\">\n\t\t\t\t<div class=\"hover-content-inner wd-more-desc-inner\">\n\t\t\t\t\tA &#8220;Casa do Sol&#8221; \u00e9 uma grande casa de pedra com acesso direto ao mar. Tem uma bela vista para o mar, para o p\u00f4r do sol e para o lado sul, para as montanhas e para o oceano.\n\nConfort\u00e1vel e muito espa\u00e7oso, ideal para 4 pessoas, tem 80m2 com 2 quartos no r\u00e9s do ch\u00e3o com vista para o mar, uma casa de banho, uma cozinha totalmente equipada e uma sala de estar com sof\u00e1 (pode ser usado como cama extra), TV e aparelhagem.\t\t\t\t<\/div>\n\t\t\t\t<a href=\"#\" rel=\"nofollow\" class=\"wd-more-desc-btn\" aria-label=\"Read more description\"><\/a>\n\t\t\t<\/div>\n\t\t\t<div class=\" wd-bottom-actions\">\n\t\t\t\t<div class=\"wrap-wishlist-button\"><\/div>\n\t\t\t\t<div class=\"wd-add-btn wd-add-btn-replace\">\n\t\t\t\t\t<a href=\"https:\/\/guidetotheazores.pt\/pt-pt\/produto\/casa-do-sol\/\" aria-describedby=\"woocommerce_loop_add_to_cart_link_describedby_18229\" data-quantity=\"1\" class=\"button product_type_phive_booking add_to_cart_button add-to-cart-loop\" data-product_id=\"18229\" data-product_sku=\"\" aria-label=\"Leia mais sobre &ldquo;Casa do Sol&rdquo;\" rel=\"nofollow\"><span>Reservar Agora<\/span><\/a>\t<span id=\"woocommerce_loop_add_to_cart_link_describedby_18229\" class=\"screen-reader-text\">\n\t\t\t<\/span>\n\t\t\t\t\t\t\t\t\t\t\t\t\t\t\t\t\t\t\t\t<\/div>\n\t\t\t\t<div class=\"wrap-quickview-button\">\t\t<div class=\"quick-view wd-action-btn wd-style-icon wd-quick-view-icon\">\n\t\t\t<a\n\t\t\t\thref=\"https:\/\/guidetotheazores.pt\/pt-pt\/produto\/casa-do-sol\/\"\n\t\t\t\tclass=\"open-quick-view quick-view-button\"\n\t\t\t\trel=\"nofollow\"\n\t\t\t\tdata-id=\"18229\"\n\t\t\t\t>Quick view<\/a>\n\t\t<\/div>\n\t\t<\/div>\n\t\t\t<\/div>\n\n\t\t\t\t\t\t\n\t\t\t\t\t<\/div>\n\t<\/div>\n<\/div>\n<\/div>\n<div class=\"wd-product wd-hover-base wd-hover-with-fade wd-col product-grid-item product product-no-swatches type-product post-14561 status-publish instock product_cat-alojamento product_cat-alojamento-local-pt-pt product_cat-faial-pt-pt product_cat-todas-as-ilhas product_tag-ilhadofaial has-post-thumbnail virtual sold-individually taxable purchasable product-type-phive_booking\" data-loop=\"6\" data-id=\"14561\">\n\t\n\t\n<div class=\"product-wrapper\">\n\t<div class=\"content-product-imagin\"><\/div>\n\t<div class=\"product-element-top wd-quick-shop\">\n\t\t<a href=\"https:\/\/guidetotheazores.pt\/pt-pt\/produto\/casa-rosa\/\" class=\"product-image-link\" tabindex=\"-1\" aria-label=\"Casa Rosa &#8211; Horta\">\n\t\t\t<img decoding=\"async\" width=\"300\" height=\"225\" src=\"https:\/\/guidetotheazores.pt\/wp-content\/uploads\/2024\/02\/Casa-Rosa-Guide-to-the-Azores-Faial-Cover-300x225.jpg\" class=\"attachment-woocommerce_thumbnail size-woocommerce_thumbnail\" alt=\"Casa Rosa - Guide to the Azores - Faial\" srcset=\"https:\/\/guidetotheazores.pt\/wp-content\/uploads\/2024\/02\/Casa-Rosa-Guide-to-the-Azores-Faial-Cover-300x225.jpg 300w, https:\/\/guidetotheazores.pt\/wp-content\/uploads\/2024\/02\/Casa-Rosa-Guide-to-the-Azores-Faial-Cover-600x450.jpg 600w\" sizes=\"(max-width: 300px) 100vw, 300px\" \/>\t\t<\/a>\n\n\t\t\t\t\t<div class=\"hover-img\">\n\t\t\t\t<img decoding=\"async\" width=\"300\" height=\"225\" src=\"https:\/\/guidetotheazores.pt\/wp-content\/uploads\/2024\/02\/Casa-Rosa-Guide-to-the-Azores-Faial-VII-300x225.jpg\" class=\"attachment-woocommerce_thumbnail size-woocommerce_thumbnail\" alt=\"Casa Rosa - Guide to the Azores - Faial\" srcset=\"https:\/\/guidetotheazores.pt\/wp-content\/uploads\/2024\/02\/Casa-Rosa-Guide-to-the-Azores-Faial-VII-300x225.jpg 300w, https:\/\/guidetotheazores.pt\/wp-content\/uploads\/2024\/02\/Casa-Rosa-Guide-to-the-Azores-Faial-VII-1024x768.jpg 1024w, https:\/\/guidetotheazores.pt\/wp-content\/uploads\/2024\/02\/Casa-Rosa-Guide-to-the-Azores-Faial-VII-768x576.jpg 768w, https:\/\/guidetotheazores.pt\/wp-content\/uploads\/2024\/02\/Casa-Rosa-Guide-to-the-Azores-Faial-VII-600x450.jpg 600w, https:\/\/guidetotheazores.pt\/wp-content\/uploads\/2024\/02\/Casa-Rosa-Guide-to-the-Azores-Faial-VII-150x113.jpg 150w, https:\/\/guidetotheazores.pt\/wp-content\/uploads\/2024\/02\/Casa-Rosa-Guide-to-the-Azores-Faial-VII.jpg 1280w\" sizes=\"(max-width: 300px) 100vw, 300px\" \/>\t\t\t<\/div>\n\t\t\t\n\t\t<div class=\"wrapp-swatches\"><\/div>\n\t<\/div>\n\n\t<div class=\"product-element-bottom product-information\">\n\t\t<h3 class=\"wd-entities-title\"><a href=\"https:\/\/guidetotheazores.pt\/pt-pt\/produto\/casa-rosa\/\">Casa Rosa &#8211; Horta<\/a><\/h3>\t\t\t\t<div class=\"product-rating-price\">\n\t\t\t<div class=\"wrapp-product-price\">\n\t\t\t\t\n\t<span class=\"price\"><span class=\"woocommerce-Price-amount amount\"><bdi><span class=\"woocommerce-Price-currencySymbol\">&euro;<\/span>100.00<\/bdi><\/span><\/span>\n        <\/a>\n                            <span class=\"details\">\n                        <a href=\"https:\/\/guidetotheazores.pt\/pt-pt\/partner\/casa-rosa\/\">Casa Rosa<\/a>                    <\/span>\n            \t\t\t\t\t\t\t<\/div>\n\t\t<\/div>\n\t\t\t\t<div class=\"fade-in-block wd-scroll\">\n\t\t\t<div class=\"hover-content wd-more-desc\">\n\t\t\t\t<div class=\"hover-content-inner wd-more-desc-inner\">\n\t\t\t\t\tCasa T2 tranquila e centralmente localizada, a 1 minuto a p\u00e9 de Porto Pim &#8211; a mais bela ba\u00eda e praia da ilha do Faial.\t\t\t\t<\/div>\n\t\t\t\t<a href=\"#\" rel=\"nofollow\" class=\"wd-more-desc-btn\" aria-label=\"Read more description\"><\/a>\n\t\t\t<\/div>\n\t\t\t<div class=\" wd-bottom-actions\">\n\t\t\t\t<div class=\"wrap-wishlist-button\"><\/div>\n\t\t\t\t<div class=\"wd-add-btn wd-add-btn-replace\">\n\t\t\t\t\t<a href=\"https:\/\/guidetotheazores.pt\/pt-pt\/produto\/casa-rosa\/\" aria-describedby=\"woocommerce_loop_add_to_cart_link_describedby_14561\" data-quantity=\"1\" class=\"button product_type_phive_booking add_to_cart_button add-to-cart-loop\" data-product_id=\"14561\" data-product_sku=\"\" aria-label=\"Leia mais sobre &ldquo;Casa Rosa - Horta&rdquo;\" rel=\"nofollow\"><span>Reservar Agora<\/span><\/a>\t<span id=\"woocommerce_loop_add_to_cart_link_describedby_14561\" class=\"screen-reader-text\">\n\t\t\t<\/span>\n\t\t\t\t\t\t\t\t\t\t\t\t\t\t\t\t\t\t\t\t<\/div>\n\t\t\t\t<div class=\"wrap-quickview-button\">\t\t<div class=\"quick-view wd-action-btn wd-style-icon wd-quick-view-icon\">\n\t\t\t<a\n\t\t\t\thref=\"https:\/\/guidetotheazores.pt\/pt-pt\/produto\/casa-rosa\/\"\n\t\t\t\tclass=\"open-quick-view quick-view-button\"\n\t\t\t\trel=\"nofollow\"\n\t\t\t\tdata-id=\"14561\"\n\t\t\t\t>Quick view<\/a>\n\t\t<\/div>\n\t\t<\/div>\n\t\t\t<\/div>\n\n\t\t\t\t\t\t\n\t\t\t\t\t<\/div>\n\t<\/div>\n<\/div>\n<\/div>\n<div class=\"wd-product wd-hover-base wd-hover-with-fade wd-col product-grid-item product product-no-swatches type-product post-13213 status-publish last instock product_cat-alojamento product_cat-alojamento-local-pt-pt product_cat-terceira-pt-pt product_cat-todas-as-ilhas product_tag-ilhaterceira has-post-thumbnail virtual sold-individually taxable purchasable product-type-phive_booking\" data-loop=\"7\" data-id=\"13213\">\n\t\n\t\n<div class=\"product-wrapper\">\n\t<div class=\"content-product-imagin\"><\/div>\n\t<div class=\"product-element-top wd-quick-shop\">\n\t\t<a href=\"https:\/\/guidetotheazores.pt\/pt-pt\/produto\/o-refugio-patio-bbq-100-privado-espacoso-e-sereno-%e2%9b%b1\/\" class=\"product-image-link\" tabindex=\"-1\" aria-label=\"O Ref\u00fagio &#8211; P\u00e1tio &amp; BBQ | 100% privado | Espa\u00e7oso e tranquilo \u26f1\">\n\t\t\t<img decoding=\"async\" width=\"300\" height=\"225\" src=\"https:\/\/guidetotheazores.pt\/wp-content\/uploads\/2024\/02\/O-Refugio-Guide-to-the-Azores-family-room-squared-300x225.jpg\" class=\"attachment-woocommerce_thumbnail size-woocommerce_thumbnail\" alt=\"O Refugio - Guide to the Azores - family-room-squared\" srcset=\"https:\/\/guidetotheazores.pt\/wp-content\/uploads\/2024\/02\/O-Refugio-Guide-to-the-Azores-family-room-squared-300x225.jpg 300w, https:\/\/guidetotheazores.pt\/wp-content\/uploads\/2024\/02\/O-Refugio-Guide-to-the-Azores-family-room-squared-600x450.jpg 600w\" sizes=\"(max-width: 300px) 100vw, 300px\" \/>\t\t<\/a>\n\n\t\t\t\t\t<div class=\"hover-img\">\n\t\t\t\t<img decoding=\"async\" width=\"300\" height=\"225\" src=\"https:\/\/guidetotheazores.pt\/wp-content\/uploads\/2024\/02\/O-Refugio-Guide-to-the-Azores-wood-bench-300x225.jpg\" class=\"attachment-woocommerce_thumbnail size-woocommerce_thumbnail\" alt=\"O Refugio - Guide to the Azores - bancada de madeira\" srcset=\"https:\/\/guidetotheazores.pt\/wp-content\/uploads\/2024\/02\/O-Refugio-Guide-to-the-Azores-wood-bench-300x225.jpg 300w, https:\/\/guidetotheazores.pt\/wp-content\/uploads\/2024\/02\/O-Refugio-Guide-to-the-Azores-wood-bench-600x450.jpg 600w\" sizes=\"(max-width: 300px) 100vw, 300px\" \/>\t\t\t<\/div>\n\t\t\t\n\t\t<div class=\"wrapp-swatches\"><\/div>\n\t<\/div>\n\n\t<div class=\"product-element-bottom product-information\">\n\t\t<h3 class=\"wd-entities-title\"><a href=\"https:\/\/guidetotheazores.pt\/pt-pt\/produto\/o-refugio-patio-bbq-100-privado-espacoso-e-sereno-%e2%9b%b1\/\">O Ref\u00fagio &#8211; P\u00e1tio &amp; BBQ | 100% privado | Espa\u00e7oso e tranquilo \u26f1<\/a><\/h3>\t\t\t\t<div class=\"product-rating-price\">\n\t\t\t<div class=\"wrapp-product-price\">\n\t\t\t\t\n\t<span class=\"price\"><span class=\"woocommerce-Price-amount amount\"><bdi><span class=\"woocommerce-Price-currencySymbol\">&euro;<\/span>80.00<\/bdi><\/span><\/span>\n        <\/a>\n                            <span class=\"details\">\n                        <a href=\"https:\/\/guidetotheazores.pt\/pt-pt\/partner\/o-refugio\/\">O Ref\u00fagio<\/a>                    <\/span>\n            \t\t\t\t\t\t\t<\/div>\n\t\t<\/div>\n\t\t\t\t<div class=\"fade-in-block wd-scroll\">\n\t\t\t<div class=\"hover-content wd-more-desc\">\n\t\t\t\t<div class=\"hover-content-inner wd-more-desc-inner\">\n\t\t\t\t\tNo Ref\u00fagio, vais sentir-te em casa. Gostamos de espa\u00e7os confort\u00e1veis, calmos e rodeados pela natureza e deix\u00e1mos isso transparecer nos nossos alojamentos.\n\nM\u00e1ximo 3 pessoas\t\t\t\t<\/div>\n\t\t\t\t<a href=\"#\" rel=\"nofollow\" class=\"wd-more-desc-btn\" aria-label=\"Read more description\"><\/a>\n\t\t\t<\/div>\n\t\t\t<div class=\" wd-bottom-actions\">\n\t\t\t\t<div class=\"wrap-wishlist-button\"><\/div>\n\t\t\t\t<div class=\"wd-add-btn wd-add-btn-replace\">\n\t\t\t\t\t<a href=\"https:\/\/guidetotheazores.pt\/pt-pt\/produto\/o-refugio-patio-bbq-100-privado-espacoso-e-sereno-%e2%9b%b1\/\" aria-describedby=\"woocommerce_loop_add_to_cart_link_describedby_13213\" data-quantity=\"1\" class=\"button product_type_phive_booking add_to_cart_button add-to-cart-loop\" data-product_id=\"13213\" data-product_sku=\"\" aria-label=\"Leia mais sobre &ldquo;O Ref\u00fagio - P\u00e1tio &amp; BBQ | 100% privado | Espa\u00e7oso e tranquilo \u26f1&rdquo;\" rel=\"nofollow\"><span>Reservar Agora<\/span><\/a>\t<span id=\"woocommerce_loop_add_to_cart_link_describedby_13213\" class=\"screen-reader-text\">\n\t\t\t<\/span>\n\t\t\t\t\t\t\t\t\t\t\t\t\t\t\t\t\t\t\t\t<\/div>\n\t\t\t\t<div class=\"wrap-quickview-button\">\t\t<div class=\"quick-view wd-action-btn wd-style-icon wd-quick-view-icon\">\n\t\t\t<a\n\t\t\t\thref=\"https:\/\/guidetotheazores.pt\/pt-pt\/produto\/o-refugio-patio-bbq-100-privado-espacoso-e-sereno-%e2%9b%b1\/\"\n\t\t\t\tclass=\"open-quick-view quick-view-button\"\n\t\t\t\trel=\"nofollow\"\n\t\t\t\tdata-id=\"13213\"\n\t\t\t\t>Quick view<\/a>\n\t\t<\/div>\n\t\t<\/div>\n\t\t\t<\/div>\n\n\t\t\t\t\t\t\n\t\t\t\t\t<\/div>\n\t<\/div>\n<\/div>\n<\/div>\n<div class=\"wd-product wd-hover-base wd-hover-with-fade wd-col product-grid-item product product-no-swatches type-product post-13583 status-publish first instock product_cat-alojamento product_cat-alojamento-local-pt-pt product_cat-faial-pt-pt product_cat-todas-as-ilhas product_tag-ilhadofaial has-post-thumbnail virtual sold-individually taxable purchasable product-type-phive_booking\" data-loop=\"8\" data-id=\"13583\">\n\t\n\t\n<div class=\"product-wrapper\">\n\t<div class=\"content-product-imagin\"><\/div>\n\t<div class=\"product-element-top wd-quick-shop\">\n\t\t<a href=\"https:\/\/guidetotheazores.pt\/pt-pt\/produto\/quarto-duplo-com-casa-de-banho-partilhada-2\/\" class=\"product-image-link\" tabindex=\"-1\" aria-label=\"Quarto duplo &#8211; casa de banho partilhada\">\n\t\t\t<img decoding=\"async\" width=\"300\" height=\"225\" src=\"https:\/\/guidetotheazores.pt\/wp-content\/uploads\/2024\/02\/42f86d08-ca82-4473-b2c7-7e9f553ae4e2-300x225.jpg\" class=\"attachment-woocommerce_thumbnail size-woocommerce_thumbnail\" alt=\"\" srcset=\"https:\/\/guidetotheazores.pt\/wp-content\/uploads\/2024\/02\/42f86d08-ca82-4473-b2c7-7e9f553ae4e2-300x225.jpg 300w, https:\/\/guidetotheazores.pt\/wp-content\/uploads\/2024\/02\/42f86d08-ca82-4473-b2c7-7e9f553ae4e2-600x450.jpg 600w\" sizes=\"(max-width: 300px) 100vw, 300px\">\t\t<\/a>\n\n\t\t\t\t\t<div class=\"hover-img\">\n\t\t\t\t<img decoding=\"async\" width=\"300\" height=\"225\" src=\"https:\/\/guidetotheazores.pt\/wp-content\/uploads\/2024\/02\/674d741b-3fbe-4615-9c5b-b8fbe4ea76ec-300x225.jpg\" class=\"attachment-woocommerce_thumbnail size-woocommerce_thumbnail\" alt=\"\" srcset=\"https:\/\/guidetotheazores.pt\/wp-content\/uploads\/2024\/02\/674d741b-3fbe-4615-9c5b-b8fbe4ea76ec-300x225.jpg 300w, https:\/\/guidetotheazores.pt\/wp-content\/uploads\/2024\/02\/674d741b-3fbe-4615-9c5b-b8fbe4ea76ec-600x450.jpg 600w\" sizes=\"(max-width: 300px) 100vw, 300px\">\t\t\t<\/div>\n\t\t\t\n\t\t<div class=\"wrapp-swatches\"><\/div>\n\t<\/div>\n\n\t<div class=\"product-element-bottom product-information\">\n\t\t<h3 class=\"wd-entities-title\"><a href=\"https:\/\/guidetotheazores.pt\/pt-pt\/produto\/quarto-duplo-com-casa-de-banho-partilhada-2\/\">Quarto duplo &#8211; casa de banho partilhada<\/a><\/h3>\t\t\t\t<div class=\"product-rating-price\">\n\t\t\t<div class=\"wrapp-product-price\">\n\t\t\t\t\n\t<span class=\"price\"><span class=\"woocommerce-Price-amount amount\"><bdi><span class=\"woocommerce-Price-currencySymbol\">&euro;<\/span>60.00<\/bdi><\/span><\/span>\n        <\/a>\n                            <span class=\"details\">\n                        <a href=\"https:\/\/guidetotheazores.pt\/pt-pt\/partner\/mar-rosa\/\">Mar Rosa<\/a>                    <\/span>\n            \t\t\t\t\t\t\t<\/div>\n\t\t<\/div>\n\t\t\t\t<div class=\"fade-in-block wd-scroll\">\n\t\t\t<div class=\"hover-content wd-more-desc\">\n\t\t\t\t<div class=\"hover-content-inner wd-more-desc-inner\">\n\t\t\t\t\tQuarto duplo com televis\u00e3o, uma casa de banho com duche italiano e uma cozinha partilhada por dois quartos\t\t\t\t<\/div>\n\t\t\t\t<a href=\"#\" rel=\"nofollow\" class=\"wd-more-desc-btn\" aria-label=\"Read more description\"><\/a>\n\t\t\t<\/div>\n\t\t\t<div class=\" wd-bottom-actions\">\n\t\t\t\t<div class=\"wrap-wishlist-button\"><\/div>\n\t\t\t\t<div class=\"wd-add-btn wd-add-btn-replace\">\n\t\t\t\t\t<a href=\"https:\/\/guidetotheazores.pt\/pt-pt\/produto\/quarto-duplo-com-casa-de-banho-partilhada-2\/\" aria-describedby=\"woocommerce_loop_add_to_cart_link_describedby_13583\" data-quantity=\"1\" class=\"button product_type_phive_booking add_to_cart_button add-to-cart-loop\" data-product_id=\"13583\" data-product_sku=\"\" aria-label=\"Leia mais sobre &ldquo;Quarto duplo - casa de banho partilhada&rdquo;\" rel=\"nofollow\"><span>Reservar Agora<\/span><\/a>\t<span id=\"woocommerce_loop_add_to_cart_link_describedby_13583\" class=\"screen-reader-text\">\n\t\t\t<\/span>\n\t\t\t\t\t\t\t\t\t\t\t\t\t\t\t\t\t\t\t\t<\/div>\n\t\t\t\t<div class=\"wrap-quickview-button\">\t\t<div class=\"quick-view wd-action-btn wd-style-icon wd-quick-view-icon\">\n\t\t\t<a\n\t\t\t\thref=\"https:\/\/guidetotheazores.pt\/pt-pt\/produto\/quarto-duplo-com-casa-de-banho-partilhada-2\/\"\n\t\t\t\tclass=\"open-quick-view quick-view-button\"\n\t\t\t\trel=\"nofollow\"\n\t\t\t\tdata-id=\"13583\"\n\t\t\t\t>Quick view<\/a>\n\t\t<\/div>\n\t\t<\/div>\n\t\t\t<\/div>\n\n\t\t\t\t\t\t\n\t\t\t\t\t<\/div>\n\t<\/div>\n<\/div>\n<\/div>\n<div class=\"wd-product wd-hover-base wd-hover-with-fade wd-col product-grid-item product product-no-swatches type-product post-13582 status-publish instock product_cat-alojamento product_cat-alojamento-local-pt-pt product_cat-faial-pt-pt product_cat-todas-as-ilhas product_tag-ilhadofaial has-post-thumbnail virtual sold-individually taxable purchasable product-type-phive_booking\" data-loop=\"9\" data-id=\"13582\">\n\t\n\t\n<div class=\"product-wrapper\">\n\t<div class=\"content-product-imagin\"><\/div>\n\t<div class=\"product-element-top wd-quick-shop\">\n\t\t<a href=\"https:\/\/guidetotheazores.pt\/pt-pt\/produto\/quarto-duplo-com-casa-de-banho-partilhada\/\" class=\"product-image-link\" tabindex=\"-1\" aria-label=\"Quarto duplo com casa de banho partilhada\">\n\t\t\t<img decoding=\"async\" width=\"300\" height=\"225\" src=\"https:\/\/guidetotheazores.pt\/wp-content\/uploads\/2024\/02\/Mar-Rosa-Guide-to-the-Azores-VI-300x225.jpg\" class=\"attachment-woocommerce_thumbnail size-woocommerce_thumbnail\" alt=\"Mar Rosa - Guide to the Azores\" srcset=\"https:\/\/guidetotheazores.pt\/wp-content\/uploads\/2024\/02\/Mar-Rosa-Guide-to-the-Azores-VI-300x225.jpg 300w, https:\/\/guidetotheazores.pt\/wp-content\/uploads\/2024\/02\/Mar-Rosa-Guide-to-the-Azores-VI-600x450.jpg 600w\" sizes=\"(max-width: 300px) 100vw, 300px\" \/>\t\t<\/a>\n\n\t\t\t\t\t<div class=\"hover-img\">\n\t\t\t\t<img decoding=\"async\" width=\"300\" height=\"225\" src=\"https:\/\/guidetotheazores.pt\/wp-content\/uploads\/2024\/02\/Mar-Rosa-Guide-to-the-Azores-X-300x225.jpg\" class=\"attachment-woocommerce_thumbnail size-woocommerce_thumbnail\" alt=\"Mar Rosa - Guide to the Azores\" srcset=\"https:\/\/guidetotheazores.pt\/wp-content\/uploads\/2024\/02\/Mar-Rosa-Guide-to-the-Azores-X-300x225.jpg 300w, https:\/\/guidetotheazores.pt\/wp-content\/uploads\/2024\/02\/Mar-Rosa-Guide-to-the-Azores-X-600x450.jpg 600w\" sizes=\"(max-width: 300px) 100vw, 300px\" \/>\t\t\t<\/div>\n\t\t\t\n\t\t<div class=\"wrapp-swatches\"><\/div>\n\t<\/div>\n\n\t<div class=\"product-element-bottom product-information\">\n\t\t<h3 class=\"wd-entities-title\"><a href=\"https:\/\/guidetotheazores.pt\/pt-pt\/produto\/quarto-duplo-com-casa-de-banho-partilhada\/\">Quarto duplo com casa de banho partilhada<\/a><\/h3>\t\t\t\t<div class=\"product-rating-price\">\n\t\t\t<div class=\"wrapp-product-price\">\n\t\t\t\t\n\t<span class=\"price\"><span class=\"woocommerce-Price-amount amount\"><bdi><span class=\"woocommerce-Price-currencySymbol\">&euro;<\/span>60.00<\/bdi><\/span><\/span>\n        <\/a>\n                            <span class=\"details\">\n                        <a href=\"https:\/\/guidetotheazores.pt\/pt-pt\/partner\/mar-rosa\/\">Mar Rosa<\/a>                    <\/span>\n            \t\t\t\t\t\t\t<\/div>\n\t\t<\/div>\n\t\t\t\t<div class=\"fade-in-block wd-scroll\">\n\t\t\t<div class=\"hover-content wd-more-desc\">\n\t\t\t\t<div class=\"hover-content-inner wd-more-desc-inner\">\n\t\t\t\t\tQuarto duplo com televis\u00e3o, uma casa de banho com duche italiano e uma cozinha partilhada por dois quartos\t\t\t\t<\/div>\n\t\t\t\t<a href=\"#\" rel=\"nofollow\" class=\"wd-more-desc-btn\" aria-label=\"Read more description\"><\/a>\n\t\t\t<\/div>\n\t\t\t<div class=\" wd-bottom-actions\">\n\t\t\t\t<div class=\"wrap-wishlist-button\"><\/div>\n\t\t\t\t<div class=\"wd-add-btn wd-add-btn-replace\">\n\t\t\t\t\t<a href=\"https:\/\/guidetotheazores.pt\/pt-pt\/produto\/quarto-duplo-com-casa-de-banho-partilhada\/\" aria-describedby=\"woocommerce_loop_add_to_cart_link_describedby_13582\" data-quantity=\"1\" class=\"button product_type_phive_booking add_to_cart_button add-to-cart-loop\" data-product_id=\"13582\" data-product_sku=\"\" aria-label=\"Leia mais sobre &ldquo;Quarto duplo com casa de banho partilhada&rdquo;\" rel=\"nofollow\"><span>Reservar Agora<\/span><\/a>\t<span id=\"woocommerce_loop_add_to_cart_link_describedby_13582\" class=\"screen-reader-text\">\n\t\t\t<\/span>\n\t\t\t\t\t\t\t\t\t\t\t\t\t\t\t\t\t\t\t\t<\/div>\n\t\t\t\t<div class=\"wrap-quickview-button\">\t\t<div class=\"quick-view wd-action-btn wd-style-icon wd-quick-view-icon\">\n\t\t\t<a\n\t\t\t\thref=\"https:\/\/guidetotheazores.pt\/pt-pt\/produto\/quarto-duplo-com-casa-de-banho-partilhada\/\"\n\t\t\t\tclass=\"open-quick-view quick-view-button\"\n\t\t\t\trel=\"nofollow\"\n\t\t\t\tdata-id=\"13582\"\n\t\t\t\t>Quick view<\/a>\n\t\t<\/div>\n\t\t<\/div>\n\t\t\t<\/div>\n\n\t\t\t\t\t\t\n\t\t\t\t\t<\/div>\n\t<\/div>\n<\/div>\n<\/div>\n<div class=\"wd-product wd-hover-base wd-hover-with-fade wd-col product-grid-item product product-no-swatches type-product post-13586 status-publish instock product_cat-alojamento product_cat-alojamento-local-pt-pt product_cat-faial-pt-pt product_cat-todas-as-ilhas product_tag-ilhadofaial has-post-thumbnail virtual sold-individually taxable purchasable product-type-phive_booking\" data-loop=\"10\" data-id=\"13586\">\n\t\n\t\n<div class=\"product-wrapper\">\n\t<div class=\"content-product-imagin\"><\/div>\n\t<div class=\"product-element-top wd-quick-shop\">\n\t\t<a href=\"https:\/\/guidetotheazores.pt\/pt-pt\/produto\/quarto-triplo-com-casa-de-banho-privativa-e-cozinha\/\" class=\"product-image-link\" tabindex=\"-1\" aria-label=\"Quarto triplo com casa de banho privativa e cozinha\">\n\t\t\t<img decoding=\"async\" width=\"300\" height=\"225\" src=\"https:\/\/guidetotheazores.pt\/wp-content\/uploads\/2024\/02\/Mar-Rosa-Guide-to-the-Azores-IX-300x225.jpg\" class=\"attachment-woocommerce_thumbnail size-woocommerce_thumbnail\" alt=\"Mar Rosa - Guide to the Azores\" srcset=\"https:\/\/guidetotheazores.pt\/wp-content\/uploads\/2024\/02\/Mar-Rosa-Guide-to-the-Azores-IX-300x225.jpg 300w, https:\/\/guidetotheazores.pt\/wp-content\/uploads\/2024\/02\/Mar-Rosa-Guide-to-the-Azores-IX-600x450.jpg 600w\" sizes=\"(max-width: 300px) 100vw, 300px\" \/>\t\t<\/a>\n\n\t\t\t\t\t<div class=\"hover-img\">\n\t\t\t\t<img decoding=\"async\" width=\"300\" height=\"225\" src=\"https:\/\/guidetotheazores.pt\/wp-content\/uploads\/2024\/02\/dff61645-49b1-4f4a-bded-e53d6317b67d-300x225.jpg\" class=\"attachment-woocommerce_thumbnail size-woocommerce_thumbnail\" alt=\"\" srcset=\"https:\/\/guidetotheazores.pt\/wp-content\/uploads\/2024\/02\/dff61645-49b1-4f4a-bded-e53d6317b67d-300x225.jpg 300w, https:\/\/guidetotheazores.pt\/wp-content\/uploads\/2024\/02\/dff61645-49b1-4f4a-bded-e53d6317b67d-600x450.jpg 600w\" sizes=\"(max-width: 300px) 100vw, 300px\">\t\t\t<\/div>\n\t\t\t\n\t\t<div class=\"wrapp-swatches\"><\/div>\n\t<\/div>\n\n\t<div class=\"product-element-bottom product-information\">\n\t\t<h3 class=\"wd-entities-title\"><a href=\"https:\/\/guidetotheazores.pt\/pt-pt\/produto\/quarto-triplo-com-casa-de-banho-privativa-e-cozinha\/\">Quarto triplo com casa de banho privativa e cozinha<\/a><\/h3>\t\t\t\t<div class=\"product-rating-price\">\n\t\t\t<div class=\"wrapp-product-price\">\n\t\t\t\t\n\t<span class=\"price\"><span class=\"woocommerce-Price-amount amount\"><bdi><span class=\"woocommerce-Price-currencySymbol\">&euro;<\/span>72.00<\/bdi><\/span><\/span>\n        <\/a>\n                            <span class=\"details\">\n                        <a href=\"https:\/\/guidetotheazores.pt\/pt-pt\/partner\/mar-rosa\/\">Mar Rosa<\/a>                    <\/span>\n            \t\t\t\t\t\t\t<\/div>\n\t\t<\/div>\n\t\t\t\t<div class=\"fade-in-block wd-scroll\">\n\t\t\t<div class=\"hover-content wd-more-desc\">\n\t\t\t\t<div class=\"hover-content-inner wd-more-desc-inner\">\n\t\t\t\t\tQuarto triplo com uma cama de casal e uma cama individual no quarto cont\u00edguo. Este quarto tamb\u00e9m tem uma casa de banho privativa com um chuveiro italiano, bem como uma cozinha no p\u00e1tio em frente ao quarto\t\t\t\t<\/div>\n\t\t\t\t<a href=\"#\" rel=\"nofollow\" class=\"wd-more-desc-btn\" aria-label=\"Read more description\"><\/a>\n\t\t\t<\/div>\n\t\t\t<div class=\" wd-bottom-actions\">\n\t\t\t\t<div class=\"wrap-wishlist-button\"><\/div>\n\t\t\t\t<div class=\"wd-add-btn wd-add-btn-replace\">\n\t\t\t\t\t<a href=\"https:\/\/guidetotheazores.pt\/pt-pt\/produto\/quarto-triplo-com-casa-de-banho-privativa-e-cozinha\/\" aria-describedby=\"woocommerce_loop_add_to_cart_link_describedby_13586\" data-quantity=\"1\" class=\"button product_type_phive_booking add_to_cart_button add-to-cart-loop\" data-product_id=\"13586\" data-product_sku=\"\" aria-label=\"Leia mais sobre &ldquo;Quarto triplo com casa de banho privativa e cozinha&rdquo;\" rel=\"nofollow\"><span>Reservar Agora<\/span><\/a>\t<span id=\"woocommerce_loop_add_to_cart_link_describedby_13586\" class=\"screen-reader-text\">\n\t\t\t<\/span>\n\t\t\t\t\t\t\t\t\t\t\t\t\t\t\t\t\t\t\t\t<\/div>\n\t\t\t\t<div class=\"wrap-quickview-button\">\t\t<div class=\"quick-view wd-action-btn wd-style-icon wd-quick-view-icon\">\n\t\t\t<a\n\t\t\t\thref=\"https:\/\/guidetotheazores.pt\/pt-pt\/produto\/quarto-triplo-com-casa-de-banho-privativa-e-cozinha\/\"\n\t\t\t\tclass=\"open-quick-view quick-view-button\"\n\t\t\t\trel=\"nofollow\"\n\t\t\t\tdata-id=\"13586\"\n\t\t\t\t>Quick view<\/a>\n\t\t<\/div>\n\t\t<\/div>\n\t\t\t<\/div>\n\n\t\t\t\t\t\t\n\t\t\t\t\t<\/div>\n\t<\/div>\n<\/div>\n<\/div>\n<div class=\"wd-product wd-hover-base wd-hover-with-fade wd-col product-grid-item product product-no-swatches type-product post-16000 status-publish last instock product_cat-alojamento product_cat-alojamento-local-pt-pt product_cat-pico-pt-pt product_cat-todas-as-ilhas product_tag-ilhadopico has-post-thumbnail virtual sold-individually taxable purchasable product-type-phive_booking\" data-loop=\"11\" data-id=\"16000\">\n\t\n\t\n<div class=\"product-wrapper\">\n\t<div class=\"content-product-imagin\"><\/div>\n\t<div class=\"product-element-top wd-quick-shop\">\n\t\t<a href=\"https:\/\/guidetotheazores.pt\/pt-pt\/produto\/suite-atlantic\/\" class=\"product-image-link\" tabindex=\"-1\" aria-label=\"Suite Atlantic\">\n\t\t\t<img decoding=\"async\" width=\"300\" height=\"225\" src=\"https:\/\/guidetotheazores.pt\/wp-content\/uploads\/2024\/03\/Miradouro-da-Papalva-Guide-to-the-Azores-Pico-Cover-300x225.jpg\" class=\"attachment-woocommerce_thumbnail size-woocommerce_thumbnail\" alt=\"Miradouro da Papalva - Guide to the Azores - Pico\" \/>\t\t<\/a>\n\n\t\t\t\t\t<div class=\"hover-img\">\n\t\t\t\t<img decoding=\"async\" width=\"300\" height=\"225\" src=\"https:\/\/guidetotheazores.pt\/wp-content\/uploads\/2024\/03\/Miradouro-da-Papalva-Guide-to-the-Azores-Pico-300x225.png\" class=\"attachment-woocommerce_thumbnail size-woocommerce_thumbnail\" alt=\"Miradouro da Papalva - Guide to the Azores - Pico\" \/>\t\t\t<\/div>\n\t\t\t\n\t\t<div class=\"wrapp-swatches\"><\/div>\n\t<\/div>\n\n\t<div class=\"product-element-bottom product-information\">\n\t\t<h3 class=\"wd-entities-title\"><a href=\"https:\/\/guidetotheazores.pt\/pt-pt\/produto\/suite-atlantic\/\">Suite Atlantic<\/a><\/h3>\t\t\t\t<div class=\"product-rating-price\">\n\t\t\t<div class=\"wrapp-product-price\">\n\t\t\t\t\n\t<span class=\"price\"><span class=\"woocommerce-Price-amount amount\"><bdi><span class=\"woocommerce-Price-currencySymbol\">&euro;<\/span>183.00<\/bdi><\/span>&nbsp;<span class = \"ph-bookings-display-cost-suffix\">From<\/span><\/span>\n        <\/a>\n                            <span class=\"details\">\n                        <a href=\"https:\/\/guidetotheazores.pt\/pt-pt\/partner\/miradouro-da-papalva\/\">Miradouro da Papalva<\/a>                    <\/span>\n            \t\t\t\t\t\t\t<\/div>\n\t\t<\/div>\n\t\t\t\t<div class=\"fade-in-block wd-scroll\">\n\t\t\t<div class=\"hover-content wd-more-desc\">\n\t\t\t\t<div class=\"hover-content-inner wd-more-desc-inner\">\n\t\t\t\t\t<p style=\"color: #000000;font-family: 'Helvetica Neue', Helvetica, Roboto, Arial, sans-serif;margin: 0px 0px 20px\">Desfruta de vistas deslumbrantes sobre o Oceano Atl\u00e2ntico at\u00e9 onde a vista alcan\u00e7a, a partir da privacidade das tuas pr\u00f3prias varandas.<\/p>\n<p style=\"color: #000000;font-family: 'Helvetica Neue', Helvetica, Roboto, Arial, sans-serif;margin: 0px 0px 20px\">A Suite Atlantic oferece uma espa\u00e7osa sala de estar com uma fabulosa lareira de madeira verdadeira e uma fant\u00e1stica varanda para apreciar a vista para o mar, enquanto o teu quarto oferece o luxo de uma cama king size, vistas arrebatadoras sobre a costa e uma varanda privada com vista para o oceano. A tua casa de banho inclui um chuveiro, WC e bid\u00e9, frigor\u00edfico e comodidades para preparar ch\u00e1 e caf\u00e9.<\/p>\t\t\t\t<\/div>\n\t\t\t\t<a href=\"#\" rel=\"nofollow\" class=\"wd-more-desc-btn\" aria-label=\"Read more description\"><\/a>\n\t\t\t<\/div>\n\t\t\t<div class=\" wd-bottom-actions\">\n\t\t\t\t<div class=\"wrap-wishlist-button\"><\/div>\n\t\t\t\t<div class=\"wd-add-btn wd-add-btn-replace\">\n\t\t\t\t\t<a href=\"https:\/\/guidetotheazores.pt\/pt-pt\/produto\/suite-atlantic\/\" aria-describedby=\"woocommerce_loop_add_to_cart_link_describedby_16000\" data-quantity=\"1\" class=\"button product_type_phive_booking add_to_cart_button add-to-cart-loop\" data-product_id=\"16000\" data-product_sku=\"\" aria-label=\"Leia mais sobre &ldquo;Suite Atlantic&rdquo;\" rel=\"nofollow\"><span>Reservar Agora<\/span><\/a>\t<span id=\"woocommerce_loop_add_to_cart_link_describedby_16000\" class=\"screen-reader-text\">\n\t\t\t<\/span>\n\t\t\t\t\t\t\t\t\t\t\t\t\t\t\t\t\t\t\t\t<\/div>\n\t\t\t\t<div class=\"wrap-quickview-button\">\t\t<div class=\"quick-view wd-action-btn wd-style-icon wd-quick-view-icon\">\n\t\t\t<a\n\t\t\t\thref=\"https:\/\/guidetotheazores.pt\/pt-pt\/produto\/suite-atlantic\/\"\n\t\t\t\tclass=\"open-quick-view quick-view-button\"\n\t\t\t\trel=\"nofollow\"\n\t\t\t\tdata-id=\"16000\"\n\t\t\t\t>Quick view<\/a>\n\t\t<\/div>\n\t\t<\/div>\n\t\t\t<\/div>\n\n\t\t\t\t\t\t\n\t\t\t\t\t<\/div>\n\t<\/div>\n<\/div>\n<\/div>\n<div class=\"wd-product wd-hover-base wd-hover-with-fade wd-col product-grid-item product product-no-swatches type-product post-15997 status-publish first instock product_cat-alojamento product_cat-alojamento-local-pt-pt product_cat-pico-pt-pt product_cat-todas-as-ilhas product_tag-ilhadopico has-post-thumbnail virtual sold-individually taxable purchasable product-type-phive_booking\" data-loop=\"12\" data-id=\"15997\">\n\t\n\t\n<div class=\"product-wrapper\">\n\t<div class=\"content-product-imagin\"><\/div>\n\t<div class=\"product-element-top wd-quick-shop\">\n\t\t<a href=\"https:\/\/guidetotheazores.pt\/pt-pt\/produto\/suite-miradouro\/\" class=\"product-image-link\" tabindex=\"-1\" aria-label=\"Suite Miradouro\">\n\t\t\t<img decoding=\"async\" width=\"300\" height=\"225\" src=\"https:\/\/guidetotheazores.pt\/wp-content\/uploads\/2024\/03\/Miradouro-da-Papalva-Guide-to-the-Azores-Pico-1-300x225.jpg\" class=\"attachment-woocommerce_thumbnail size-woocommerce_thumbnail\" alt=\"Miradouro da Papalva - Guide to the Azores - Pico\" \/>\t\t<\/a>\n\n\t\t\t\t\t<div class=\"hover-img\">\n\t\t\t\t<img decoding=\"async\" width=\"300\" height=\"225\" src=\"https:\/\/guidetotheazores.pt\/wp-content\/uploads\/2024\/03\/Miradouro-da-Papalva-Guide-to-the-Azores-Pico-1-300x225.png\" class=\"attachment-woocommerce_thumbnail size-woocommerce_thumbnail\" alt=\"Miradouro da Papalva - Guide to the Azores - Pico\" \/>\t\t\t<\/div>\n\t\t\t\n\t\t<div class=\"wrapp-swatches\"><\/div>\n\t<\/div>\n\n\t<div class=\"product-element-bottom product-information\">\n\t\t<h3 class=\"wd-entities-title\"><a href=\"https:\/\/guidetotheazores.pt\/pt-pt\/produto\/suite-miradouro\/\">Suite Miradouro<\/a><\/h3>\t\t\t\t<div class=\"product-rating-price\">\n\t\t\t<div class=\"wrapp-product-price\">\n\t\t\t\t\n\t<span class=\"price\"><span class=\"woocommerce-Price-amount amount\"><bdi><span class=\"woocommerce-Price-currencySymbol\">&euro;<\/span>120.00<\/bdi><\/span>&nbsp;<span class = \"ph-bookings-display-cost-suffix\">From<\/span><\/span>\n        <\/a>\n                            <span class=\"details\">\n                        <a href=\"https:\/\/guidetotheazores.pt\/pt-pt\/partner\/miradouro-da-papalva\/\">Miradouro da Papalva<\/a>                    <\/span>\n            \t\t\t\t\t\t\t<\/div>\n\t\t<\/div>\n\t\t\t\t<div class=\"fade-in-block wd-scroll\">\n\t\t\t<div class=\"hover-content wd-more-desc\">\n\t\t\t\t<div class=\"hover-content-inner wd-more-desc-inner\">\n\t\t\t\t\t<p style=\"color: #000000; font-family: 'Helvetica Neue', Helvetica, Roboto, Arial, sans-serif; margin: 0px 0px 20px;\">A partir do conforto da tua cama *King size ou de duas camas twin, na Suite Miradouro poder\u00e1s desfrutar de vistas deslumbrantes sobre o oceano ao longo da costa at\u00e9 \u00e0 vila das Lajes do Pico.<\/p>\n<p style=\"color: #000000; font-family: 'Helvetica Neue', Helvetica, Roboto, Arial, sans-serif; margin: 0px 0px 20px;\">Inclui uma confort\u00e1vel cama king-size, frigor\u00edfico, comodidades para preparar ch\u00e1 e caf\u00e9, bem como uma secret\u00e1ria para p\u00f4r em dia alguns e-mails.<\/p>\t\t\t\t<\/div>\n\t\t\t\t<a href=\"#\" rel=\"nofollow\" class=\"wd-more-desc-btn\" aria-label=\"Read more description\"><\/a>\n\t\t\t<\/div>\n\t\t\t<div class=\" wd-bottom-actions\">\n\t\t\t\t<div class=\"wrap-wishlist-button\"><\/div>\n\t\t\t\t<div class=\"wd-add-btn wd-add-btn-replace\">\n\t\t\t\t\t<a href=\"https:\/\/guidetotheazores.pt\/pt-pt\/produto\/suite-miradouro\/\" aria-describedby=\"woocommerce_loop_add_to_cart_link_describedby_15997\" data-quantity=\"1\" class=\"button product_type_phive_booking add_to_cart_button add-to-cart-loop\" data-product_id=\"15997\" data-product_sku=\"\" aria-label=\"Leia mais sobre &ldquo;Suite Miradouro&rdquo;\" rel=\"nofollow\"><span>Reservar Agora<\/span><\/a>\t<span id=\"woocommerce_loop_add_to_cart_link_describedby_15997\" class=\"screen-reader-text\">\n\t\t\t<\/span>\n\t\t\t\t\t\t\t\t\t\t\t\t\t\t\t\t\t\t\t\t<\/div>\n\t\t\t\t<div class=\"wrap-quickview-button\">\t\t<div class=\"quick-view wd-action-btn wd-style-icon wd-quick-view-icon\">\n\t\t\t<a\n\t\t\t\thref=\"https:\/\/guidetotheazores.pt\/pt-pt\/produto\/suite-miradouro\/\"\n\t\t\t\tclass=\"open-quick-view quick-view-button\"\n\t\t\t\trel=\"nofollow\"\n\t\t\t\tdata-id=\"15997\"\n\t\t\t\t>Quick view<\/a>\n\t\t<\/div>\n\t\t<\/div>\n\t\t\t<\/div>\n\n\t\t\t\t\t\t\n\t\t\t\t\t<\/div>\n\t<\/div>\n<\/div>\n<\/div>\n<div class=\"wd-product wd-hover-base wd-hover-with-fade wd-col product-grid-item product product-no-swatches type-product post-16001 status-publish instock product_cat-alojamento product_cat-alojamento-local-pt-pt product_cat-pico-pt-pt product_cat-todas-as-ilhas product_tag-ilhadopico has-post-thumbnail virtual sold-individually taxable purchasable product-type-phive_booking\" data-loop=\"13\" data-id=\"16001\">\n\t\n\t\n<div class=\"product-wrapper\">\n\t<div class=\"content-product-imagin\"><\/div>\n\t<div class=\"product-element-top wd-quick-shop\">\n\t\t<a href=\"https:\/\/guidetotheazores.pt\/pt-pt\/produto\/suite-papalva\/\" class=\"product-image-link\" tabindex=\"-1\" aria-label=\"Suite Papalva\">\n\t\t\t<img decoding=\"async\" width=\"300\" height=\"225\" src=\"https:\/\/guidetotheazores.pt\/wp-content\/uploads\/2024\/03\/Miradouro-da-Papalva-Guide-to-the-Azores-Pico-Cover-1-300x225.jpg\" class=\"attachment-woocommerce_thumbnail size-woocommerce_thumbnail\" alt=\"Miradouro da Papalva - Guide to the Azores - Pico\" \/>\t\t<\/a>\n\n\t\t\t\t\t<div class=\"hover-img\">\n\t\t\t\t<img decoding=\"async\" width=\"300\" height=\"225\" src=\"https:\/\/guidetotheazores.pt\/wp-content\/uploads\/2024\/03\/Miradouro-da-Papalva-Guide-to-the-Azores-Pico-300x225.jpg\" class=\"attachment-woocommerce_thumbnail size-woocommerce_thumbnail\" alt=\"Miradouro da Papalva - Guide to the Azores - Pico\" srcset=\"https:\/\/guidetotheazores.pt\/wp-content\/uploads\/2024\/03\/Miradouro-da-Papalva-Guide-to-the-Azores-Pico-300x225.jpg 300w, https:\/\/guidetotheazores.pt\/wp-content\/uploads\/2024\/03\/Miradouro-da-Papalva-Guide-to-the-Azores-Pico-600x450.jpg 600w\" sizes=\"(max-width: 300px) 100vw, 300px\" \/>\t\t\t<\/div>\n\t\t\t\n\t\t<div class=\"wrapp-swatches\"><\/div>\n\t<\/div>\n\n\t<div class=\"product-element-bottom product-information\">\n\t\t<h3 class=\"wd-entities-title\"><a href=\"https:\/\/guidetotheazores.pt\/pt-pt\/produto\/suite-papalva\/\">Suite Papalva<\/a><\/h3>\t\t\t\t<div class=\"product-rating-price\">\n\t\t\t<div class=\"wrapp-product-price\">\n\t\t\t\t\n\t<span class=\"price\"><span class=\"woocommerce-Price-amount amount\"><bdi><span class=\"woocommerce-Price-currencySymbol\">&euro;<\/span>183.00<\/bdi><\/span>&nbsp;<span class = \"ph-bookings-display-cost-suffix\">From<\/span><\/span>\n        <\/a>\n                            <span class=\"details\">\n                        <a href=\"https:\/\/guidetotheazores.pt\/pt-pt\/partner\/miradouro-da-papalva\/\">Miradouro da Papalva<\/a>                    <\/span>\n            \t\t\t\t\t\t\t<\/div>\n\t\t<\/div>\n\t\t\t\t<div class=\"fade-in-block wd-scroll\">\n\t\t\t<div class=\"hover-content wd-more-desc\">\n\t\t\t\t<div class=\"hover-content-inner wd-more-desc-inner\">\n\t\t\t\t\t<p style=\"color: #000000;font-family: 'Helvetica Neue', Helvetica, Roboto, Arial, sans-serif;margin: 0px 0px 20px\">A Suite Papalva \u00e9 a nossa op\u00e7\u00e3o mais espa\u00e7osa e inclui o luxo de uma casa de banho privativa com um sumptuoso jacuzzi de canto, proporcionando a forma perfeita de relaxar ap\u00f3s um dia de aventura a explorar as muitas atrac\u00e7\u00f5es e experi\u00eancias da Ilha do Pico.<\/p>\n<p style=\"color: #000000;font-family: 'Helvetica Neue', Helvetica, Roboto, Arial, sans-serif;margin: 0px 0px 20px\">Uma confort\u00e1vel cama de casal e um agrad\u00e1vel p\u00e1tio exterior privado para relaxar e apreciar a vista do oceano e da bela montanha do Pico.<\/p>\t\t\t\t<\/div>\n\t\t\t\t<a href=\"#\" rel=\"nofollow\" class=\"wd-more-desc-btn\" aria-label=\"Read more description\"><\/a>\n\t\t\t<\/div>\n\t\t\t<div class=\" wd-bottom-actions\">\n\t\t\t\t<div class=\"wrap-wishlist-button\"><\/div>\n\t\t\t\t<div class=\"wd-add-btn wd-add-btn-replace\">\n\t\t\t\t\t<a href=\"https:\/\/guidetotheazores.pt\/pt-pt\/produto\/suite-papalva\/\" aria-describedby=\"woocommerce_loop_add_to_cart_link_describedby_16001\" data-quantity=\"1\" class=\"button product_type_phive_booking add_to_cart_button add-to-cart-loop\" data-product_id=\"16001\" data-product_sku=\"\" aria-label=\"Leia mais sobre &ldquo;Suite Papalva&rdquo;\" rel=\"nofollow\"><span>Reservar Agora<\/span><\/a>\t<span id=\"woocommerce_loop_add_to_cart_link_describedby_16001\" class=\"screen-reader-text\">\n\t\t\t<\/span>\n\t\t\t\t\t\t\t\t\t\t\t\t\t\t\t\t\t\t\t\t<\/div>\n\t\t\t\t<div class=\"wrap-quickview-button\">\t\t<div class=\"quick-view wd-action-btn wd-style-icon wd-quick-view-icon\">\n\t\t\t<a\n\t\t\t\thref=\"https:\/\/guidetotheazores.pt\/pt-pt\/produto\/suite-papalva\/\"\n\t\t\t\tclass=\"open-quick-view quick-view-button\"\n\t\t\t\trel=\"nofollow\"\n\t\t\t\tdata-id=\"16001\"\n\t\t\t\t>Quick view<\/a>\n\t\t<\/div>\n\t\t<\/div>\n\t\t\t<\/div>\n\n\t\t\t\t\t\t\n\t\t\t\t\t<\/div>\n\t<\/div>\n<\/div>\n<\/div>\n<div class=\"wd-product wd-hover-base wd-hover-with-fade wd-col product-grid-item product product-no-swatches type-product post-15996 status-publish instock product_cat-alojamento product_cat-alojamento-local-pt-pt product_cat-pico-pt-pt product_cat-todas-as-ilhas product_tag-ilhadopico has-post-thumbnail virtual sold-individually taxable purchasable product-type-phive_booking\" data-loop=\"14\" data-id=\"15996\">\n\t\n\t\n<div class=\"product-wrapper\">\n\t<div class=\"content-product-imagin\"><\/div>\n\t<div class=\"product-element-top wd-quick-shop\">\n\t\t<a href=\"https:\/\/guidetotheazores.pt\/pt-pt\/produto\/suite-pico\/\" class=\"product-image-link\" tabindex=\"-1\" aria-label=\"Suite Pico\">\n\t\t\t<img decoding=\"async\" width=\"300\" height=\"225\" src=\"https:\/\/guidetotheazores.pt\/wp-content\/uploads\/2024\/03\/Miradouro-da-Papalva-Guide-to-the-Azores-Pico-2-300x225.jpg\" class=\"attachment-woocommerce_thumbnail size-woocommerce_thumbnail\" alt=\"Miradouro da Papalva - Guide to the Azores - Pico\" \/>\t\t<\/a>\n\n\t\t\t\t\t<div class=\"hover-img\">\n\t\t\t\t<img decoding=\"async\" width=\"300\" height=\"225\" src=\"https:\/\/guidetotheazores.pt\/wp-content\/uploads\/2024\/03\/Miradouro-da-Papalva-Guide-to-the-Azores-Pico-2-300x225.png\" class=\"attachment-woocommerce_thumbnail size-woocommerce_thumbnail\" alt=\"Miradouro da Papalva - Guide to the Azores - Pico\" \/>\t\t\t<\/div>\n\t\t\t\n\t\t<div class=\"wrapp-swatches\"><\/div>\n\t<\/div>\n\n\t<div class=\"product-element-bottom product-information\">\n\t\t<h3 class=\"wd-entities-title\"><a href=\"https:\/\/guidetotheazores.pt\/pt-pt\/produto\/suite-pico\/\">Suite Pico<\/a><\/h3>\t\t\t\t<div class=\"product-rating-price\">\n\t\t\t<div class=\"wrapp-product-price\">\n\t\t\t\t\n\t<span class=\"price\"><span class=\"woocommerce-Price-amount amount\"><bdi><span class=\"woocommerce-Price-currencySymbol\">&euro;<\/span>130.00<\/bdi><\/span>&nbsp;<span class = \"ph-bookings-display-cost-suffix\">From<\/span><\/span>\n        <\/a>\n                            <span class=\"details\">\n                        <a href=\"https:\/\/guidetotheazores.pt\/pt-pt\/partner\/miradouro-da-papalva\/\">Miradouro da Papalva<\/a>                    <\/span>\n            \t\t\t\t\t\t\t<\/div>\n\t\t<\/div>\n\t\t\t\t<div class=\"fade-in-block wd-scroll\">\n\t\t\t<div class=\"hover-content wd-more-desc\">\n\t\t\t\t<div class=\"hover-content-inner wd-more-desc-inner\">\n\t\t\t\t\t<p style=\"color: #000000; font-family: 'Helvetica Neue', Helvetica, Roboto, Arial, sans-serif; margin: 0px 0px 20px;\">Com vistas para a majestosa Montanha do Pico e para o Oceano Atl\u00e2ntico, a Suite Pico proporciona aos h\u00f3spedes uma fabulosa vista panor\u00e2mica.<span class=\"Apple-converted-space\"> <\/span><\/p>\n<p style=\"color: #000000; font-family: 'Helvetica Neue', Helvetica, Roboto, Arial, sans-serif; margin: 0px 0px 20px;\">As caracter\u00edsticas incluem uma confort\u00e1vel cama *King size (ou duas individuais) com a conveni\u00eancia de uma luxuosa banheira de hidromassagem, frigor\u00edfico, comodidades para preparar ch\u00e1 e caf\u00e9 e uma mesa de pedra de lava.<\/p>\t\t\t\t<\/div>\n\t\t\t\t<a href=\"#\" rel=\"nofollow\" class=\"wd-more-desc-btn\" aria-label=\"Read more description\"><\/a>\n\t\t\t<\/div>\n\t\t\t<div class=\" wd-bottom-actions\">\n\t\t\t\t<div class=\"wrap-wishlist-button\"><\/div>\n\t\t\t\t<div class=\"wd-add-btn wd-add-btn-replace\">\n\t\t\t\t\t<a href=\"https:\/\/guidetotheazores.pt\/pt-pt\/produto\/suite-pico\/\" aria-describedby=\"woocommerce_loop_add_to_cart_link_describedby_15996\" data-quantity=\"1\" class=\"button product_type_phive_booking add_to_cart_button add-to-cart-loop\" data-product_id=\"15996\" data-product_sku=\"\" aria-label=\"Leia mais sobre &ldquo;Suite Pico&rdquo;\" rel=\"nofollow\"><span>Reservar Agora<\/span><\/a>\t<span id=\"woocommerce_loop_add_to_cart_link_describedby_15996\" class=\"screen-reader-text\">\n\t\t\t<\/span>\n\t\t\t\t\t\t\t\t\t\t\t\t\t\t\t\t\t\t\t\t<\/div>\n\t\t\t\t<div class=\"wrap-quickview-button\">\t\t<div class=\"quick-view wd-action-btn wd-style-icon wd-quick-view-icon\">\n\t\t\t<a\n\t\t\t\thref=\"https:\/\/guidetotheazores.pt\/pt-pt\/produto\/suite-pico\/\"\n\t\t\t\tclass=\"open-quick-view quick-view-button\"\n\t\t\t\trel=\"nofollow\"\n\t\t\t\tdata-id=\"15996\"\n\t\t\t\t>Quick view<\/a>\n\t\t<\/div>\n\t\t<\/div>\n\t\t\t<\/div>\n\n\t\t\t\t\t\t\n\t\t\t\t\t<\/div>\n\t<\/div>\n<\/div>\n<\/div>\n<div class=\"wd-product wd-hover-base wd-hover-with-fade wd-col product-grid-item product has-stars product-no-swatches type-product post-8770 status-publish last instock product_cat-alojamento product_cat-alojamento-local-pt-pt product_cat-faial-pt-pt product_cat-todas-as-ilhas product_tag-ilhadofaial has-post-thumbnail virtual sold-individually taxable purchasable product-type-phive_booking\" data-loop=\"15\" data-id=\"8770\">\n\t\n\t\n<div class=\"product-wrapper\">\n\t<div class=\"content-product-imagin\"><\/div>\n\t<div class=\"product-element-top wd-quick-shop\">\n\t\t<a href=\"https:\/\/guidetotheazores.pt\/pt-pt\/produto\/casa-aguaplano-cottage\/\" class=\"product-image-link\" tabindex=\"-1\" aria-label=\"Casa Aguaplano Casa de campo acolhedora\">\n\t\t\t<img decoding=\"async\" width=\"300\" height=\"225\" src=\"https:\/\/guidetotheazores.pt\/wp-content\/uploads\/2021\/11\/Casa-Aguaplano-Cottage-300x225.jpeg\" class=\"attachment-woocommerce_thumbnail size-woocommerce_thumbnail\" alt=\"Casa de campo Casa Aguaplano\" srcset=\"https:\/\/guidetotheazores.pt\/wp-content\/uploads\/2021\/11\/Casa-Aguaplano-Cottage-300x225.jpeg 300w, https:\/\/guidetotheazores.pt\/wp-content\/uploads\/2021\/11\/Casa-Aguaplano-Cottage-768x576.jpeg 768w, https:\/\/guidetotheazores.pt\/wp-content\/uploads\/2021\/11\/Casa-Aguaplano-Cottage-192x144.jpeg 192w, https:\/\/guidetotheazores.pt\/wp-content\/uploads\/2021\/11\/Casa-Aguaplano-Cottage-384x288.jpeg 384w, https:\/\/guidetotheazores.pt\/wp-content\/uploads\/2021\/11\/Casa-Aguaplano-Cottage-90x67.jpeg 90w, https:\/\/guidetotheazores.pt\/wp-content\/uploads\/2021\/11\/Casa-Aguaplano-Cottage-180x135.jpeg 180w, https:\/\/guidetotheazores.pt\/wp-content\/uploads\/2021\/11\/Casa-Aguaplano-Cottage-561x421.jpeg 561w, https:\/\/guidetotheazores.pt\/wp-content\/uploads\/2021\/11\/Casa-Aguaplano-Cottage-265x199.jpeg 265w, https:\/\/guidetotheazores.pt\/wp-content\/uploads\/2021\/11\/Casa-Aguaplano-Cottage-531x398.jpeg 531w, https:\/\/guidetotheazores.pt\/wp-content\/uploads\/2021\/11\/Casa-Aguaplano-Cottage-364x273.jpeg 364w, https:\/\/guidetotheazores.pt\/wp-content\/uploads\/2021\/11\/Casa-Aguaplano-Cottage-728x546.jpeg 728w, https:\/\/guidetotheazores.pt\/wp-content\/uploads\/2021\/11\/Casa-Aguaplano-Cottage-608x456.jpeg 608w, https:\/\/guidetotheazores.pt\/wp-content\/uploads\/2021\/11\/Casa-Aguaplano-Cottage-758x569.jpeg 758w, https:\/\/guidetotheazores.pt\/wp-content\/uploads\/2021\/11\/Casa-Aguaplano-Cottage-600x450.jpeg 600w, https:\/\/guidetotheazores.pt\/wp-content\/uploads\/2021\/11\/Casa-Aguaplano-Cottage.jpeg 1024w\" sizes=\"(max-width: 300px) 100vw, 300px\" \/>\t\t<\/a>\n\n\t\t\t\t\t<div class=\"hover-img\">\n\t\t\t\t<img decoding=\"async\" width=\"300\" height=\"225\" src=\"https:\/\/guidetotheazores.pt\/wp-content\/uploads\/2021\/11\/Casa-Aguaplano-Eng-300x225.jpg\" class=\"attachment-woocommerce_thumbnail size-woocommerce_thumbnail\" alt=\"Casa Aguaplano - Guide to the Azores - Faial\" srcset=\"https:\/\/guidetotheazores.pt\/wp-content\/uploads\/2021\/11\/Casa-Aguaplano-Eng-300x225.jpg 300w, https:\/\/guidetotheazores.pt\/wp-content\/uploads\/2021\/11\/Casa-Aguaplano-Eng-600x450.jpg 600w\" sizes=\"(max-width: 300px) 100vw, 300px\" \/>\t\t\t<\/div>\n\t\t\t\n\t\t<div class=\"wrapp-swatches\"><\/div>\n\t<\/div>\n\n\t<div class=\"product-element-bottom product-information\">\n\t\t<h3 class=\"wd-entities-title\"><a href=\"https:\/\/guidetotheazores.pt\/pt-pt\/produto\/casa-aguaplano-cottage\/\">Casa Aguaplano Casa de campo acolhedora<\/a><\/h3>\t\t\t\t<div class=\"product-rating-price\">\n\t\t\t<div class=\"wrapp-product-price\">\n\t\t\t\t\n\t<span class=\"price\"><span class=\"woocommerce-Price-amount amount\"><bdi><span class=\"woocommerce-Price-currencySymbol\">&euro;<\/span>70.00<\/bdi><\/span>&nbsp;<span class = \"ph-bookings-display-cost-suffix\">Single\/Double<\/span><\/span>\n        <\/a>\n                            <span class=\"details\">\n                        <a href=\"https:\/\/guidetotheazores.pt\/pt-pt\/partner\/aguaplano\/\">Casa Aguaplano<\/a>                    <\/span>\n            \t\t\t\t\t\t\n\t\t\t\t<div class=\"star-rating\" role=\"img\" aria-label=\"Avalia\u00e7\u00e3o 5.00 de 5\">\n\t\t\t\t\t<span style=\"width:100%\">\n\t\t\tAvalia\u00e7\u00e3o <strong class=\"rating\">5.00<\/strong> de 5\t\t<\/span>\n\t\t\t\t<\/div>\n\n\t\t\n\t\t\t\t\t\t\t<\/div>\n\t\t<\/div>\n\t\t\t\t<div class=\"fade-in-block wd-scroll\">\n\t\t\t<div class=\"hover-content wd-more-desc\">\n\t\t\t\t<div class=\"hover-content-inner wd-more-desc-inner\">\n\t\t\t\t\tAconchegante casa de madeira de 30 m2 perto do Vulc\u00e3o dos Capelinhos com vista para o mar, fabuloso p\u00f4r do sol, p\u00e1tio para churrasco e todas as comodidades. A minutos das piscinas naturais e da Horta. \t\t\t\t<\/div>\n\t\t\t\t<a href=\"#\" rel=\"nofollow\" class=\"wd-more-desc-btn\" aria-label=\"Read more description\"><\/a>\n\t\t\t<\/div>\n\t\t\t<div class=\" wd-bottom-actions\">\n\t\t\t\t<div class=\"wrap-wishlist-button\"><\/div>\n\t\t\t\t<div class=\"wd-add-btn wd-add-btn-replace\">\n\t\t\t\t\t<a href=\"https:\/\/guidetotheazores.pt\/pt-pt\/produto\/casa-aguaplano-cottage\/\" aria-describedby=\"woocommerce_loop_add_to_cart_link_describedby_8770\" data-quantity=\"1\" class=\"button product_type_phive_booking add_to_cart_button add-to-cart-loop\" data-product_id=\"8770\" data-product_sku=\"\" aria-label=\"Leia mais sobre &ldquo;Casa Aguaplano Casa de campo acolhedora&rdquo;\" rel=\"nofollow\"><span>Reservar Agora<\/span><\/a>\t<span id=\"woocommerce_loop_add_to_cart_link_describedby_8770\" class=\"screen-reader-text\">\n\t\t\t<\/span>\n\t\t\t\t\t\t\t\t\t\t\t\t\t\t\t\t\t\t\t\t<\/div>\n\t\t\t\t<div class=\"wrap-quickview-button\">\t\t<div class=\"quick-view wd-action-btn wd-style-icon wd-quick-view-icon\">\n\t\t\t<a\n\t\t\t\thref=\"https:\/\/guidetotheazores.pt\/pt-pt\/produto\/casa-aguaplano-cottage\/\"\n\t\t\t\tclass=\"open-quick-view quick-view-button\"\n\t\t\t\trel=\"nofollow\"\n\t\t\t\tdata-id=\"8770\"\n\t\t\t\t>Quick view<\/a>\n\t\t<\/div>\n\t\t<\/div>\n\t\t\t<\/div>\n\n\t\t\t\t\t\t\n\t\t\t\t\t<\/div>\n\t<\/div>\n<\/div>\n<\/div>\n<div class=\"wd-product wd-hover-base wd-hover-with-fade wd-col product-grid-item product product-no-swatches type-product post-11387 status-publish first instock product_cat-alojamento product_cat-alojamento-local-pt-pt product_cat-faial-pt-pt product_cat-todas-as-ilhas product_tag-ilhadofaial has-post-thumbnail virtual sold-individually taxable purchasable product-type-phive_booking\" data-loop=\"16\" data-id=\"11387\">\n\t\n\t\n<div class=\"product-wrapper\">\n\t<div class=\"content-product-imagin\"><\/div>\n\t<div class=\"product-element-top wd-quick-shop\">\n\t\t<a href=\"https:\/\/guidetotheazores.pt\/pt-pt\/produto\/colina-de-haven\/\" class=\"product-image-link\" tabindex=\"-1\" aria-label=\"Moradia Haven Hill\">\n\t\t\t<img decoding=\"async\" width=\"300\" height=\"225\" src=\"https:\/\/guidetotheazores.pt\/wp-content\/uploads\/2023\/06\/dji_fly_20230404_103648_0_1680604608300_photo_low_quality-1-300x225.jpg\" class=\"attachment-woocommerce_thumbnail size-woocommerce_thumbnail\" alt=\"Alojamento de luxo em Haven Hill\" srcset=\"https:\/\/guidetotheazores.pt\/wp-content\/uploads\/2023\/06\/dji_fly_20230404_103648_0_1680604608300_photo_low_quality-1-300x225.jpg 300w, https:\/\/guidetotheazores.pt\/wp-content\/uploads\/2023\/06\/dji_fly_20230404_103648_0_1680604608300_photo_low_quality-1-192x144.jpg 192w, https:\/\/guidetotheazores.pt\/wp-content\/uploads\/2023\/06\/dji_fly_20230404_103648_0_1680604608300_photo_low_quality-1-384x288.jpg 384w, https:\/\/guidetotheazores.pt\/wp-content\/uploads\/2023\/06\/dji_fly_20230404_103648_0_1680604608300_photo_low_quality-1-90x67.jpg 90w, https:\/\/guidetotheazores.pt\/wp-content\/uploads\/2023\/06\/dji_fly_20230404_103648_0_1680604608300_photo_low_quality-1-180x135.jpg 180w, https:\/\/guidetotheazores.pt\/wp-content\/uploads\/2023\/06\/dji_fly_20230404_103648_0_1680604608300_photo_low_quality-1-561x421.jpg 561w\" sizes=\"(max-width: 300px) 100vw, 300px\" \/>\t\t<\/a>\n\n\t\t\t\t\t<div class=\"hover-img\">\n\t\t\t\t<img decoding=\"async\" width=\"300\" height=\"225\" src=\"https:\/\/guidetotheazores.pt\/wp-content\/uploads\/2023\/06\/dji_fly_20230404_105041_0_1680605441326_photo_low_quality-300x225.jpg\" class=\"attachment-woocommerce_thumbnail size-woocommerce_thumbnail\" alt=\"Alojamento de luxo em Haven Hill\" srcset=\"https:\/\/guidetotheazores.pt\/wp-content\/uploads\/2023\/06\/dji_fly_20230404_105041_0_1680605441326_photo_low_quality-300x225.jpg 300w, https:\/\/guidetotheazores.pt\/wp-content\/uploads\/2023\/06\/dji_fly_20230404_105041_0_1680605441326_photo_low_quality-192x144.jpg 192w, https:\/\/guidetotheazores.pt\/wp-content\/uploads\/2023\/06\/dji_fly_20230404_105041_0_1680605441326_photo_low_quality-384x288.jpg 384w, https:\/\/guidetotheazores.pt\/wp-content\/uploads\/2023\/06\/dji_fly_20230404_105041_0_1680605441326_photo_low_quality-90x67.jpg 90w, https:\/\/guidetotheazores.pt\/wp-content\/uploads\/2023\/06\/dji_fly_20230404_105041_0_1680605441326_photo_low_quality-180x135.jpg 180w, https:\/\/guidetotheazores.pt\/wp-content\/uploads\/2023\/06\/dji_fly_20230404_105041_0_1680605441326_photo_low_quality-561x421.jpg 561w\" sizes=\"(max-width: 300px) 100vw, 300px\" \/>\t\t\t<\/div>\n\t\t\t\n\t\t<div class=\"wrapp-swatches\"><\/div>\n\t<\/div>\n\n\t<div class=\"product-element-bottom product-information\">\n\t\t<h3 class=\"wd-entities-title\"><a href=\"https:\/\/guidetotheazores.pt\/pt-pt\/produto\/colina-de-haven\/\">Moradia Haven Hill<\/a><\/h3>\t\t\t\t<div class=\"product-rating-price\">\n\t\t\t<div class=\"wrapp-product-price\">\n\t\t\t\t\n\t<span class=\"price\"><span class=\"woocommerce-Price-amount amount\"><bdi><span class=\"woocommerce-Price-currencySymbol\">&euro;<\/span>350.00<\/bdi><\/span>&nbsp;<span class = \"ph-bookings-display-cost-suffix\">Whole House<\/span><\/span>\n        <\/a>\n                            <span class=\"details\">\n                        <a href=\"https:\/\/guidetotheazores.pt\/pt-pt\/partner\/haven-hill\/\">Haven Hill<\/a>                    <\/span>\n            \t\t\t\t\t\t\t<\/div>\n\t\t<\/div>\n\t\t\t\t<div class=\"fade-in-block wd-scroll\">\n\t\t\t<div class=\"hover-content wd-more-desc\">\n\t\t\t\t<div class=\"hover-content-inner wd-more-desc-inner\">\n\t\t\t\t\tHaven Hill \u00e9 uma moradia modernamente renovada pela Azores Properties. Situado na Horta, numa propriedade privada de 23.000 m2. Tem v\u00e1rios quartos, piscina, ar condicionado, privacidade e dois terra\u00e7os com uma vista \u00fanica sobre a ba\u00eda da Horta e para a ilha do Pico e S\u00e3o Jorge.\n\nAcomoda at\u00e9 7 pessoas\t\t\t\t<\/div>\n\t\t\t\t<a href=\"#\" rel=\"nofollow\" class=\"wd-more-desc-btn\" aria-label=\"Read more description\"><\/a>\n\t\t\t<\/div>\n\t\t\t<div class=\" wd-bottom-actions\">\n\t\t\t\t<div class=\"wrap-wishlist-button\"><\/div>\n\t\t\t\t<div class=\"wd-add-btn wd-add-btn-replace\">\n\t\t\t\t\t<a href=\"https:\/\/guidetotheazores.pt\/pt-pt\/produto\/colina-de-haven\/\" aria-describedby=\"woocommerce_loop_add_to_cart_link_describedby_11387\" data-quantity=\"1\" class=\"button product_type_phive_booking add_to_cart_button add-to-cart-loop\" data-product_id=\"11387\" data-product_sku=\"\" aria-label=\"Leia mais sobre &ldquo;Moradia Haven Hill&rdquo;\" rel=\"nofollow\"><span>Reservar Agora<\/span><\/a>\t<span id=\"woocommerce_loop_add_to_cart_link_describedby_11387\" class=\"screen-reader-text\">\n\t\t\t<\/span>\n\t\t\t\t\t\t\t\t\t\t\t\t\t\t\t\t\t\t\t\t<\/div>\n\t\t\t\t<div class=\"wrap-quickview-button\">\t\t<div class=\"quick-view wd-action-btn wd-style-icon wd-quick-view-icon\">\n\t\t\t<a\n\t\t\t\thref=\"https:\/\/guidetotheazores.pt\/pt-pt\/produto\/colina-de-haven\/\"\n\t\t\t\tclass=\"open-quick-view quick-view-button\"\n\t\t\t\trel=\"nofollow\"\n\t\t\t\tdata-id=\"11387\"\n\t\t\t\t>Quick view<\/a>\n\t\t<\/div>\n\t\t<\/div>\n\t\t\t<\/div>\n\n\t\t\t\t\t\t\n\t\t\t\t\t<\/div>\n\t<\/div>\n<\/div>\n<\/div>\n<div class=\"wd-product wd-hover-base wd-hover-with-fade wd-col product-grid-item product product-no-swatches type-product post-8781 status-publish instock product_cat-alojamento product_cat-alojamento-local-pt-pt product_cat-faial-pt-pt product_cat-todas-as-ilhas product_tag-ilhadofaial has-post-thumbnail virtual sold-individually taxable purchasable product-type-phive_booking\" data-loop=\"17\" data-id=\"8781\">\n\t\n\t\n<div class=\"product-wrapper\">\n\t<div class=\"content-product-imagin\"><\/div>\n\t<div class=\"product-element-top wd-quick-shop\">\n\t\t<a href=\"https:\/\/guidetotheazores.pt\/pt-pt\/produto\/caravela\/\" class=\"product-image-link\" tabindex=\"-1\" aria-label=\"CARAVELA &#8211; Quarto duplo, casa de banho privativa\">\n\t\t\t<img decoding=\"async\" width=\"300\" height=\"225\" src=\"https:\/\/guidetotheazores.pt\/wp-content\/uploads\/2022\/01\/13-Caravela5ok-1-scaled-300x225.jpg\" class=\"attachment-woocommerce_thumbnail size-woocommerce_thumbnail\" alt=\"\" srcset=\"https:\/\/guidetotheazores.pt\/wp-content\/uploads\/2022\/01\/13-Caravela5ok-1-scaled-300x225.jpg 300w, https:\/\/guidetotheazores.pt\/wp-content\/uploads\/2022\/01\/13-Caravela5ok-1-1024x765.jpg 1024w, https:\/\/guidetotheazores.pt\/wp-content\/uploads\/2022\/01\/13-Caravela5ok-1-768x574.jpg 768w, https:\/\/guidetotheazores.pt\/wp-content\/uploads\/2022\/01\/13-Caravela5ok-1-1536x1147.jpg 1536w, https:\/\/guidetotheazores.pt\/wp-content\/uploads\/2022\/01\/13-Caravela5ok-1-2048x1530.jpg 2048w, https:\/\/guidetotheazores.pt\/wp-content\/uploads\/2022\/01\/13-Caravela5ok-1-192x144.jpg 192w, https:\/\/guidetotheazores.pt\/wp-content\/uploads\/2022\/01\/13-Caravela5ok-1-384x288.jpg 384w, https:\/\/guidetotheazores.pt\/wp-content\/uploads\/2022\/01\/13-Caravela5ok-1-90x67.jpg 90w, https:\/\/guidetotheazores.pt\/wp-content\/uploads\/2022\/01\/13-Caravela5ok-1-180x135.jpg 180w, https:\/\/guidetotheazores.pt\/wp-content\/uploads\/2022\/01\/13-Caravela5ok-1-561x419.jpg 561w, https:\/\/guidetotheazores.pt\/wp-content\/uploads\/2022\/01\/13-Caravela5ok-1-1122x838.jpg 1122w, https:\/\/guidetotheazores.pt\/wp-content\/uploads\/2022\/01\/13-Caravela5ok-1-265x198.jpg 265w, https:\/\/guidetotheazores.pt\/wp-content\/uploads\/2022\/01\/13-Caravela5ok-1-531x397.jpg 531w, https:\/\/guidetotheazores.pt\/wp-content\/uploads\/2022\/01\/13-Caravela5ok-1-364x272.jpg 364w, https:\/\/guidetotheazores.pt\/wp-content\/uploads\/2022\/01\/13-Caravela5ok-1-728x544.jpg 728w, https:\/\/guidetotheazores.pt\/wp-content\/uploads\/2022\/01\/13-Caravela5ok-1-608x454.jpg 608w, https:\/\/guidetotheazores.pt\/wp-content\/uploads\/2022\/01\/13-Caravela5ok-1-758x566.jpg 758w, https:\/\/guidetotheazores.pt\/wp-content\/uploads\/2022\/01\/13-Caravela5ok-1-1152x860.jpg 1152w, https:\/\/guidetotheazores.pt\/wp-content\/uploads\/2022\/01\/13-Caravela5ok-1-313x234.jpg 313w, https:\/\/guidetotheazores.pt\/wp-content\/uploads\/2022\/01\/13-Caravela5ok-1-600x448.jpg 600w\" sizes=\"(max-width: 300px) 100vw, 300px\">\t\t<\/a>\n\n\t\t\t\t\t<div class=\"hover-img\">\n\t\t\t\t<img decoding=\"async\" width=\"300\" height=\"225\" src=\"https:\/\/guidetotheazores.pt\/wp-content\/uploads\/2022\/01\/13-Caravela5ok-1-scaled-300x225.jpg\" class=\"attachment-woocommerce_thumbnail size-woocommerce_thumbnail\" alt=\"\" srcset=\"https:\/\/guidetotheazores.pt\/wp-content\/uploads\/2022\/01\/13-Caravela5ok-1-scaled-300x225.jpg 300w, https:\/\/guidetotheazores.pt\/wp-content\/uploads\/2022\/01\/13-Caravela5ok-1-1024x765.jpg 1024w, https:\/\/guidetotheazores.pt\/wp-content\/uploads\/2022\/01\/13-Caravela5ok-1-768x574.jpg 768w, https:\/\/guidetotheazores.pt\/wp-content\/uploads\/2022\/01\/13-Caravela5ok-1-1536x1147.jpg 1536w, https:\/\/guidetotheazores.pt\/wp-content\/uploads\/2022\/01\/13-Caravela5ok-1-2048x1530.jpg 2048w, https:\/\/guidetotheazores.pt\/wp-content\/uploads\/2022\/01\/13-Caravela5ok-1-192x144.jpg 192w, https:\/\/guidetotheazores.pt\/wp-content\/uploads\/2022\/01\/13-Caravela5ok-1-384x288.jpg 384w, https:\/\/guidetotheazores.pt\/wp-content\/uploads\/2022\/01\/13-Caravela5ok-1-90x67.jpg 90w, https:\/\/guidetotheazores.pt\/wp-content\/uploads\/2022\/01\/13-Caravela5ok-1-180x135.jpg 180w, https:\/\/guidetotheazores.pt\/wp-content\/uploads\/2022\/01\/13-Caravela5ok-1-561x419.jpg 561w, https:\/\/guidetotheazores.pt\/wp-content\/uploads\/2022\/01\/13-Caravela5ok-1-1122x838.jpg 1122w, https:\/\/guidetotheazores.pt\/wp-content\/uploads\/2022\/01\/13-Caravela5ok-1-265x198.jpg 265w, https:\/\/guidetotheazores.pt\/wp-content\/uploads\/2022\/01\/13-Caravela5ok-1-531x397.jpg 531w, https:\/\/guidetotheazores.pt\/wp-content\/uploads\/2022\/01\/13-Caravela5ok-1-364x272.jpg 364w, https:\/\/guidetotheazores.pt\/wp-content\/uploads\/2022\/01\/13-Caravela5ok-1-728x544.jpg 728w, https:\/\/guidetotheazores.pt\/wp-content\/uploads\/2022\/01\/13-Caravela5ok-1-608x454.jpg 608w, https:\/\/guidetotheazores.pt\/wp-content\/uploads\/2022\/01\/13-Caravela5ok-1-758x566.jpg 758w, https:\/\/guidetotheazores.pt\/wp-content\/uploads\/2022\/01\/13-Caravela5ok-1-1152x860.jpg 1152w, https:\/\/guidetotheazores.pt\/wp-content\/uploads\/2022\/01\/13-Caravela5ok-1-313x234.jpg 313w, https:\/\/guidetotheazores.pt\/wp-content\/uploads\/2022\/01\/13-Caravela5ok-1-600x448.jpg 600w\" sizes=\"(max-width: 300px) 100vw, 300px\">\t\t\t<\/div>\n\t\t\t\n\t\t<div class=\"wrapp-swatches\"><\/div>\n\t<\/div>\n\n\t<div class=\"product-element-bottom product-information\">\n\t\t<h3 class=\"wd-entities-title\"><a href=\"https:\/\/guidetotheazores.pt\/pt-pt\/produto\/caravela\/\">CARAVELA &#8211; Quarto duplo, casa de banho privativa<\/a><\/h3>\t\t\t\t<div class=\"product-rating-price\">\n\t\t\t<div class=\"wrapp-product-price\">\n\t\t\t\t\n\t<span class=\"price\"><span class=\"woocommerce-Price-amount amount\"><bdi><span class=\"woocommerce-Price-currencySymbol\">&euro;<\/span>55.00<\/bdi><\/span>&nbsp;<span class = \"ph-bookings-display-cost-suffix\">From<\/span><\/span>\n        <\/a>\n                            <span class=\"details\">\n                        <a href=\"https:\/\/guidetotheazores.pt\/pt-pt\/partner\/casabuonvento\/\">Casa BuonVento &#8211; Alojamento Local<\/a>                    <\/span>\n            \t\t\t\t\t\t\t<\/div>\n\t\t<\/div>\n\t\t\t\t<div class=\"fade-in-block wd-scroll\">\n\t\t\t<div class=\"hover-content wd-more-desc\">\n\t\t\t\t<div class=\"hover-content-inner wd-more-desc-inner\">\n\t\t\t\t\tCARAVELA &#8211; Quarto Duplo \/ Twin\nSegundo andar (sem elevador)\nVista para o p\u00e1tio interior\nCasa de banho privativa\t\t\t\t<\/div>\n\t\t\t\t<a href=\"#\" rel=\"nofollow\" class=\"wd-more-desc-btn\" aria-label=\"Read more description\"><\/a>\n\t\t\t<\/div>\n\t\t\t<div class=\" wd-bottom-actions\">\n\t\t\t\t<div class=\"wrap-wishlist-button\"><\/div>\n\t\t\t\t<div class=\"wd-add-btn wd-add-btn-replace\">\n\t\t\t\t\t<a href=\"https:\/\/guidetotheazores.pt\/pt-pt\/produto\/caravela\/\" aria-describedby=\"woocommerce_loop_add_to_cart_link_describedby_8781\" data-quantity=\"1\" class=\"button product_type_phive_booking add_to_cart_button add-to-cart-loop\" data-product_id=\"8781\" data-product_sku=\"\" aria-label=\"Leia mais sobre &ldquo;CARAVELA - Quarto duplo, casa de banho privativa&rdquo;\" rel=\"nofollow\"><span>Reservar Agora<\/span><\/a>\t<span id=\"woocommerce_loop_add_to_cart_link_describedby_8781\" class=\"screen-reader-text\">\n\t\t\t<\/span>\n\t\t\t\t\t\t\t\t\t\t\t\t\t\t\t\t\t\t\t\t<\/div>\n\t\t\t\t<div class=\"wrap-quickview-button\">\t\t<div class=\"quick-view wd-action-btn wd-style-icon wd-quick-view-icon\">\n\t\t\t<a\n\t\t\t\thref=\"https:\/\/guidetotheazores.pt\/pt-pt\/produto\/caravela\/\"\n\t\t\t\tclass=\"open-quick-view quick-view-button\"\n\t\t\t\trel=\"nofollow\"\n\t\t\t\tdata-id=\"8781\"\n\t\t\t\t>Quick view<\/a>\n\t\t<\/div>\n\t\t<\/div>\n\t\t\t<\/div>\n\n\t\t\t\t\t\t\n\t\t\t\t\t<\/div>\n\t<\/div>\n<\/div>\n<\/div>\n<div class=\"wd-product wd-hover-base wd-hover-with-fade wd-col product-grid-item product product-no-swatches type-product post-10736 status-publish instock product_cat-alojamento product_cat-alojamento-local-pt-pt product_cat-faial-pt-pt product_cat-todas-as-ilhas product_tag-ilhadofaial has-post-thumbnail virtual sold-individually taxable purchasable product-type-phive_booking\" data-loop=\"18\" data-id=\"10736\">\n\t\n\t\n<div class=\"product-wrapper\">\n\t<div class=\"content-product-imagin\"><\/div>\n\t<div class=\"product-element-top wd-quick-shop\">\n\t\t<a href=\"https:\/\/guidetotheazores.pt\/pt-pt\/produto\/casa-aguaplano-suite\/\" class=\"product-image-link\" tabindex=\"-1\" aria-label=\"Casa Aguaplano Suite (Dispon\u00edvel em breve)\">\n\t\t\t<img decoding=\"async\" width=\"300\" height=\"225\" src=\"https:\/\/guidetotheazores.pt\/wp-content\/uploads\/2023\/10\/Casa-Aguaplano-Suite-300x225.jpeg\" class=\"attachment-woocommerce_thumbnail size-woocommerce_thumbnail\" alt=\"\" srcset=\"https:\/\/guidetotheazores.pt\/wp-content\/uploads\/2023\/10\/Casa-Aguaplano-Suite-300x225.jpeg 300w, https:\/\/guidetotheazores.pt\/wp-content\/uploads\/2023\/10\/Casa-Aguaplano-Suite-768x576.jpeg 768w, https:\/\/guidetotheazores.pt\/wp-content\/uploads\/2023\/10\/Casa-Aguaplano-Suite-192x144.jpeg 192w, https:\/\/guidetotheazores.pt\/wp-content\/uploads\/2023\/10\/Casa-Aguaplano-Suite-384x288.jpeg 384w, https:\/\/guidetotheazores.pt\/wp-content\/uploads\/2023\/10\/Casa-Aguaplano-Suite-90x67.jpeg 90w, https:\/\/guidetotheazores.pt\/wp-content\/uploads\/2023\/10\/Casa-Aguaplano-Suite-180x135.jpeg 180w, https:\/\/guidetotheazores.pt\/wp-content\/uploads\/2023\/10\/Casa-Aguaplano-Suite-561x421.jpeg 561w, https:\/\/guidetotheazores.pt\/wp-content\/uploads\/2023\/10\/Casa-Aguaplano-Suite-265x199.jpeg 265w, https:\/\/guidetotheazores.pt\/wp-content\/uploads\/2023\/10\/Casa-Aguaplano-Suite-531x398.jpeg 531w, https:\/\/guidetotheazores.pt\/wp-content\/uploads\/2023\/10\/Casa-Aguaplano-Suite-364x273.jpeg 364w, https:\/\/guidetotheazores.pt\/wp-content\/uploads\/2023\/10\/Casa-Aguaplano-Suite-728x546.jpeg 728w, https:\/\/guidetotheazores.pt\/wp-content\/uploads\/2023\/10\/Casa-Aguaplano-Suite-608x456.jpeg 608w, https:\/\/guidetotheazores.pt\/wp-content\/uploads\/2023\/10\/Casa-Aguaplano-Suite-758x569.jpeg 758w, https:\/\/guidetotheazores.pt\/wp-content\/uploads\/2023\/10\/Casa-Aguaplano-Suite-600x450.jpeg 600w, https:\/\/guidetotheazores.pt\/wp-content\/uploads\/2023\/10\/Casa-Aguaplano-Suite.jpeg 1024w\" sizes=\"(max-width: 300px) 100vw, 300px\">\t\t<\/a>\n\n\t\t\t\t\t<div class=\"hover-img\">\n\t\t\t\t<img decoding=\"async\" width=\"300\" height=\"225\" src=\"https:\/\/guidetotheazores.pt\/wp-content\/uploads\/2021\/11\/IMG_0053-scaled-300x225.jpg\" class=\"attachment-woocommerce_thumbnail size-woocommerce_thumbnail\" alt=\"\" srcset=\"https:\/\/guidetotheazores.pt\/wp-content\/uploads\/2021\/11\/IMG_0053-scaled-300x225.jpg 300w, https:\/\/guidetotheazores.pt\/wp-content\/uploads\/2021\/11\/IMG_0053-1024x768.jpg 1024w, https:\/\/guidetotheazores.pt\/wp-content\/uploads\/2021\/11\/IMG_0053-768x576.jpg 768w, https:\/\/guidetotheazores.pt\/wp-content\/uploads\/2021\/11\/IMG_0053-1536x1152.jpg 1536w, https:\/\/guidetotheazores.pt\/wp-content\/uploads\/2021\/11\/IMG_0053-2048x1536.jpg 2048w, https:\/\/guidetotheazores.pt\/wp-content\/uploads\/2021\/11\/IMG_0053-192x144.jpg 192w, https:\/\/guidetotheazores.pt\/wp-content\/uploads\/2021\/11\/IMG_0053-384x288.jpg 384w, https:\/\/guidetotheazores.pt\/wp-content\/uploads\/2021\/11\/IMG_0053-90x67.jpg 90w, https:\/\/guidetotheazores.pt\/wp-content\/uploads\/2021\/11\/IMG_0053-180x135.jpg 180w, https:\/\/guidetotheazores.pt\/wp-content\/uploads\/2021\/11\/IMG_0053-561x421.jpg 561w, https:\/\/guidetotheazores.pt\/wp-content\/uploads\/2021\/11\/IMG_0053-1122x842.jpg 1122w, https:\/\/guidetotheazores.pt\/wp-content\/uploads\/2021\/11\/IMG_0053-265x199.jpg 265w, https:\/\/guidetotheazores.pt\/wp-content\/uploads\/2021\/11\/IMG_0053-531x398.jpg 531w, https:\/\/guidetotheazores.pt\/wp-content\/uploads\/2021\/11\/IMG_0053-364x273.jpg 364w, https:\/\/guidetotheazores.pt\/wp-content\/uploads\/2021\/11\/IMG_0053-728x546.jpg 728w, https:\/\/guidetotheazores.pt\/wp-content\/uploads\/2021\/11\/IMG_0053-608x456.jpg 608w, https:\/\/guidetotheazores.pt\/wp-content\/uploads\/2021\/11\/IMG_0053-758x569.jpg 758w, https:\/\/guidetotheazores.pt\/wp-content\/uploads\/2021\/11\/IMG_0053-1152x864.jpg 1152w, https:\/\/guidetotheazores.pt\/wp-content\/uploads\/2021\/11\/IMG_0053-313x235.jpg 313w, https:\/\/guidetotheazores.pt\/wp-content\/uploads\/2021\/11\/IMG_0053-600x450.jpg 600w\" sizes=\"(max-width: 300px) 100vw, 300px\">\t\t\t<\/div>\n\t\t\t\n\t\t<div class=\"wrapp-swatches\"><\/div>\n\t<\/div>\n\n\t<div class=\"product-element-bottom product-information\">\n\t\t<h3 class=\"wd-entities-title\"><a href=\"https:\/\/guidetotheazores.pt\/pt-pt\/produto\/casa-aguaplano-suite\/\">Casa Aguaplano Suite (Dispon\u00edvel em breve)<\/a><\/h3>\t\t\t\t<div class=\"product-rating-price\">\n\t\t\t<div class=\"wrapp-product-price\">\n\t\t\t\t\n\t<span class=\"price\"><span class=\"woocommerce-Price-amount amount\"><bdi><span class=\"woocommerce-Price-currencySymbol\">&euro;<\/span>80.00<\/bdi><\/span>&nbsp;<span class = \"ph-bookings-display-cost-suffix\">Double<\/span><\/span>\n        <\/a>\n                            <span class=\"details\">\n                        <a href=\"https:\/\/guidetotheazores.pt\/pt-pt\/partner\/aguaplano\/\">Casa Aguaplano<\/a>                    <\/span>\n            \t\t\t\t\t\t\t<\/div>\n\t\t<\/div>\n\t\t\t\t<div class=\"fade-in-block wd-scroll\">\n\t\t\t<div class=\"hover-content wd-more-desc\">\n\t\t\t\t<div class=\"hover-content-inner wd-more-desc-inner\">\n\t\t\t\t\tDispon\u00edvel em breve!\r\n\r\nAdequada para uma fam\u00edlia ou um grupo de amigos, esta suite de 90 m\u00b2 \u00e9 espa\u00e7osa, com uma grande cozinha, uma acolhedora sala de estar com um fog\u00e3o a lenha e um escrit\u00f3rio com um sof\u00e1 que tamb\u00e9m pode ser utilizado como cama extra. O deck em frente oferece a oportunidade de desfrutar de um p\u00f4r do sol incompar\u00e1vel\r\n\r\nVenha desfrutar do sossego do campo numa das zonas mais verdejantes do Faial, acordando com a vista deslumbrante do oceano e dos in\u00fameros melros cantores.\t\t\t\t<\/div>\n\t\t\t\t<a href=\"#\" rel=\"nofollow\" class=\"wd-more-desc-btn\" aria-label=\"Read more description\"><\/a>\n\t\t\t<\/div>\n\t\t\t<div class=\" wd-bottom-actions\">\n\t\t\t\t<div class=\"wrap-wishlist-button\"><\/div>\n\t\t\t\t<div class=\"wd-add-btn wd-add-btn-replace\">\n\t\t\t\t\t<a href=\"https:\/\/guidetotheazores.pt\/pt-pt\/produto\/casa-aguaplano-suite\/\" aria-describedby=\"woocommerce_loop_add_to_cart_link_describedby_10736\" data-quantity=\"1\" class=\"button product_type_phive_booking add_to_cart_button add-to-cart-loop\" data-product_id=\"10736\" data-product_sku=\"\" aria-label=\"Leia mais sobre &ldquo;Casa Aguaplano Suite (Dispon\u00edvel em breve)&rdquo;\" rel=\"nofollow\"><span>Reservar Agora<\/span><\/a>\t<span id=\"woocommerce_loop_add_to_cart_link_describedby_10736\" class=\"screen-reader-text\">\n\t\t\t<\/span>\n\t\t\t\t\t\t\t\t\t\t\t\t\t\t\t\t\t\t\t\t<\/div>\n\t\t\t\t<div class=\"wrap-quickview-button\">\t\t<div class=\"quick-view wd-action-btn wd-style-icon wd-quick-view-icon\">\n\t\t\t<a\n\t\t\t\thref=\"https:\/\/guidetotheazores.pt\/pt-pt\/produto\/casa-aguaplano-suite\/\"\n\t\t\t\tclass=\"open-quick-view quick-view-button\"\n\t\t\t\trel=\"nofollow\"\n\t\t\t\tdata-id=\"10736\"\n\t\t\t\t>Quick view<\/a>\n\t\t<\/div>\n\t\t<\/div>\n\t\t\t<\/div>\n\n\t\t\t\t\t\t\n\t\t\t\t\t<\/div>\n\t<\/div>\n<\/div>\n<\/div>\n<div class=\"wd-product wd-hover-base wd-hover-with-fade wd-col product-grid-item product product-no-swatches type-product post-8779 status-publish last instock product_cat-alojamento product_cat-alojamento-local-pt-pt product_cat-faial-pt-pt product_cat-todas-as-ilhas product_tag-ilhadofaial has-post-thumbnail virtual sold-individually taxable purchasable product-type-phive_booking\" data-loop=\"19\" data-id=\"8779\">\n\t\n\t\n<div class=\"product-wrapper\">\n\t<div class=\"content-product-imagin\"><\/div>\n\t<div class=\"product-element-top wd-quick-shop\">\n\t\t<a href=\"https:\/\/guidetotheazores.pt\/pt-pt\/produto\/cortador\/\" class=\"product-image-link\" tabindex=\"-1\" aria-label=\"CLIPPER &#8211; Quarto Duplo, Vista Mar, Casa de Banho Partilhada\">\n\t\t\t<img decoding=\"async\" width=\"300\" height=\"225\" src=\"https:\/\/guidetotheazores.pt\/wp-content\/uploads\/2022\/02\/clipper_02-OK-300x225.jpg\" class=\"attachment-woocommerce_thumbnail size-woocommerce_thumbnail\" alt=\"\" srcset=\"https:\/\/guidetotheazores.pt\/wp-content\/uploads\/2022\/02\/clipper_02-OK-300x225.jpg 300w, https:\/\/guidetotheazores.pt\/wp-content\/uploads\/2022\/02\/clipper_02-OK-192x144.jpg 192w, https:\/\/guidetotheazores.pt\/wp-content\/uploads\/2022\/02\/clipper_02-OK-384x288.jpg 384w, https:\/\/guidetotheazores.pt\/wp-content\/uploads\/2022\/02\/clipper_02-OK-90x67.jpg 90w, https:\/\/guidetotheazores.pt\/wp-content\/uploads\/2022\/02\/clipper_02-OK-180x135.jpg 180w, https:\/\/guidetotheazores.pt\/wp-content\/uploads\/2022\/02\/clipper_02-OK-561x421.jpg 561w\" sizes=\"(max-width: 300px) 100vw, 300px\">\t\t<\/a>\n\n\t\t\t\t\t<div class=\"hover-img\">\n\t\t\t\t<img decoding=\"async\" width=\"300\" height=\"225\" src=\"https:\/\/guidetotheazores.pt\/wp-content\/uploads\/2022\/02\/Clipper-04-OK-copia-300x225.jpg\" class=\"attachment-woocommerce_thumbnail size-woocommerce_thumbnail\" alt=\"\" srcset=\"https:\/\/guidetotheazores.pt\/wp-content\/uploads\/2022\/02\/Clipper-04-OK-copia-300x225.jpg 300w, https:\/\/guidetotheazores.pt\/wp-content\/uploads\/2022\/02\/Clipper-04-OK-copia-192x144.jpg 192w, https:\/\/guidetotheazores.pt\/wp-content\/uploads\/2022\/02\/Clipper-04-OK-copia-384x288.jpg 384w, https:\/\/guidetotheazores.pt\/wp-content\/uploads\/2022\/02\/Clipper-04-OK-copia-90x67.jpg 90w, https:\/\/guidetotheazores.pt\/wp-content\/uploads\/2022\/02\/Clipper-04-OK-copia-180x135.jpg 180w, https:\/\/guidetotheazores.pt\/wp-content\/uploads\/2022\/02\/Clipper-04-OK-copia-561x421.jpg 561w\" sizes=\"(max-width: 300px) 100vw, 300px\">\t\t\t<\/div>\n\t\t\t\n\t\t<div class=\"wrapp-swatches\"><\/div>\n\t<\/div>\n\n\t<div class=\"product-element-bottom product-information\">\n\t\t<h3 class=\"wd-entities-title\"><a href=\"https:\/\/guidetotheazores.pt\/pt-pt\/produto\/cortador\/\">CLIPPER &#8211; Quarto Duplo, Vista Mar, Casa de Banho Partilhada<\/a><\/h3>\t\t\t\t<div class=\"product-rating-price\">\n\t\t\t<div class=\"wrapp-product-price\">\n\t\t\t\t\n\t<span class=\"price\"><span class=\"woocommerce-Price-amount amount\"><bdi><span class=\"woocommerce-Price-currencySymbol\">&euro;<\/span>55.00<\/bdi><\/span>&nbsp;<span class = \"ph-bookings-display-cost-suffix\">From<\/span><\/span>\n        <\/a>\n                            <span class=\"details\">\n                        <a href=\"https:\/\/guidetotheazores.pt\/pt-pt\/partner\/casabuonvento\/\">Casa BuonVento &#8211; Alojamento Local<\/a>                    <\/span>\n            \t\t\t\t\t\t\t<\/div>\n\t\t<\/div>\n\t\t\t\t<div class=\"fade-in-block wd-scroll\">\n\t\t\t<div class=\"hover-content wd-more-desc\">\n\t\t\t\t<div class=\"hover-content-inner wd-more-desc-inner\">\n\t\t\t\t\tCLIPPER &#8211; Quarto Duplo \/ Twin\nSegundo andar (sem elevador)\nVista sobre o Pico e o mar\nCasa de banho partilhada apenas com o quarto individual Escuna (mesmo andar)\t\t\t\t<\/div>\n\t\t\t\t<a href=\"#\" rel=\"nofollow\" class=\"wd-more-desc-btn\" aria-label=\"Read more description\"><\/a>\n\t\t\t<\/div>\n\t\t\t<div class=\" wd-bottom-actions\">\n\t\t\t\t<div class=\"wrap-wishlist-button\"><\/div>\n\t\t\t\t<div class=\"wd-add-btn wd-add-btn-replace\">\n\t\t\t\t\t<a href=\"https:\/\/guidetotheazores.pt\/pt-pt\/produto\/cortador\/\" aria-describedby=\"woocommerce_loop_add_to_cart_link_describedby_8779\" data-quantity=\"1\" class=\"button product_type_phive_booking add_to_cart_button add-to-cart-loop\" data-product_id=\"8779\" data-product_sku=\"\" aria-label=\"Leia mais sobre &ldquo;CLIPPER - Quarto Duplo, Vista Mar, Casa de Banho Partilhada&rdquo;\" rel=\"nofollow\"><span>Reservar Agora<\/span><\/a>\t<span id=\"woocommerce_loop_add_to_cart_link_describedby_8779\" class=\"screen-reader-text\">\n\t\t\t<\/span>\n\t\t\t\t\t\t\t\t\t\t\t\t\t\t\t\t\t\t\t\t<\/div>\n\t\t\t\t<div class=\"wrap-quickview-button\">\t\t<div class=\"quick-view wd-action-btn wd-style-icon wd-quick-view-icon\">\n\t\t\t<a\n\t\t\t\thref=\"https:\/\/guidetotheazores.pt\/pt-pt\/produto\/cortador\/\"\n\t\t\t\tclass=\"open-quick-view quick-view-button\"\n\t\t\t\trel=\"nofollow\"\n\t\t\t\tdata-id=\"8779\"\n\t\t\t\t>Quick view<\/a>\n\t\t<\/div>\n\t\t<\/div>\n\t\t\t<\/div>\n\n\t\t\t\t\t\t\n\t\t\t\t\t<\/div>\n\t<\/div>\n<\/div>\n<\/div>\n<div class=\"wd-product wd-hover-base wd-hover-with-fade wd-col product-grid-item product product-no-swatches type-product post-8782 status-publish first instock product_cat-alojamento product_cat-alojamento-local-pt-pt product_cat-faial-pt-pt product_cat-todas-as-ilhas product_tag-ilhadofaial has-post-thumbnail virtual sold-individually taxable purchasable product-type-phive_booking\" data-loop=\"20\" data-id=\"8782\">\n\t\n\t\n<div class=\"product-wrapper\">\n\t<div class=\"content-product-imagin\"><\/div>\n\t<div class=\"product-element-top wd-quick-shop\">\n\t\t<a href=\"https:\/\/guidetotheazores.pt\/pt-pt\/produto\/escuna\/\" class=\"product-image-link\" tabindex=\"-1\" aria-label=\"ESCUNA &#8211; Quarto individual, casa de banho partilhada\">\n\t\t\t<img decoding=\"async\" width=\"300\" height=\"225\" src=\"https:\/\/guidetotheazores.pt\/wp-content\/uploads\/2022\/02\/Escuna-02-OK-copia-300x225.jpg\" class=\"attachment-woocommerce_thumbnail size-woocommerce_thumbnail\" alt=\"\" srcset=\"https:\/\/guidetotheazores.pt\/wp-content\/uploads\/2022\/02\/Escuna-02-OK-copia-300x225.jpg 300w, https:\/\/guidetotheazores.pt\/wp-content\/uploads\/2022\/02\/Escuna-02-OK-copia-192x144.jpg 192w, https:\/\/guidetotheazores.pt\/wp-content\/uploads\/2022\/02\/Escuna-02-OK-copia-384x288.jpg 384w, https:\/\/guidetotheazores.pt\/wp-content\/uploads\/2022\/02\/Escuna-02-OK-copia-90x67.jpg 90w, https:\/\/guidetotheazores.pt\/wp-content\/uploads\/2022\/02\/Escuna-02-OK-copia-180x135.jpg 180w, https:\/\/guidetotheazores.pt\/wp-content\/uploads\/2022\/02\/Escuna-02-OK-copia-561x421.jpg 561w\" sizes=\"(max-width: 300px) 100vw, 300px\">\t\t<\/a>\n\n\t\t\t\t\t<div class=\"hover-img\">\n\t\t\t\t<img decoding=\"async\" width=\"300\" height=\"225\" src=\"https:\/\/guidetotheazores.pt\/wp-content\/uploads\/2022\/02\/Escuna-06-OK-copia-300x225.jpg\" class=\"attachment-woocommerce_thumbnail size-woocommerce_thumbnail\" alt=\"\" srcset=\"https:\/\/guidetotheazores.pt\/wp-content\/uploads\/2022\/02\/Escuna-06-OK-copia-300x225.jpg 300w, https:\/\/guidetotheazores.pt\/wp-content\/uploads\/2022\/02\/Escuna-06-OK-copia-192x144.jpg 192w, https:\/\/guidetotheazores.pt\/wp-content\/uploads\/2022\/02\/Escuna-06-OK-copia-384x288.jpg 384w, https:\/\/guidetotheazores.pt\/wp-content\/uploads\/2022\/02\/Escuna-06-OK-copia-90x67.jpg 90w, https:\/\/guidetotheazores.pt\/wp-content\/uploads\/2022\/02\/Escuna-06-OK-copia-180x135.jpg 180w\" sizes=\"(max-width: 300px) 100vw, 300px\">\t\t\t<\/div>\n\t\t\t\n\t\t<div class=\"wrapp-swatches\"><\/div>\n\t<\/div>\n\n\t<div class=\"product-element-bottom product-information\">\n\t\t<h3 class=\"wd-entities-title\"><a href=\"https:\/\/guidetotheazores.pt\/pt-pt\/produto\/escuna\/\">ESCUNA &#8211; Quarto individual, casa de banho partilhada<\/a><\/h3>\t\t\t\t<div class=\"product-rating-price\">\n\t\t\t<div class=\"wrapp-product-price\">\n\t\t\t\t\n\t<span class=\"price\"><span class=\"woocommerce-Price-amount amount\"><bdi><span class=\"woocommerce-Price-currencySymbol\">&euro;<\/span>35.00<\/bdi><\/span>&nbsp;<span class = \"ph-bookings-display-cost-suffix\">From<\/span><\/span>\n        <\/a>\n                            <span class=\"details\">\n                        <a href=\"https:\/\/guidetotheazores.pt\/pt-pt\/partner\/casabuonvento\/\">Casa BuonVento &#8211; Alojamento Local<\/a>                    <\/span>\n            \t\t\t\t\t\t\t<\/div>\n\t\t<\/div>\n\t\t\t\t<div class=\"fade-in-block wd-scroll\">\n\t\t\t<div class=\"hover-content wd-more-desc\">\n\t\t\t\t<div class=\"hover-content-inner wd-more-desc-inner\">\n\t\t\t\t\tESCUNA &#8211; Quarto individual\nSegundo andar (sem elevador)\nVista para o p\u00e1tio interior\nCasa de banho partilhada apenas com o quarto duplo Clipper (mesmo andar)\t\t\t\t<\/div>\n\t\t\t\t<a href=\"#\" rel=\"nofollow\" class=\"wd-more-desc-btn\" aria-label=\"Read more description\"><\/a>\n\t\t\t<\/div>\n\t\t\t<div class=\" wd-bottom-actions\">\n\t\t\t\t<div class=\"wrap-wishlist-button\"><\/div>\n\t\t\t\t<div class=\"wd-add-btn wd-add-btn-replace\">\n\t\t\t\t\t<a href=\"https:\/\/guidetotheazores.pt\/pt-pt\/produto\/escuna\/\" aria-describedby=\"woocommerce_loop_add_to_cart_link_describedby_8782\" data-quantity=\"1\" class=\"button product_type_phive_booking add_to_cart_button add-to-cart-loop\" data-product_id=\"8782\" data-product_sku=\"\" aria-label=\"Leia mais sobre &ldquo;ESCUNA - Quarto individual, casa de banho partilhada&rdquo;\" rel=\"nofollow\"><span>Reservar Agora<\/span><\/a>\t<span id=\"woocommerce_loop_add_to_cart_link_describedby_8782\" class=\"screen-reader-text\">\n\t\t\t<\/span>\n\t\t\t\t\t\t\t\t\t\t\t\t\t\t\t\t\t\t\t\t<\/div>\n\t\t\t\t<div class=\"wrap-quickview-button\">\t\t<div class=\"quick-view wd-action-btn wd-style-icon wd-quick-view-icon\">\n\t\t\t<a\n\t\t\t\thref=\"https:\/\/guidetotheazores.pt\/pt-pt\/produto\/escuna\/\"\n\t\t\t\tclass=\"open-quick-view quick-view-button\"\n\t\t\t\trel=\"nofollow\"\n\t\t\t\tdata-id=\"8782\"\n\t\t\t\t>Quick view<\/a>\n\t\t<\/div>\n\t\t<\/div>\n\t\t\t<\/div>\n\n\t\t\t\t\t\t\n\t\t\t\t\t<\/div>\n\t<\/div>\n<\/div>\n<\/div>\n<div class=\"wd-product wd-hover-base wd-hover-with-fade wd-col product-grid-item product product-no-swatches type-product post-8824 status-publish instock product_cat-alojamento product_cat-alojamento-local-pt-pt product_cat-faial-pt-pt product_cat-todas-as-ilhas product_tag-ilhadofaial has-post-thumbnail virtual sold-individually taxable purchasable product-type-phive_booking\" data-loop=\"21\" data-id=\"8824\">\n\t\n\t\n<div class=\"product-wrapper\">\n\t<div class=\"content-product-imagin\"><\/div>\n\t<div class=\"product-element-top wd-quick-shop\">\n\t\t<a href=\"https:\/\/guidetotheazores.pt\/pt-pt\/produto\/galeao\/\" class=\"product-image-link\" tabindex=\"-1\" aria-label=\"GALE\u00c3O &#8211; Quarto Duplo Superior, Vista Mar, Casa de banho privativa\">\n\t\t\t<img decoding=\"async\" width=\"300\" height=\"225\" src=\"https:\/\/guidetotheazores.pt\/wp-content\/uploads\/2022\/02\/Galeao-01-OK-copia-300x225.jpg\" class=\"attachment-woocommerce_thumbnail size-woocommerce_thumbnail\" alt=\"\" srcset=\"https:\/\/guidetotheazores.pt\/wp-content\/uploads\/2022\/02\/Galeao-01-OK-copia-300x225.jpg 300w, https:\/\/guidetotheazores.pt\/wp-content\/uploads\/2022\/02\/Galeao-01-OK-copia-192x144.jpg 192w, https:\/\/guidetotheazores.pt\/wp-content\/uploads\/2022\/02\/Galeao-01-OK-copia-384x288.jpg 384w, https:\/\/guidetotheazores.pt\/wp-content\/uploads\/2022\/02\/Galeao-01-OK-copia-90x67.jpg 90w, https:\/\/guidetotheazores.pt\/wp-content\/uploads\/2022\/02\/Galeao-01-OK-copia-180x135.jpg 180w, https:\/\/guidetotheazores.pt\/wp-content\/uploads\/2022\/02\/Galeao-01-OK-copia-561x421.jpg 561w\" sizes=\"(max-width: 300px) 100vw, 300px\">\t\t<\/a>\n\n\t\t\t\t\t<div class=\"hover-img\">\n\t\t\t\t<img decoding=\"async\" width=\"300\" height=\"225\" src=\"https:\/\/guidetotheazores.pt\/wp-content\/uploads\/2022\/02\/Galeao-07-OK-copia-300x225.jpg\" class=\"attachment-woocommerce_thumbnail size-woocommerce_thumbnail\" alt=\"\" srcset=\"https:\/\/guidetotheazores.pt\/wp-content\/uploads\/2022\/02\/Galeao-07-OK-copia-300x225.jpg 300w, https:\/\/guidetotheazores.pt\/wp-content\/uploads\/2022\/02\/Galeao-07-OK-copia-192x144.jpg 192w, https:\/\/guidetotheazores.pt\/wp-content\/uploads\/2022\/02\/Galeao-07-OK-copia-384x288.jpg 384w, https:\/\/guidetotheazores.pt\/wp-content\/uploads\/2022\/02\/Galeao-07-OK-copia-90x67.jpg 90w, https:\/\/guidetotheazores.pt\/wp-content\/uploads\/2022\/02\/Galeao-07-OK-copia-180x135.jpg 180w, https:\/\/guidetotheazores.pt\/wp-content\/uploads\/2022\/02\/Galeao-07-OK-copia-561x421.jpg 561w\" sizes=\"(max-width: 300px) 100vw, 300px\">\t\t\t<\/div>\n\t\t\t\n\t\t<div class=\"wrapp-swatches\"><\/div>\n\t<\/div>\n\n\t<div class=\"product-element-bottom product-information\">\n\t\t<h3 class=\"wd-entities-title\"><a href=\"https:\/\/guidetotheazores.pt\/pt-pt\/produto\/galeao\/\">GALE\u00c3O &#8211; Quarto Duplo Superior, Vista Mar, Casa de banho privativa<\/a><\/h3>\t\t\t\t<div class=\"product-rating-price\">\n\t\t\t<div class=\"wrapp-product-price\">\n\t\t\t\t\n\t<span class=\"price\"><span class=\"woocommerce-Price-amount amount\"><bdi><span class=\"woocommerce-Price-currencySymbol\">&euro;<\/span>65.00<\/bdi><\/span>&nbsp;<span class = \"ph-bookings-display-cost-suffix\">From<\/span><\/span>\n        <\/a>\n                            <span class=\"details\">\n                        <a href=\"https:\/\/guidetotheazores.pt\/pt-pt\/partner\/casabuonvento\/\">Casa BuonVento &#8211; Alojamento Local<\/a>                    <\/span>\n            \t\t\t\t\t\t\t<\/div>\n\t\t<\/div>\n\t\t\t\t<div class=\"fade-in-block wd-scroll\">\n\t\t\t<div class=\"hover-content wd-more-desc\">\n\t\t\t\t<div class=\"hover-content-inner wd-more-desc-inner\">\n\t\t\t\t\tGALE\u00c3O &#8211; Quarto Duplo \/ Twin Superior\nPrimeiro andar (sem elevador)\nVista sobre o Pico e o mar\nCasa de banho privativa\nChaleira no quarto com caf\u00e9 sol\u00favel e saquetas de ch\u00e1\t\t\t\t<\/div>\n\t\t\t\t<a href=\"#\" rel=\"nofollow\" class=\"wd-more-desc-btn\" aria-label=\"Read more description\"><\/a>\n\t\t\t<\/div>\n\t\t\t<div class=\" wd-bottom-actions\">\n\t\t\t\t<div class=\"wrap-wishlist-button\"><\/div>\n\t\t\t\t<div class=\"wd-add-btn wd-add-btn-replace\">\n\t\t\t\t\t<a href=\"https:\/\/guidetotheazores.pt\/pt-pt\/produto\/galeao\/\" aria-describedby=\"woocommerce_loop_add_to_cart_link_describedby_8824\" data-quantity=\"1\" class=\"button product_type_phive_booking add_to_cart_button add-to-cart-loop\" data-product_id=\"8824\" data-product_sku=\"\" aria-label=\"Leia mais sobre &ldquo;GALE\u00c3O - Quarto Duplo Superior, Vista Mar, Casa de banho privativa&rdquo;\" rel=\"nofollow\"><span>Reservar Agora<\/span><\/a>\t<span id=\"woocommerce_loop_add_to_cart_link_describedby_8824\" class=\"screen-reader-text\">\n\t\t\t<\/span>\n\t\t\t\t\t\t\t\t\t\t\t\t\t\t\t\t\t\t\t\t<\/div>\n\t\t\t\t<div class=\"wrap-quickview-button\">\t\t<div class=\"quick-view wd-action-btn wd-style-icon wd-quick-view-icon\">\n\t\t\t<a\n\t\t\t\thref=\"https:\/\/guidetotheazores.pt\/pt-pt\/produto\/galeao\/\"\n\t\t\t\tclass=\"open-quick-view quick-view-button\"\n\t\t\t\trel=\"nofollow\"\n\t\t\t\tdata-id=\"8824\"\n\t\t\t\t>Quick view<\/a>\n\t\t<\/div>\n\t\t<\/div>\n\t\t\t<\/div>\n\n\t\t\t\t\t\t\n\t\t\t\t\t<\/div>\n\t<\/div>\n<\/div>\n<\/div>\n<\/div>\n<\/div><\/div><\/p><h3 style=\"text-align: center;\">\u00a0<\/h3>\t\t\t\t\t\t\t\t<\/div>\n\t\t\t\t<\/div>\n\t\t\t\t\t<\/div>\n\t\t<\/div>\n\t\t\t\t\t<\/div>\n\t\t<\/section>\n\t\t\t\t<section class=\"wd-negative-gap elementor-section elementor-top-section elementor-element elementor-element-a11177b elementor-section-boxed elementor-section-height-default elementor-section-height-default\" data-id=\"a11177b\" data-element_type=\"section\" data-e-type=\"section\">\n\t\t\t\t\t\t<div class=\"elementor-container elementor-column-gap-default\">\n\t\t\t\t\t<div class=\"elementor-column elementor-col-100 elementor-top-column elementor-element elementor-element-85c399e\" data-id=\"85c399e\" data-element_type=\"column\" data-e-type=\"column\">\n\t\t\t<div class=\"elementor-widget-wrap elementor-element-populated\">\n\t\t\t\t\t\t<div class=\"elementor-element elementor-element-92f86b6 color-scheme-inherit text-left elementor-widget elementor-widget-text-editor\" data-id=\"92f86b6\" data-element_type=\"widget\" data-e-type=\"widget\" data-widget_type=\"text-editor.default\">\n\t\t\t\t<div class=\"elementor-widget-container\">\n\t\t\t\t\t\t\t\t\t<h3 style=\"text-align: center;\">Top Activities in the Azores<\/h3><h4 style=\"text-align: center;\">Explore the islands with local skilled guides<\/h4><p style=\"font-size: 14px; background-color: #ffffff;\"><div class=\"woocommerce columns-4 \"><\/div><\/p>\t\t\t\t\t\t\t\t<\/div>\n\t\t\t\t<\/div>\n\t\t\t\t\t<\/div>\n\t\t<\/div>\n\t\t\t\t\t<\/div>\n\t\t<\/section>\n\t\t\t\t<\/div>\n\t\t","protected":false},"excerpt":{"rendered":"<p>Melhores alojamentos locais (Alojamento Local) Desfrute da hospitalidade local Actividades de topo nos A\u00e7ores Explorar as ilhas com guias locais<\/p>\n","protected":false},"author":1,"featured_media":0,"parent":0,"menu_order":0,"comment_status":"closed","ping_status":"closed","template":"g1-template-page-full.php","meta":{"_acf_changed":false,"footnotes":""},"categories":[],"tags":[],"class_list":["post-8617","page","type-page","status-publish","hentry"],"acf":[],"_links":{"self":[{"href":"https:\/\/guidetotheazores.pt\/pt-pt\/wp-json\/wp\/v2\/pages\/8617","targetHints":{"allow":["GET"]}}],"collection":[{"href":"https:\/\/guidetotheazores.pt\/pt-pt\/wp-json\/wp\/v2\/pages"}],"about":[{"href":"https:\/\/guidetotheazores.pt\/pt-pt\/wp-json\/wp\/v2\/types\/page"}],"author":[{"embeddable":true,"href":"https:\/\/guidetotheazores.pt\/pt-pt\/wp-json\/wp\/v2\/users\/1"}],"replies":[{"embeddable":true,"href":"https:\/\/guidetotheazores.pt\/pt-pt\/wp-json\/wp\/v2\/comments?post=8617"}],"version-history":[{"count":0,"href":"https:\/\/guidetotheazores.pt\/pt-pt\/wp-json\/wp\/v2\/pages\/8617\/revisions"}],"wp:attachment":[{"href":"https:\/\/guidetotheazores.pt\/pt-pt\/wp-json\/wp\/v2\/media?parent=8617"}],"wp:term":[{"taxonomy":"category","embeddable":true,"href":"https:\/\/guidetotheazores.pt\/pt-pt\/wp-json\/wp\/v2\/categories?post=8617"},{"taxonomy":"post_tag","embeddable":true,"href":"https:\/\/guidetotheazores.pt\/pt-pt\/wp-json\/wp\/v2\/tags?post=8617"}],"curies":[{"name":"wp","href":"https:\/\/api.w.org\/{rel}","templated":true}]}}